{"id":4650,"date":"2024-07-04T17:14:42","date_gmt":"2024-07-04T22:14:42","guid":{"rendered":"https:\/\/wcms.com.co\/?page_id=4650"},"modified":"2026-04-23T09:19:14","modified_gmt":"2026-04-23T14:19:14","slug":"programa-2023","status":"publish","type":"page","link":"https:\/\/wcms.com.co\/en\/programa-2023\/","title":{"rendered":"Program 2023"},"content":{"rendered":"<div data-elementor-type=\"wp-page\" data-elementor-id=\"4650\" class=\"elementor elementor-4650\" data-elementor-post-type=\"page\">\n\t\t\t\t\t\t<section class=\"elementor-section elementor-top-section elementor-element elementor-element-0049006 elementor-section-full_width elementor-section-height-default elementor-section-height-default\" data-id=\"0049006\" data-element_type=\"section\" data-e-type=\"section\">\n\t\t\t\t\t\t<div class=\"elementor-container elementor-column-gap-default\">\n\t\t\t\t\t<div class=\"elementor-column elementor-col-100 elementor-top-column elementor-element elementor-element-cf66db2\" data-id=\"cf66db2\" data-element_type=\"column\" data-e-type=\"column\">\n\t\t\t<div class=\"elementor-widget-wrap elementor-element-populated\">\n\t\t\t\t\t\t<div class=\"elementor-element elementor-element-b85afce elementor-nav-menu__align-center elementor-widget__width-inherit elementor-nav-menu--dropdown-tablet elementor-nav-menu__text-align-aside elementor-nav-menu--toggle elementor-nav-menu--burger elementor-widget elementor-widget-nav-menu\" data-id=\"b85afce\" data-element_type=\"widget\" data-e-type=\"widget\" data-settings=\"{&quot;layout&quot;:&quot;horizontal&quot;,&quot;submenu_icon&quot;:{&quot;value&quot;:&quot;&lt;i class=\\&quot;fas fa-caret-down\\&quot; aria-hidden=\\&quot;true\\&quot;&gt;&lt;\\\/i&gt;&quot;,&quot;library&quot;:&quot;fa-solid&quot;},&quot;toggle&quot;:&quot;burger&quot;}\" data-widget_type=\"nav-menu.default\">\n\t\t\t\t<div class=\"elementor-widget-container\">\n\t\t\t\t\t\t\t\t<nav aria-label=\"Menu\" class=\"elementor-nav-menu--main elementor-nav-menu__container elementor-nav-menu--layout-horizontal e--pointer-underline e--animation-fade\">\n\t\t\t\t<ul id=\"menu-1-b85afce\" class=\"elementor-nav-menu\"><li class=\"menu-item menu-item-type-post_type menu-item-object-page menu-item-4716\"><a href=\"https:\/\/wcms.com.co\/en\/inicio-2023\/\" class=\"elementor-item\">Home<\/a><\/li>\n<li class=\"menu-item menu-item-type-post_type menu-item-object-page menu-item-4697\"><a href=\"https:\/\/wcms.com.co\/en\/husac-2023\/\" class=\"elementor-item\">HUSAC<\/a><\/li>\n<li class=\"menu-item menu-item-type-post_type menu-item-object-page menu-item-4698\"><a href=\"https:\/\/wcms.com.co\/en\/nosotros-2023\/\" class=\"elementor-item\">About us<\/a><\/li>\n<li class=\"menu-item menu-item-type-post_type menu-item-object-page menu-item-4699\"><a href=\"https:\/\/wcms.com.co\/en\/programa-2023\/\" class=\"elementor-item\">Program<\/a><\/li>\n<li class=\"menu-item menu-item-type-post_type menu-item-object-page menu-item-4700\"><a href=\"https:\/\/wcms.com.co\/en\/postulacion-trabajos-2023\/\" class=\"elementor-item\">Abstracts<\/a><\/li>\n<li class=\"menu-item menu-item-type-post_type menu-item-object-page menu-item-4701\"><a href=\"https:\/\/wcms.com.co\/en\/inscripcion-2023\/\" class=\"elementor-item\"><span class=\"colorTexto\">Registration<\/span><\/a><\/li>\n<li class=\"menu-item menu-item-type-post_type menu-item-object-page menu-item-4702\"><a href=\"https:\/\/wcms.com.co\/en\/wcms-hall-2023\/\" class=\"elementor-item\">WCMS Hall<\/a><\/li>\n<li class=\"menu-item menu-item-type-post_type menu-item-object-page menu-item-has-children menu-item-4703\"><a href=\"https:\/\/wcms.com.co\/en\/ubicacion-2023\/\" class=\"elementor-item\">Location<\/a>\n<ul class=\"sub-menu elementor-nav-menu--dropdown\">\n\t<li class=\"menu-item menu-item-type-post_type menu-item-object-page menu-item-4704\"><a href=\"https:\/\/wcms.com.co\/en\/sede-del-evento-2023\/\" class=\"elementor-sub-item\">Event Venue<\/a><\/li>\n\t<li class=\"menu-item menu-item-type-post_type menu-item-object-page menu-item-4705\"><a href=\"https:\/\/wcms.com.co\/en\/como-llegar-2023\/\" class=\"elementor-sub-item\">How to get there<\/a><\/li>\n\t<li class=\"menu-item menu-item-type-post_type menu-item-object-page menu-item-4706\"><a href=\"https:\/\/wcms.com.co\/en\/hospedaje-2023\/\" class=\"elementor-sub-item\">Hotel Accommodation<\/a><\/li>\n\t<li class=\"menu-item menu-item-type-post_type menu-item-object-page menu-item-4707\"><a href=\"https:\/\/wcms.com.co\/en\/recomendaciones-de-viaje-2023\/\" class=\"elementor-sub-item\">Travel recommendations<\/a><\/li>\n\t<li class=\"menu-item menu-item-type-post_type menu-item-object-page menu-item-4708\"><a href=\"https:\/\/wcms.com.co\/en\/conoce-neiva-huila-colombia-2023\/\" class=\"elementor-sub-item\">Get to know Neiva, Huila, Colombia<\/a><\/li>\n<\/ul>\n<\/li>\n<li class=\"menu-item menu-item-type-post_type menu-item-object-page menu-item-has-children menu-item-4709\"><a href=\"https:\/\/wcms.com.co\/en\/memorias-2023\/\" class=\"elementor-item\">Memories<\/a>\n<ul class=\"sub-menu elementor-nav-menu--dropdown\">\n\t<li class=\"menu-item menu-item-type-post_type menu-item-object-page menu-item-4711\"><a href=\"https:\/\/wcms.com.co\/en\/galeria-2023\/\" class=\"elementor-sub-item\">Gallery<\/a><\/li>\n\t<li class=\"menu-item menu-item-type-post_type menu-item-object-page menu-item-4712\"><a href=\"https:\/\/wcms.com.co\/en\/certificados-2023\/\" class=\"elementor-sub-item\">Certificates<\/a><\/li>\n\t<li class=\"menu-item menu-item-type-post_type menu-item-object-post menu-item-4766\"><a href=\"https:\/\/wcms.com.co\/en\/memorias-2023\/\" class=\"elementor-sub-item\">Memories<\/a><\/li>\n<\/ul>\n<\/li>\n<\/ul>\t\t\t<\/nav>\n\t\t\t\t\t<div class=\"elementor-menu-toggle\" role=\"button\" tabindex=\"0\" aria-label=\"Menu Toggle\" aria-expanded=\"false\">\n\t\t\t<i aria-hidden=\"true\" role=\"presentation\" class=\"elementor-menu-toggle__icon--open eicon-menu-bar\"><\/i><i aria-hidden=\"true\" role=\"presentation\" class=\"elementor-menu-toggle__icon--close eicon-close\"><\/i>\t\t<\/div>\n\t\t\t\t\t<nav class=\"elementor-nav-menu--dropdown elementor-nav-menu__container\" aria-hidden=\"true\">\n\t\t\t\t<ul id=\"menu-2-b85afce\" class=\"elementor-nav-menu\"><li class=\"menu-item menu-item-type-post_type menu-item-object-page menu-item-4716\"><a href=\"https:\/\/wcms.com.co\/en\/inicio-2023\/\" class=\"elementor-item\" tabindex=\"-1\">Home<\/a><\/li>\n<li class=\"menu-item menu-item-type-post_type menu-item-object-page menu-item-4697\"><a href=\"https:\/\/wcms.com.co\/en\/husac-2023\/\" class=\"elementor-item\" tabindex=\"-1\">HUSAC<\/a><\/li>\n<li class=\"menu-item menu-item-type-post_type menu-item-object-page menu-item-4698\"><a href=\"https:\/\/wcms.com.co\/en\/nosotros-2023\/\" class=\"elementor-item\" tabindex=\"-1\">About us<\/a><\/li>\n<li class=\"menu-item menu-item-type-post_type menu-item-object-page menu-item-4699\"><a href=\"https:\/\/wcms.com.co\/en\/programa-2023\/\" class=\"elementor-item\" tabindex=\"-1\">Program<\/a><\/li>\n<li class=\"menu-item menu-item-type-post_type menu-item-object-page menu-item-4700\"><a href=\"https:\/\/wcms.com.co\/en\/postulacion-trabajos-2023\/\" class=\"elementor-item\" tabindex=\"-1\">Abstracts<\/a><\/li>\n<li class=\"menu-item menu-item-type-post_type menu-item-object-page menu-item-4701\"><a href=\"https:\/\/wcms.com.co\/en\/inscripcion-2023\/\" class=\"elementor-item\" tabindex=\"-1\"><span class=\"colorTexto\">Registration<\/span><\/a><\/li>\n<li class=\"menu-item menu-item-type-post_type menu-item-object-page menu-item-4702\"><a href=\"https:\/\/wcms.com.co\/en\/wcms-hall-2023\/\" class=\"elementor-item\" tabindex=\"-1\">WCMS Hall<\/a><\/li>\n<li class=\"menu-item menu-item-type-post_type menu-item-object-page menu-item-has-children menu-item-4703\"><a href=\"https:\/\/wcms.com.co\/en\/ubicacion-2023\/\" class=\"elementor-item\" tabindex=\"-1\">Location<\/a>\n<ul class=\"sub-menu elementor-nav-menu--dropdown\">\n\t<li class=\"menu-item menu-item-type-post_type menu-item-object-page menu-item-4704\"><a href=\"https:\/\/wcms.com.co\/en\/sede-del-evento-2023\/\" class=\"elementor-sub-item\" tabindex=\"-1\">Event Venue<\/a><\/li>\n\t<li class=\"menu-item menu-item-type-post_type menu-item-object-page menu-item-4705\"><a href=\"https:\/\/wcms.com.co\/en\/como-llegar-2023\/\" class=\"elementor-sub-item\" tabindex=\"-1\">How to get there<\/a><\/li>\n\t<li class=\"menu-item menu-item-type-post_type menu-item-object-page menu-item-4706\"><a href=\"https:\/\/wcms.com.co\/en\/hospedaje-2023\/\" class=\"elementor-sub-item\" tabindex=\"-1\">Hotel Accommodation<\/a><\/li>\n\t<li class=\"menu-item menu-item-type-post_type menu-item-object-page menu-item-4707\"><a href=\"https:\/\/wcms.com.co\/en\/recomendaciones-de-viaje-2023\/\" class=\"elementor-sub-item\" tabindex=\"-1\">Travel recommendations<\/a><\/li>\n\t<li class=\"menu-item menu-item-type-post_type menu-item-object-page menu-item-4708\"><a href=\"https:\/\/wcms.com.co\/en\/conoce-neiva-huila-colombia-2023\/\" class=\"elementor-sub-item\" tabindex=\"-1\">Get to know Neiva, Huila, Colombia<\/a><\/li>\n<\/ul>\n<\/li>\n<li class=\"menu-item menu-item-type-post_type menu-item-object-page menu-item-has-children menu-item-4709\"><a href=\"https:\/\/wcms.com.co\/en\/memorias-2023\/\" class=\"elementor-item\" tabindex=\"-1\">Memories<\/a>\n<ul class=\"sub-menu elementor-nav-menu--dropdown\">\n\t<li class=\"menu-item menu-item-type-post_type menu-item-object-page menu-item-4711\"><a href=\"https:\/\/wcms.com.co\/en\/galeria-2023\/\" class=\"elementor-sub-item\" tabindex=\"-1\">Gallery<\/a><\/li>\n\t<li class=\"menu-item menu-item-type-post_type menu-item-object-page menu-item-4712\"><a href=\"https:\/\/wcms.com.co\/en\/certificados-2023\/\" class=\"elementor-sub-item\" tabindex=\"-1\">Certificates<\/a><\/li>\n\t<li class=\"menu-item menu-item-type-post_type menu-item-object-post menu-item-4766\"><a href=\"https:\/\/wcms.com.co\/en\/memorias-2023\/\" class=\"elementor-sub-item\" tabindex=\"-1\">Memories<\/a><\/li>\n<\/ul>\n<\/li>\n<\/ul>\t\t\t<\/nav>\n\t\t\t\t\t\t<\/div>\n\t\t\t\t<\/div>\n\t\t\t\t<div class=\"elementor-element elementor-element-eb62ed3 elementor-widget elementor-widget-spacer\" data-id=\"eb62ed3\" data-element_type=\"widget\" data-e-type=\"widget\" data-widget_type=\"spacer.default\">\n\t\t\t\t<div class=\"elementor-widget-container\">\n\t\t\t\t\t\t\t<div class=\"elementor-spacer\">\n\t\t\t<div class=\"elementor-spacer-inner\"><\/div>\n\t\t<\/div>\n\t\t\t\t\t\t<\/div>\n\t\t\t\t<\/div>\n\t\t\t\t\t<\/div>\n\t\t<\/div>\n\t\t\t\t\t<\/div>\n\t\t<\/section>\n\t\t\t\t<section class=\"elementor-section elementor-top-section elementor-element elementor-element-d618070 elementor-section-boxed elementor-section-height-default elementor-section-height-default\" data-id=\"d618070\" data-element_type=\"section\" data-e-type=\"section\">\n\t\t\t\t\t\t<div class=\"elementor-container elementor-column-gap-default\">\n\t\t\t\t\t<div class=\"elementor-column elementor-col-100 elementor-top-column elementor-element elementor-element-86d4b1f\" data-id=\"86d4b1f\" data-element_type=\"column\" data-e-type=\"column\">\n\t\t\t<div class=\"elementor-widget-wrap elementor-element-populated\">\n\t\t\t\t\t\t<div class=\"elementor-element elementor-element-abd35df elementor-widget elementor-widget-spacer\" data-id=\"abd35df\" data-element_type=\"widget\" data-e-type=\"widget\" data-widget_type=\"spacer.default\">\n\t\t\t\t<div class=\"elementor-widget-container\">\n\t\t\t\t\t\t\t<div class=\"elementor-spacer\">\n\t\t\t<div class=\"elementor-spacer-inner\"><\/div>\n\t\t<\/div>\n\t\t\t\t\t\t<\/div>\n\t\t\t\t<\/div>\n\t\t\t\t<div class=\"elementor-element elementor-element-710f9eb colorTexto elementor-widget elementor-widget-heading\" data-id=\"710f9eb\" data-element_type=\"widget\" data-e-type=\"widget\" data-widget_type=\"heading.default\">\n\t\t\t\t<div class=\"elementor-widget-container\">\n\t\t\t\t\t<h2 class=\"elementor-heading-title elementor-size-default\"><h1 id=\"eventos-versiones-anteriores\" class=\"has-text-align-center\">Program 2023<\/h1><\/h2>\t\t\t\t<\/div>\n\t\t\t\t<\/div>\n\t\t\t\t<div class=\"elementor-element elementor-element-009d75b elementor-widget elementor-widget-spacer\" data-id=\"009d75b\" data-element_type=\"widget\" data-e-type=\"widget\" data-widget_type=\"spacer.default\">\n\t\t\t\t<div class=\"elementor-widget-container\">\n\t\t\t\t\t\t\t<div class=\"elementor-spacer\">\n\t\t\t<div class=\"elementor-spacer-inner\"><\/div>\n\t\t<\/div>\n\t\t\t\t\t\t<\/div>\n\t\t\t\t<\/div>\n\t\t\t\t\t<\/div>\n\t\t<\/div>\n\t\t\t\t\t<\/div>\n\t\t<\/section>\n\t\t\t\t<section class=\"elementor-section elementor-top-section elementor-element elementor-element-b09c375 elementor-section-boxed elementor-section-height-default elementor-section-height-default\" data-id=\"b09c375\" data-element_type=\"section\" data-e-type=\"section\">\n\t\t\t\t\t\t<div class=\"elementor-container elementor-column-gap-default\">\n\t\t\t\t\t<div class=\"elementor-column elementor-col-100 elementor-top-column elementor-element elementor-element-ffaadd5\" data-id=\"ffaadd5\" data-element_type=\"column\" data-e-type=\"column\">\n\t\t\t<div class=\"elementor-widget-wrap elementor-element-populated\">\n\t\t\t\t\t\t<div class=\"elementor-element elementor-element-0ee5468 elementor-widget elementor-widget-text-editor\" data-id=\"0ee5468\" data-element_type=\"widget\" data-e-type=\"widget\" data-widget_type=\"text-editor.default\">\n\t\t\t\t<div class=\"elementor-widget-container\">\n\t\t\t\t\t\t\t\t\t<p><\/p>\n<h1 class=\"wp-block-heading\"><\/h1>\n<h2 class=\"wp-block-heading\"><\/h2>\n<h2 id=\"world-congress-of-medical-simulation\" class=\"wp-block-heading has-text-align-center colorTexto has-nv-text-dark-bg-color has-text-color\">World Congress of Medical Simulation<\/h2>\n<h2>\n\n<\/h2>\n<h3 id=\"new-frontiers-in-medical-simulation\" class=\"wp-block-heading has-text-align-center subtitulo animated fadeIn faster has-nv-text-dark-bg-color has-text-color\">\"New Frontiers in Scientific Education\".<\/h3>\n<h2>\n\n<\/h2>\n<h2 id=\"world-congress-of-medical-simulation\" class=\"wp-block-heading has-text-align-center colorTexto has-nv-text-dark-bg-color has-text-color\">VI International Congress on Research and Innovation<\/h2>\n<h2>\n\n<\/h2>\n<h3 id=\"world-congress-of-medical-simulation\" class=\"wp-block-heading has-text-align-center has-nv-text-dark-bg-color has-text-color\">\"Scope of Artificial Intelligence in Professional Practice.\"<\/h3>\n<h2><\/h2>\n<h1><\/h1>\n<p><\/p>\n<p><\/p>\n<div style=\"height: 53px;\" aria-hidden=\"true\">\u00a0<\/div>\n<p><\/p>\n<p><\/p>\n<h2 class=\"wp-block-heading\">Programming<\/h2>\n<p><\/p>\n<p><\/p>\n<p><style>\n.ect-events-read-more{<br \/>\ndisplay:none !important;<br \/>\n}<\/p>\n<p>.ect-list-post{<br \/>\n\/*min-height: 250px !important;*\/<br \/>\n}<br \/>\n.tribe-delimiter{<br \/>\ndisplay:none;<br \/>\nvisibility: hidden;<br \/>\n}<br \/>\n.ect-event-url{<br \/>\npointer-events: none;<br \/>\ncursor: default;<br \/>\n}<br \/>\n.ect-list-img{<br \/>\npointer-events: none;<br \/>\ncursor: default;<br \/>\n}<br \/>\n.timeline-ev-img{<br \/>\npointer-events: none;<br \/>\ncursor: default;<br \/>\n}<\/p>\n<p>.ect-list-title{<br \/>\ncolor:-webkit-linear-gradient(135deg,#2779ff,#9c4fc5) !important;<br \/>\n}<br \/>\n.tribe-address {<br \/>\ndisplay:none !important;<br \/>\n}<br \/>\n.ev-day {<br \/>\ndisplay:none !important;<br \/>\n}<br \/>\n.ev-mo{<br \/>\ndisplay:none;<br \/>\n}<br \/>\n.ev-yr{<br \/>\ndisplay:none;<br \/>\n}<\/p>\n<p>.ev-time{<br \/>\nfont-size: 1em;<br \/>\n}<br \/>\n.year-placeholder{<br \/>\n    display: inline-block;<br \/>\n    line-height: 34px;<br \/>\n    font-weight: 700;<br \/>\n    font-size: 26px;<br \/>\n    color: #00445e;<br \/>\n    padding: 0px;<br \/>\n    word-break: break-word;<br \/>\n    white-space: unset;<br \/>\n    margin-bottom:-5%px;<br \/>\n}<br \/>\n.tribe-postal-code{<br \/>\ndisplay:none !important;<br \/>\n}<br \/>\n.ect-google {<br \/>\ndisplay:none !important;<br \/>\n}<br \/>\n.tribe-delimiter{<br \/>\ndisplay:none;<br \/>\nvisibility: hidden;<br \/>\n}<br \/>\n.tribe-locality{<br \/>\ndisplay: block;<br \/>\n}<br \/>\n<\/style><\/p>\n<p><\/p>\n<p><\/p>\n<p><style>\n<p>body {<br \/>\n        font-family: 'SofiaPro-Light';<br \/>\n        \/*font-size: 48px;*\/<br \/>\n       \/*margin-right:5%;*\/<br \/>\n       \/*color:#000000;*\/<br \/>\n      }<\/p>\n<p>h4 {<br \/>\nmargin:0;<br \/>\n}<br \/>\n.nv-content-wrap {<br \/>\n\tmargin-top:5%;<br \/>\n}<br \/>\n.espaciado {<br \/>\nmargin-bottom:0%;<br \/>\n}<br \/>\n@media screen and (max-width: 1295px) {<br \/>\nmargin-top:5%;<br \/>\n}<br \/>\n@media screen and (max-width: 960px) {<br \/>\n.nv-content-wrap {<br \/>\n\tmargin-top:5%;<\/p>\n<p>}<\/p>\n<p>@media screen and (max-width: 777px) {<br \/>\n.nv-content-wrap {<br \/>\nmargin-right:10%;<br \/>\nmargin-top:10%;<br \/>\n}<br \/>\n@media screen and (max-width: 615px) {<br \/>\n.nv-content-wrap {<br \/>\n\/*right:5%;*\/<br \/>\nmargin-left:-5%;<br \/>\n}<br \/>\nh2{<br \/>\nfont-size:28px !important;<br \/>\n}<br \/>\n.columna1{<br \/>\nwidth: 30%;<br \/>\n}<br \/>\n.columna2{<br \/>\nwidth: 35%;<br \/>\n}<br \/>\n.columna3{<br \/>\nwidth: 35%;<br \/>\n}<br \/>\n}<\/p>\n<p>.reducido{<br \/>\nbottom:0;<br \/>\n}<\/p>\n<p>@media screen and (max-width: 600px) {<br \/>\n    table.responsivegene {border: 0;}<br \/>\n    table.responsivegene thead {display: none;}<br \/>\n    table.responsivegene tr {margin-bottom: 10px;display: block;border-bottom: 2px solid #ddd;}<br \/>\n    table.responsivegene td {display: block;text-align: right;font-size: 13px;border-bottom: 1px dotted #ccc;}<br \/>\n    table.responsivegene td:last-child { border-bottom: 0;}<br \/>\n    table.responsivegene td:before {content: attr(data-label);float: left;text-transform: uppercase;font-weight: bold;}<br \/>\n  }<\/p>\n<\/style><\/p>\n<p><\/p>\n<p><\/p>\n<p><style>\n#content{<br \/>\n\/*background-color:#010202;\/*<br \/>\ndisplay:none;<br \/>\n}<br \/>\n.nv-single-page-wrap .col {<br \/>\nbackground-color:#010202;<br \/>\n}<br \/>\n<\/style><\/p>\n<section>\n<div style=\"background-color: #010202;\">\u00a0<\/div>\n<\/section>\n<p><\/p>\t\t\t\t\t\t\t\t<\/div>\n\t\t\t\t<\/div>\n\t\t\t\t\t<\/div>\n\t\t<\/div>\n\t\t\t\t\t<\/div>\n\t\t<\/section>\n\t\t\t\t<section class=\"elementor-section elementor-top-section elementor-element elementor-element-e6dfb30 elementor-section-boxed elementor-section-height-default elementor-section-height-default\" data-id=\"e6dfb30\" data-element_type=\"section\" data-e-type=\"section\" data-settings=\"{&quot;background_background&quot;:&quot;classic&quot;}\">\n\t\t\t\t\t\t<div class=\"elementor-container elementor-column-gap-default\">\n\t\t\t\t\t<div class=\"elementor-column elementor-col-100 elementor-top-column elementor-element elementor-element-765cea4\" data-id=\"765cea4\" data-element_type=\"column\" data-e-type=\"column\">\n\t\t\t<div class=\"elementor-widget-wrap elementor-element-populated\">\n\t\t\t\t\t\t<div class=\"elementor-element elementor-element-a7dabe6 elementor-widget elementor-widget-html\" data-id=\"a7dabe6\" data-element_type=\"widget\" data-e-type=\"widget\" data-widget_type=\"html.default\">\n\t\t\t\t<div class=\"elementor-widget-container\">\n\t\t\t\t\t<style>\r\n  \/* CODIGO DE LAS PESTA\u00d1AS *\/\r\n  .tabs {\r\n    display: flex;\r\n    justify-content: center;\r\n  }\r\n\r\n  .tab {\r\n    background-color: #ffffff;\r\n    color: #000000;\r\n    padding: 10px 20px;\r\n    cursor: pointer;\r\n  }\r\n\r\n  .tab:hover {\r\n    color: #5E65E3;\r\n  }\r\n\r\n  \/* Estilo para las pesta\u00f1as activas *\/\r\n  .tab.active {\r\n    background-color: #000000;\r\n    color: #ffffff;\r\n  }\r\n\r\n  \/* Estilo para las subpesta\u00f1as activas *\/\r\n  .subtab-content.active .subtab {\r\n    background: #000000;\r\n    color: #ffffff;\r\n  }\r\n\r\n  \/* Estilo para las pesta\u00f1as activas en hover *\/\r\n  .tab.active:hover {\r\n    background-color: #000000;\r\n  }\r\n\r\n  \/* Estilo para las subpesta\u00f1as activas en hover *\/\r\n  .subtab-content.active .subtab:hover {\r\n    background: #000000;\r\n  }\r\n\r\n  .tabs {\r\n    cursor: pointer;\r\n  }\r\n\r\n  .tab-content {\r\n    display: none;\r\n    background-color: #ffffff;\r\n  }\r\n\r\n  .tab-content.active {\r\n    display: block;\r\n    color: #5E65E3;\r\n  }\r\n\r\n  \/* CODIGO DE LAS SUB-PESTA\u00d1AS *\/\r\n  .subtabs {\r\n    display: flex;\r\n    justify-content: center;\r\n    margin-top: 20px;\r\n  }\r\n\r\n  .subtab {\r\n    background: linear-gradient(135deg, #2779ff, #9c4fc5);\r\n    color: #ffffff;\r\n    padding: 10px 20px;\r\n    margin: 0 10px;\r\n    cursor: pointer;\r\n  }\r\n\r\n  .subtab-content {\r\n    display: none;\r\n  }\r\n\r\n  .subtab-content.active {\r\n    display: block;\r\n  }\r\n  \r\n  .btn {\r\n    box-shadow: none !important;\r\n    -webkit-box-shadow: none !important;\r\n  }\r\n\r\n  .btn:hover {\r\n    background: #000000;\r\n    color: #ffffff !important;\r\n    box-shadow: none !important;\r\n    -webkit-box-shadow: none !important;\r\n  }\r\n  \r\n  .btn-active {\r\n    background: #000000;\r\n    color: #ffffff !important;\r\n    box-shadow: none !important;\r\n    -webkit-box-shadow: none !important;\r\n  }\r\n\r\n    \/* Estilo para las pesta\u00f1as activas *\/\r\n  .tab-active {\r\n  background-color: #000000; \/* Cambia el color a rosado *\/\r\n  color: #ffffff;\r\n  }\r\n\r\n\/*EXTRAAAAAAAAAAAAA*\/\r\n.ect-event-content a{\r\n    display:none;\r\n}\r\n.ev-day{\r\n    display:none;\r\n}\r\n.ev-mo{\r\n    display:none;\r\n}\r\n.ev-yr{\r\n    display:none;\r\n}\r\n\r\n\/*.timeline-content a {\r\ncontent: \"Agendar Evento\";\r\n  pointer-events: none;\r\n}*\/\r\n\r\n.ect-events-read-more {\r\n  font-size: 0;\r\n}\r\n\r\n.ect-events-read-more::before {\r\n  content: \"Agendar Evento\";\r\n  font-size: 12px;\r\n}\r\n\r\n.cool-event-timeline{\r\n    margin-left: 300px !important;\r\n}\r\n\r\n<\/style>\r\n\r\n<div class=\"tabs\">\r\n  <div class=\"tab tab-active\" onclick=\"openTab('tab1')\" id=\"principal-tab1\">Wednesday - November 15<\/div>\r\n  <div class=\"tab\" onclick=\"openTab('tab2')\" id=\"principal-tab2\">Thursday - November 16<\/div>\r\n  <div class=\"tab\" onclick=\"openTab('tab3')\" id=\"principal-tab3\">Friday - November 17<\/div>\r\n<\/div>\r\n\r\n<div class=\"tab-content active\" id=\"tab1\">\r\n  <div class=\"subtabs\">\r\n    <div class=\"subtab btn espaciadost btni btn-active\" onclick=\"openSubTab('subtab1')\" id=\"subtab1\">Program: Land of Promise Salon<\/div>\r\n    <div class=\"subtab btn espaciadost btni\" onclick=\"openSubTab('subtab2')\" id=\"subtab2\">Program: River Room<\/div>\r\n  <\/div>\r\n\r\n  <div class=\"subtab-content\" id=\"subtab1-content\">\r\n    <!-- Contenido de subpesta\u00f1a 1 -->\r\n    <!=========Events Timeline Template 2.6.2=========><div id=\"event-timeline-wrapper\" class=\"salon-tierra-de-promision style-2\"><div class=\"cool-event-timeline\"><div class=\"ect-timeline-year\">\n\t\t\t\t\t\t<div class=\"year-placeholder\"><!-- Month \/ Year Headers --><span class='month-year-box'>Nov 2023<\/span><\/div>\n\t\t\t\t\t\t<\/div><div id=\"post-4122\" class=\"ect-timeline-post even ect-simple-event style-2 all\"><div class=\"timeline-dots\"><\/div><div class=\"timeline-content even\"><div class=\"ect-timeline-header\"><a class=\"timeline-ev-img\" href=\"https:\/\/wcms.com.co\/en\/event\/acreditacion\/\"><img src= \"https:\/\/wcms.com.co\/wp-content\/uploads\/2022\/10\/banner-wcms-2022-rectora--1024x256.png\"\/><\/a><div class=\"ect-date-area timeline-view-schedule\"><span class=\"ev-day\">15<\/span>\n\t\t\t\t\t\t\t\t\t<span class=\"ev-mo\">November<\/span>\n\t\t\t\t\t\t\t\t\t<span class=\"ev-yr\">2023<\/span>\n\t\t\t\t\t\t\t\t\t<span class=\"ev-time\"><span class=\"ect-icon\"><i class=\"ect-icon-clock\"><\/i><\/span> 7:00 am - 8:00 am<\/span>\n\t\t\t\t\t\t\t\t\t<\/div><\/div><div class=\"ect-timeline-main-content\"><h2 class=\"content-title\"><a class=\"ect-event-url\" href=\"https:\/\/wcms.com.co\/en\/event\/acreditacion\/\" rel=\"bookmark\">Accreditation<\/a><\/h2><!-- Event Content --><div class=\"ect-event-content\"><\/div><div class=\"timeline-view-venue\"><span class=\"ect-icon\"><i class=\"ect-icon-location\"><\/i><\/span><!-- Event Venue Info -->\n\t\t\t\t\t\t\t<span class=\"ect-venue-details ect-address\">\n\t\t\t\t\t\t\t<div>Lobby \"Jos\u00e9 Eustacio Rivera\" Convention Center,<span class=\"tribe-address\">\n\n\n\n\n\n\n<\/span>\n<\/div><\/span><\/div><\/div><div class=\"ect-timeline-footer\">      <div class=\"ect-lslist-event-detail\">\n        <a href=\"https:\/\/wcms.com.co\/en\/event\/acreditacion\/\" title=\"Accreditation\" rel=\"bookmark\">Find out more<\/a>\n        <\/div><\/div><\/div><\/div><div id=\"post-4068\" class=\"ect-timeline-post even ect-simple-event style-2 all\"><div class=\"timeline-dots\"><\/div><div class=\"timeline-content even\"><div class=\"ect-timeline-header\"><a class=\"timeline-ev-img\" href=\"https:\/\/wcms.com.co\/en\/event\/palabras-de-bienvenida-2\/\"><img src= \"https:\/\/wcms.com.co\/wp-content\/uploads\/2022\/10\/banner-wcms-2022-rectora--1024x256.png\"\/><\/a><div class=\"ect-date-area timeline-view-schedule\"><span class=\"ev-day\">15<\/span>\n\t\t\t\t\t\t\t\t\t<span class=\"ev-mo\">November<\/span>\n\t\t\t\t\t\t\t\t\t<span class=\"ev-yr\">2023<\/span>\n\t\t\t\t\t\t\t\t\t<span class=\"ev-time\"><span class=\"ect-icon\"><i class=\"ect-icon-clock\"><\/i><\/span> 8:00 am - 9:00 am<\/span>\n\t\t\t\t\t\t\t\t\t<\/div><\/div><div class=\"ect-timeline-main-content\"><h2 class=\"content-title\"><a class=\"ect-event-url\" href=\"https:\/\/wcms.com.co\/en\/event\/palabras-de-bienvenida-2\/\" rel=\"bookmark\">Words of welcome<\/a><\/h2><!-- Event Content --><div class=\"ect-event-content\"><\/div><div class=\"timeline-view-venue\"><span class=\"ect-icon\"><i class=\"ect-icon-location\"><\/i><\/span><!-- Event Venue Info -->\n\t\t\t\t\t\t\t<span class=\"ect-venue-details ect-address\">\n\t\t\t\t\t\t\t<div>Tierra de Promisi\u00f3n Hall, Jos\u00e9 Eustasio Rivera Convention Center,<span class=\"tribe-address\">\n\n\n\t<span class=\"tribe-locality\">Neiva<\/span><span class=\"tribe-delimiter\">,<\/span>\n\n\n\t<span class=\"tribe-postal-code\">410001<\/span>\n\n\t<span class=\"tribe-country-name\">Colombia<\/span>\n\n<\/span>\n<\/div><span class=\"ect-google\"><a class=\"tribe-events-gmap\" href=\"https:\/\/maps.google.com\/maps?f=q&#038;source=s_q&#038;hl=en&#038;geocode=&#038;q=Neiva+410001+Colombia\" title=\"Click to view a Google Map\" target=\"_blank\" rel=\"noreferrer noopener\">+ Google Map<\/a><\/span><\/span><\/div><\/div><div class=\"ect-timeline-footer\">      <div class=\"ect-lslist-event-detail\">\n        <a href=\"https:\/\/wcms.com.co\/en\/event\/palabras-de-bienvenida-2\/\" title=\"Words of welcome\" rel=\"bookmark\">Find out more<\/a>\n        <\/div><\/div><\/div><\/div><div id=\"post-4076\" class=\"ect-timeline-post even ect-simple-event style-2 all\"><div class=\"timeline-dots\"><\/div><div class=\"timeline-content even\"><div class=\"ect-timeline-header\"><a class=\"timeline-ev-img\" href=\"https:\/\/wcms.com.co\/en\/event\/avances-de-la-inteligencia-artificial-en-los-cuidados-de-la-salud\/\"><img src= \"https:\/\/wcms.com.co\/wp-content\/uploads\/2023\/10\/Juan-Manuel-Gomez-1024x478.png\"\/><\/a><div class=\"ect-date-area timeline-view-schedule\"><span class=\"ev-day\">15<\/span>\n\t\t\t\t\t\t\t\t\t<span class=\"ev-mo\">November<\/span>\n\t\t\t\t\t\t\t\t\t<span class=\"ev-yr\">2023<\/span>\n\t\t\t\t\t\t\t\t\t<span class=\"ev-time\"><span class=\"ect-icon\"><i class=\"ect-icon-clock\"><\/i><\/span> 9:00 am - 9:40 am<\/span>\n\t\t\t\t\t\t\t\t\t<\/div><\/div><div class=\"ect-timeline-main-content\"><h2 class=\"content-title\"><a class=\"ect-event-url\" href=\"https:\/\/wcms.com.co\/en\/event\/avances-de-la-inteligencia-artificial-en-los-cuidados-de-la-salud\/\" rel=\"bookmark\">Keynote: Advances of artificial intelligence in health care<\/a><\/h2><!-- Event Content --><div class=\"ect-event-content\"><p>Dr. JUAN MANUEL G\u00d3MEZ Hospital San Juan de Dios, Spain<\/p>\n<\/div><div class=\"timeline-view-venue\"><span class=\"ect-icon\"><i class=\"ect-icon-location\"><\/i><\/span><!-- Event Venue Info -->\n\t\t\t\t\t\t\t<span class=\"ect-venue-details ect-address\">\n\t\t\t\t\t\t\t<div>Tierra de Promisi\u00f3n Hall, Jos\u00e9 Eustasio Rivera Convention Center,<span class=\"tribe-address\">\n\n\n\t<span class=\"tribe-locality\">Neiva<\/span><span class=\"tribe-delimiter\">,<\/span>\n\n\n\t<span class=\"tribe-postal-code\">410001<\/span>\n\n\t<span class=\"tribe-country-name\">Colombia<\/span>\n\n<\/span>\n<\/div><span class=\"ect-google\"><a class=\"tribe-events-gmap\" href=\"https:\/\/maps.google.com\/maps?f=q&#038;source=s_q&#038;hl=en&#038;geocode=&#038;q=Neiva+410001+Colombia\" title=\"Click to view a Google Map\" target=\"_blank\" rel=\"noreferrer noopener\">+ Google Map<\/a><\/span><\/span><\/div><\/div><div class=\"ect-timeline-footer\">      <div class=\"ect-lslist-event-detail\">\n        <a href=\"https:\/\/wcms.com.co\/en\/event\/avances-de-la-inteligencia-artificial-en-los-cuidados-de-la-salud\/\" title=\"Keynote: Advances of artificial intelligence in health care\" rel=\"bookmark\">Find out more<\/a>\n        <\/div><\/div><\/div><\/div><div id=\"post-2543\" class=\"ect-timeline-post even ect-simple-event style-2 all\"><div class=\"timeline-dots\"><\/div><div class=\"timeline-content even\"><div class=\"ect-timeline-header\"><a class=\"timeline-ev-img\" href=\"https:\/\/wcms.com.co\/en\/event\/conferencia-inaugural\/\"><img src= \"https:\/\/wcms.com.co\/wp-content\/uploads\/2023\/10\/Eduardo-de-La-Torre-Diaz-1024x478.png\"\/><\/a><div class=\"ect-date-area timeline-view-schedule\"><span class=\"ev-day\">15<\/span>\n\t\t\t\t\t\t\t\t\t<span class=\"ev-mo\">November<\/span>\n\t\t\t\t\t\t\t\t\t<span class=\"ev-yr\">2023<\/span>\n\t\t\t\t\t\t\t\t\t<span class=\"ev-time\"><span class=\"ect-icon\"><i class=\"ect-icon-clock\"><\/i><\/span> 9:40 am - 10:20 am<\/span>\n\t\t\t\t\t\t\t\t\t<\/div><\/div><div class=\"ect-timeline-main-content\"><h2 class=\"content-title\"><a class=\"ect-event-url\" href=\"https:\/\/wcms.com.co\/en\/event\/conferencia-inaugural\/\" rel=\"bookmark\">Keynote: Building Equality in the Information Age: Ethical Projection of Artificial Intelligence as a Mechanism for Breaking the Gender Gap<\/a><\/h2><!-- Event Content --><div class=\"ect-event-content\"><p>EDUARDO DE LA TORRE D\u00cdAZ, Grupo Empresarial Posso, Bogot\u00e1, Colombia<\/p>\n<\/div><div class=\"timeline-view-venue\"><span class=\"ect-icon\"><i class=\"ect-icon-location\"><\/i><\/span><!-- Event Venue Info -->\n\t\t\t\t\t\t\t<span class=\"ect-venue-details ect-address\">\n\t\t\t\t\t\t\t<div>Tierra de Promisi\u00f3n Hall, Jos\u00e9 Eustasio Rivera Convention Center,<span class=\"tribe-address\">\n\n\n\t<span class=\"tribe-locality\">Neiva<\/span><span class=\"tribe-delimiter\">,<\/span>\n\n\n\t<span class=\"tribe-postal-code\">410001<\/span>\n\n\t<span class=\"tribe-country-name\">Colombia<\/span>\n\n<\/span>\n<\/div><span class=\"ect-google\"><a class=\"tribe-events-gmap\" href=\"https:\/\/maps.google.com\/maps?f=q&#038;source=s_q&#038;hl=en&#038;geocode=&#038;q=Neiva+410001+Colombia\" title=\"Click to view a Google Map\" target=\"_blank\" rel=\"noreferrer noopener\">+ Google Map<\/a><\/span><\/span><\/div><\/div><div class=\"ect-timeline-footer\">      <div class=\"ect-lslist-event-detail\">\n        <a href=\"https:\/\/wcms.com.co\/en\/event\/conferencia-inaugural\/\" title=\"Keynote: Building Equality in the Information Age: Ethical Projection of Artificial Intelligence as a Mechanism for Breaking the Gender Gap\" rel=\"bookmark\">Find out more<\/a>\n        <\/div><\/div><\/div><\/div><div id=\"post-4440\" class=\"ect-timeline-post even ect-simple-event style-2 all\"><div class=\"timeline-dots\"><\/div><div class=\"timeline-content even\"><div class=\"ect-timeline-header\"><a class=\"timeline-ev-img\" href=\"https:\/\/wcms.com.co\/en\/event\/receso\/\"><img src= \"https:\/\/wcms.com.co\/wp-content\/uploads\/2022\/10\/banner-wcms-2022-rectora--1024x256.png\"\/><\/a><div class=\"ect-date-area timeline-view-schedule\"><span class=\"ev-day\">15<\/span>\n\t\t\t\t\t\t\t\t\t<span class=\"ev-mo\">November<\/span>\n\t\t\t\t\t\t\t\t\t<span class=\"ev-yr\">2023<\/span>\n\t\t\t\t\t\t\t\t\t<span class=\"ev-time\"><span class=\"ect-icon\"><i class=\"ect-icon-clock\"><\/i><\/span> 10:20 am - 10:40 am<\/span>\n\t\t\t\t\t\t\t\t\t<\/div><\/div><div class=\"ect-timeline-main-content\"><h2 class=\"content-title\"><a class=\"ect-event-url\" href=\"https:\/\/wcms.com.co\/en\/event\/receso\/\" rel=\"bookmark\">Recess<\/a><\/h2><!-- Event Content --><div class=\"ect-event-content\"><p>Recess<\/p>\n<\/div><div class=\"timeline-view-venue\"><span class=\"ect-icon\"><i class=\"ect-icon-location\"><\/i><\/span><!-- Event Venue Info -->\n\t\t\t\t\t\t\t<span class=\"ect-venue-details ect-address\">\n\t\t\t\t\t\t\t<div>Tierra de Promisi\u00f3n Hall, Jos\u00e9 Eustasio Rivera Convention Center,<span class=\"tribe-address\">\n\n\n\t<span class=\"tribe-locality\">Neiva<\/span><span class=\"tribe-delimiter\">,<\/span>\n\n\n\t<span class=\"tribe-postal-code\">410001<\/span>\n\n\t<span class=\"tribe-country-name\">Colombia<\/span>\n\n<\/span>\n<\/div><span class=\"ect-google\"><a class=\"tribe-events-gmap\" href=\"https:\/\/maps.google.com\/maps?f=q&#038;source=s_q&#038;hl=en&#038;geocode=&#038;q=Neiva+410001+Colombia\" title=\"Click to view a Google Map\" target=\"_blank\" rel=\"noreferrer noopener\">+ Google Map<\/a><\/span><\/span><\/div><\/div><div class=\"ect-timeline-footer\">      <div class=\"ect-lslist-event-detail\">\n        <a href=\"https:\/\/wcms.com.co\/en\/event\/receso\/\" title=\"Recess\" rel=\"bookmark\">Find out more<\/a>\n        <\/div><\/div><\/div><\/div><div id=\"post-4481\" class=\"ect-timeline-post even ect-simple-event style-2 all\"><div class=\"timeline-dots\"><\/div><div class=\"timeline-content even\"><div class=\"ect-timeline-header\"><a class=\"timeline-ev-img\" href=\"https:\/\/wcms.com.co\/en\/event\/ponencia-magistral-conceptos-basicos-enfocados-a-etica\/\"><img src= \"https:\/\/wcms.com.co\/wp-content\/uploads\/2022\/10\/banner-wcms-2022-rectora--1024x256.png\"\/><\/a><div class=\"ect-date-area timeline-view-schedule\"><span class=\"ev-day\">15<\/span>\n\t\t\t\t\t\t\t\t\t<span class=\"ev-mo\">November<\/span>\n\t\t\t\t\t\t\t\t\t<span class=\"ev-yr\">2023<\/span>\n\t\t\t\t\t\t\t\t\t<span class=\"ev-time\"><span class=\"ect-icon\"><i class=\"ect-icon-clock\"><\/i><\/span> 10:40 am - 11:20 am<\/span>\n\t\t\t\t\t\t\t\t\t<\/div><\/div><div class=\"ect-timeline-main-content\"><h2 class=\"content-title\"><a class=\"ect-event-url\" href=\"https:\/\/wcms.com.co\/en\/event\/ponencia-magistral-conceptos-basicos-enfocados-a-etica\/\" rel=\"bookmark\">Keynote lecture: Basic concepts focused on ethics<\/a><\/h2><!-- Event Content --><div class=\"ect-event-content\"><p>ANDRES RICO AIpocrates, Bogot\u00e1, Colombia LUIS CARLOS QUINTERO MALO Fundaci\u00f3n Universitaria Navarra - UNINAVARRA, Neiva, Huila, Colombia<\/p>\n<\/div><div class=\"timeline-view-venue\"><span class=\"ect-icon\"><i class=\"ect-icon-location\"><\/i><\/span><!-- Event Venue Info -->\n\t\t\t\t\t\t\t<span class=\"ect-venue-details ect-address\">\n\t\t\t\t\t\t\t<div>Tierra de Promisi\u00f3n Hall, Jos\u00e9 Eustasio Rivera Convention Center,<span class=\"tribe-address\">\n\n\n\t<span class=\"tribe-locality\">Neiva<\/span><span class=\"tribe-delimiter\">,<\/span>\n\n\n\t<span class=\"tribe-postal-code\">410001<\/span>\n\n\t<span class=\"tribe-country-name\">Colombia<\/span>\n\n<\/span>\n<\/div><span class=\"ect-google\"><a class=\"tribe-events-gmap\" href=\"https:\/\/maps.google.com\/maps?f=q&#038;source=s_q&#038;hl=en&#038;geocode=&#038;q=Neiva+410001+Colombia\" title=\"Click to view a Google Map\" target=\"_blank\" rel=\"noreferrer noopener\">+ Google Map<\/a><\/span><\/span><\/div><\/div><div class=\"ect-timeline-footer\">      <div class=\"ect-lslist-event-detail\">\n        <a href=\"https:\/\/wcms.com.co\/en\/event\/ponencia-magistral-conceptos-basicos-enfocados-a-etica\/\" title=\"Keynote lecture: Basic concepts focused on ethics\" rel=\"bookmark\">Find out more<\/a>\n        <\/div><\/div><\/div><\/div><div id=\"post-4206\" class=\"ect-timeline-post even ect-simple-event style-2 all\"><div class=\"timeline-dots\"><\/div><div class=\"timeline-content even\"><div class=\"ect-timeline-header\"><a class=\"timeline-ev-img\" href=\"https:\/\/wcms.com.co\/en\/event\/ponencia-magistral-percepcion-de-la-inteligencia-artificial-una-mirada-desde-el-ambito-universitario-educando-vs-educadores\/\"><img src= \"https:\/\/wcms.com.co\/wp-content\/uploads\/2022\/10\/banner-wcms-2022-rectora--1024x256.png\"\/><\/a><div class=\"ect-date-area timeline-view-schedule\"><span class=\"ev-day\">15<\/span>\n\t\t\t\t\t\t\t\t\t<span class=\"ev-mo\">November<\/span>\n\t\t\t\t\t\t\t\t\t<span class=\"ev-yr\">2023<\/span>\n\t\t\t\t\t\t\t\t\t<span class=\"ev-time\"><span class=\"ect-icon\"><i class=\"ect-icon-clock\"><\/i><\/span> 11:20 am - 12:00 pm<\/span>\n\t\t\t\t\t\t\t\t\t<\/div><\/div><div class=\"ect-timeline-main-content\"><h2 class=\"content-title\"><a class=\"ect-event-url\" href=\"https:\/\/wcms.com.co\/en\/event\/ponencia-magistral-percepcion-de-la-inteligencia-artificial-una-mirada-desde-el-ambito-universitario-educando-vs-educadores\/\" rel=\"bookmark\">Lecture: Perception of artificial intelligence: A view from the university environment educating vs. educators<\/a><\/h2><!-- Event Content --><div class=\"ect-event-content\"><p>MILLER GALINDO DUCUARA, Universidad Surcolombiana, Neiva, Huila Colombia<\/p>\n<\/div><div class=\"timeline-view-venue\"><span class=\"ect-icon\"><i class=\"ect-icon-location\"><\/i><\/span><!-- Event Venue Info -->\n\t\t\t\t\t\t\t<span class=\"ect-venue-details ect-address\">\n\t\t\t\t\t\t\t<div>Tierra de Promisi\u00f3n Hall, Jos\u00e9 Eustasio Rivera Convention Center,<span class=\"tribe-address\">\n\n\n\t<span class=\"tribe-locality\">Neiva<\/span><span class=\"tribe-delimiter\">,<\/span>\n\n\n\t<span class=\"tribe-postal-code\">410001<\/span>\n\n\t<span class=\"tribe-country-name\">Colombia<\/span>\n\n<\/span>\n<\/div><span class=\"ect-google\"><a class=\"tribe-events-gmap\" href=\"https:\/\/maps.google.com\/maps?f=q&#038;source=s_q&#038;hl=en&#038;geocode=&#038;q=Neiva+410001+Colombia\" title=\"Click to view a Google Map\" target=\"_blank\" rel=\"noreferrer noopener\">+ Google Map<\/a><\/span><\/span><\/div><\/div><div class=\"ect-timeline-footer\">      <div class=\"ect-lslist-event-detail\">\n        <a href=\"https:\/\/wcms.com.co\/en\/event\/ponencia-magistral-percepcion-de-la-inteligencia-artificial-una-mirada-desde-el-ambito-universitario-educando-vs-educadores\/\" title=\"Lecture: Perception of artificial intelligence: A view from the university environment educating vs. educators\" rel=\"bookmark\">Find out more<\/a>\n        <\/div><\/div><\/div><\/div><div id=\"post-4442\" class=\"ect-timeline-post even ect-simple-event style-2 all\"><div class=\"timeline-dots\"><\/div><div class=\"timeline-content even\"><div class=\"ect-timeline-header\"><a class=\"timeline-ev-img\" href=\"https:\/\/wcms.com.co\/en\/event\/almuerzo-libre-3\/\"><img src= \"https:\/\/wcms.com.co\/wp-content\/uploads\/2022\/10\/banner-wcms-2022-rectora--1024x256.png\"\/><\/a><div class=\"ect-date-area timeline-view-schedule\"><span class=\"ev-day\">15<\/span>\n\t\t\t\t\t\t\t\t\t<span class=\"ev-mo\">November<\/span>\n\t\t\t\t\t\t\t\t\t<span class=\"ev-yr\">2023<\/span>\n\t\t\t\t\t\t\t\t\t<span class=\"ev-time\"><span class=\"ect-icon\"><i class=\"ect-icon-clock\"><\/i><\/span> 12:00 pm - 2:00 pm<\/span>\n\t\t\t\t\t\t\t\t\t<\/div><\/div><div class=\"ect-timeline-main-content\"><h2 class=\"content-title\"><a class=\"ect-event-url\" href=\"https:\/\/wcms.com.co\/en\/event\/almuerzo-libre-3\/\" rel=\"bookmark\">Lunch break<\/a><\/h2><!-- Event Content --><div class=\"ect-event-content\"><p>Lunch break<\/p>\n<\/div><div class=\"timeline-view-venue\"><span class=\"ect-icon\"><i class=\"ect-icon-location\"><\/i><\/span><!-- Event Venue Info -->\n\t\t\t\t\t\t\t<span class=\"ect-venue-details ect-address\">\n\t\t\t\t\t\t\t<div>Tierra de Promisi\u00f3n Hall, Jos\u00e9 Eustasio Rivera Convention Center,<span class=\"tribe-address\">\n\n\n\t<span class=\"tribe-locality\">Neiva<\/span><span class=\"tribe-delimiter\">,<\/span>\n\n\n\t<span class=\"tribe-postal-code\">410001<\/span>\n\n\t<span class=\"tribe-country-name\">Colombia<\/span>\n\n<\/span>\n<\/div><span class=\"ect-google\"><a class=\"tribe-events-gmap\" href=\"https:\/\/maps.google.com\/maps?f=q&#038;source=s_q&#038;hl=en&#038;geocode=&#038;q=Neiva+410001+Colombia\" title=\"Click to view a Google Map\" target=\"_blank\" rel=\"noreferrer noopener\">+ Google Map<\/a><\/span><\/span><\/div><\/div><div class=\"ect-timeline-footer\">      <div class=\"ect-lslist-event-detail\">\n        <a href=\"https:\/\/wcms.com.co\/en\/event\/almuerzo-libre-3\/\" title=\"Lunch break\" rel=\"bookmark\">Find out more<\/a>\n        <\/div><\/div><\/div><\/div><div id=\"post-4293\" class=\"ect-timeline-post even ect-simple-event style-2 all\"><div class=\"timeline-dots\"><\/div><div class=\"timeline-content even\"><div class=\"ect-timeline-header\"><a class=\"timeline-ev-img\" href=\"https:\/\/wcms.com.co\/en\/event\/ponencia-trabajo-libre-transformando-procesos-de-investigacion-con-inteligencia-artificial-ia-una-mirada-desde-machine-learning-y-los-sistemas-expertos-de-mineria-de-datos\/\"><img src= \"https:\/\/wcms.com.co\/wp-content\/uploads\/2022\/10\/banner-wcms-2022-rectora--1024x256.png\"\/><\/a><div class=\"ect-date-area timeline-view-schedule\"><span class=\"ev-day\">15<\/span>\n\t\t\t\t\t\t\t\t\t<span class=\"ev-mo\">November<\/span>\n\t\t\t\t\t\t\t\t\t<span class=\"ev-yr\">2023<\/span>\n\t\t\t\t\t\t\t\t\t<span class=\"ev-time\"><span class=\"ect-icon\"><i class=\"ect-icon-clock\"><\/i><\/span> 2:40 pm - 3:00 pm<\/span>\n\t\t\t\t\t\t\t\t\t<\/div><\/div><div class=\"ect-timeline-main-content\"><h2 class=\"content-title\"><a class=\"ect-event-url\" href=\"https:\/\/wcms.com.co\/en\/event\/ponencia-trabajo-libre-transformando-procesos-de-investigacion-con-inteligencia-artificial-ia-una-mirada-desde-machine-learning-y-los-sistemas-expertos-de-mineria-de-datos\/\" rel=\"bookmark\">Lecture: Transforming Research Processes with Artificial Intelligence (AI): a view from Machine Learning and Expert Data Mining Systems<\/a><\/h2><!-- Event Content --><div class=\"ect-event-content\"><p>EDINSON OSWALDO DELGADO RIVAS, Navarra University Foundation - UNINAVARRA, Neiva, Huila, Colombia<\/p>\n<\/div><div class=\"timeline-view-venue\"><span class=\"ect-icon\"><i class=\"ect-icon-location\"><\/i><\/span><!-- Event Venue Info -->\n\t\t\t\t\t\t\t<span class=\"ect-venue-details ect-address\">\n\t\t\t\t\t\t\t<div>Tierra de Promisi\u00f3n Hall, Jos\u00e9 Eustasio Rivera Convention Center,<span class=\"tribe-address\">\n\n\n\t<span class=\"tribe-locality\">Neiva<\/span><span class=\"tribe-delimiter\">,<\/span>\n\n\n\t<span class=\"tribe-postal-code\">410001<\/span>\n\n\t<span class=\"tribe-country-name\">Colombia<\/span>\n\n<\/span>\n<\/div><span class=\"ect-google\"><a class=\"tribe-events-gmap\" href=\"https:\/\/maps.google.com\/maps?f=q&#038;source=s_q&#038;hl=en&#038;geocode=&#038;q=Neiva+410001+Colombia\" title=\"Click to view a Google Map\" target=\"_blank\" rel=\"noreferrer noopener\">+ Google Map<\/a><\/span><\/span><\/div><\/div><div class=\"ect-timeline-footer\">      <div class=\"ect-lslist-event-detail\">\n        <a href=\"https:\/\/wcms.com.co\/en\/event\/ponencia-trabajo-libre-transformando-procesos-de-investigacion-con-inteligencia-artificial-ia-una-mirada-desde-machine-learning-y-los-sistemas-expertos-de-mineria-de-datos\/\" title=\"Lecture: Transforming Research Processes with Artificial Intelligence (AI): a view from Machine Learning and Expert Data Mining Systems\" rel=\"bookmark\">Find out more<\/a>\n        <\/div><\/div><\/div><\/div><div id=\"post-4296\" class=\"ect-timeline-post even ect-simple-event style-2 all\"><div class=\"timeline-dots\"><\/div><div class=\"timeline-content even\"><div class=\"ect-timeline-header\"><a class=\"timeline-ev-img\" href=\"https:\/\/wcms.com.co\/en\/event\/ponencia-trabajo-libre-sesgos-en-la-inteligencia-artificial-analisis-y-mitigacion-de-impacto-en-decisiones-automatizadas\/\"><img src= \"https:\/\/wcms.com.co\/wp-content\/uploads\/2022\/10\/banner-wcms-2022-rectora--1024x256.png\"\/><\/a><div class=\"ect-date-area timeline-view-schedule\"><span class=\"ev-day\">15<\/span>\n\t\t\t\t\t\t\t\t\t<span class=\"ev-mo\">November<\/span>\n\t\t\t\t\t\t\t\t\t<span class=\"ev-yr\">2023<\/span>\n\t\t\t\t\t\t\t\t\t<span class=\"ev-time\"><span class=\"ect-icon\"><i class=\"ect-icon-clock\"><\/i><\/span> 3:00 pm - 3:20 pm<\/span>\n\t\t\t\t\t\t\t\t\t<\/div><\/div><div class=\"ect-timeline-main-content\"><h2 class=\"content-title\"><a class=\"ect-event-url\" href=\"https:\/\/wcms.com.co\/en\/event\/ponencia-trabajo-libre-sesgos-en-la-inteligencia-artificial-analisis-y-mitigacion-de-impacto-en-decisiones-automatizadas\/\" rel=\"bookmark\">Lecture: Biases in Artificial Intelligence: Analysis and impact mitigation in automated decisions.<\/a><\/h2><!-- Event Content --><div class=\"ect-event-content\"><p>JEFFERSON TRUJILLO, Fundaci\u00f3n Universitaria Navarra - UNINAVARRA, Neiva, Huila, Colombia<\/p>\n<\/div><div class=\"timeline-view-venue\"><span class=\"ect-icon\"><i class=\"ect-icon-location\"><\/i><\/span><!-- Event Venue Info -->\n\t\t\t\t\t\t\t<span class=\"ect-venue-details ect-address\">\n\t\t\t\t\t\t\t<div>Tierra de Promisi\u00f3n Hall, Jos\u00e9 Eustasio Rivera Convention Center,<span class=\"tribe-address\">\n\n\n\t<span class=\"tribe-locality\">Neiva<\/span><span class=\"tribe-delimiter\">,<\/span>\n\n\n\t<span class=\"tribe-postal-code\">410001<\/span>\n\n\t<span class=\"tribe-country-name\">Colombia<\/span>\n\n<\/span>\n<\/div><span class=\"ect-google\"><a class=\"tribe-events-gmap\" href=\"https:\/\/maps.google.com\/maps?f=q&#038;source=s_q&#038;hl=en&#038;geocode=&#038;q=Neiva+410001+Colombia\" title=\"Click to view a Google Map\" target=\"_blank\" rel=\"noreferrer noopener\">+ Google Map<\/a><\/span><\/span><\/div><\/div><div class=\"ect-timeline-footer\">      <div class=\"ect-lslist-event-detail\">\n        <a href=\"https:\/\/wcms.com.co\/en\/event\/ponencia-trabajo-libre-sesgos-en-la-inteligencia-artificial-analisis-y-mitigacion-de-impacto-en-decisiones-automatizadas\/\" title=\"Lecture: Biases in Artificial Intelligence: Analysis and impact mitigation in automated decisions.\" rel=\"bookmark\">Find out more<\/a>\n        <\/div><\/div><\/div><\/div><div id=\"post-4444\" class=\"ect-timeline-post even ect-simple-event style-2 all\"><div class=\"timeline-dots\"><\/div><div class=\"timeline-content even\"><div class=\"ect-timeline-header\"><a class=\"timeline-ev-img\" href=\"https:\/\/wcms.com.co\/en\/event\/receso-2\/\"><img src= \"https:\/\/wcms.com.co\/wp-content\/uploads\/2022\/10\/banner-wcms-2022-rectora--1024x256.png\"\/><\/a><div class=\"ect-date-area timeline-view-schedule\"><span class=\"ev-day\">15<\/span>\n\t\t\t\t\t\t\t\t\t<span class=\"ev-mo\">November<\/span>\n\t\t\t\t\t\t\t\t\t<span class=\"ev-yr\">2023<\/span>\n\t\t\t\t\t\t\t\t\t<span class=\"ev-time\"><span class=\"ect-icon\"><i class=\"ect-icon-clock\"><\/i><\/span> 3:20 pm - 3:40 pm<\/span>\n\t\t\t\t\t\t\t\t\t<\/div><\/div><div class=\"ect-timeline-main-content\"><h2 class=\"content-title\"><a class=\"ect-event-url\" href=\"https:\/\/wcms.com.co\/en\/event\/receso-2\/\" rel=\"bookmark\">Recess<\/a><\/h2><!-- Event Content --><div class=\"ect-event-content\"><p>Recess<\/p>\n<\/div><div class=\"timeline-view-venue\"><span class=\"ect-icon\"><i class=\"ect-icon-location\"><\/i><\/span><!-- Event Venue Info -->\n\t\t\t\t\t\t\t<span class=\"ect-venue-details ect-address\">\n\t\t\t\t\t\t\t<div>Tierra de Promisi\u00f3n Hall, Jos\u00e9 Eustasio Rivera Convention Center,<span class=\"tribe-address\">\n\n\n\t<span class=\"tribe-locality\">Neiva<\/span><span class=\"tribe-delimiter\">,<\/span>\n\n\n\t<span class=\"tribe-postal-code\">410001<\/span>\n\n\t<span class=\"tribe-country-name\">Colombia<\/span>\n\n<\/span>\n<\/div><span class=\"ect-google\"><a class=\"tribe-events-gmap\" href=\"https:\/\/maps.google.com\/maps?f=q&#038;source=s_q&#038;hl=en&#038;geocode=&#038;q=Neiva+410001+Colombia\" title=\"Click to view a Google Map\" target=\"_blank\" rel=\"noreferrer noopener\">+ Google Map<\/a><\/span><\/span><\/div><\/div><div class=\"ect-timeline-footer\">      <div class=\"ect-lslist-event-detail\">\n        <a href=\"https:\/\/wcms.com.co\/en\/event\/receso-2\/\" title=\"Recess\" rel=\"bookmark\">Find out more<\/a>\n        <\/div><\/div><\/div><\/div><div id=\"post-4081\" class=\"ect-timeline-post even ect-simple-event style-2 all\"><div class=\"timeline-dots\"><\/div><div class=\"timeline-content even\"><div class=\"ect-timeline-header\"><a class=\"timeline-ev-img\" href=\"https:\/\/wcms.com.co\/en\/event\/inteligencia-artificial-y-cuidado-centrado-en-el-paciente-desafios-y-oportunidades-para-enfermeria\/\"><img src= \"https:\/\/wcms.com.co\/wp-content\/uploads\/2023\/10\/Mirliana-Ramirez-Pereira-2-1024x478.png\"\/><\/a><div class=\"ect-date-area timeline-view-schedule\"><span class=\"ev-day\">15<\/span>\n\t\t\t\t\t\t\t\t\t<span class=\"ev-mo\">November<\/span>\n\t\t\t\t\t\t\t\t\t<span class=\"ev-yr\">2023<\/span>\n\t\t\t\t\t\t\t\t\t<span class=\"ev-time\"><span class=\"ect-icon\"><i class=\"ect-icon-clock\"><\/i><\/span> 3:40 pm - 4:20 pm<\/span>\n\t\t\t\t\t\t\t\t\t<\/div><\/div><div class=\"ect-timeline-main-content\"><h2 class=\"content-title\"><a class=\"ect-event-url\" href=\"https:\/\/wcms.com.co\/en\/event\/inteligencia-artificial-y-cuidado-centrado-en-el-paciente-desafios-y-oportunidades-para-enfermeria\/\" rel=\"bookmark\">Keynote: Artificial Intelligence and Patient-Centered Care: challenges and opportunities for Nursing.<\/a><\/h2><!-- Event Content --><div class=\"ect-event-content\"><p>Dr. MIRLIANA RAM\u00cdREZ PEREIRA, Universidad de Chile, Chile<\/p>\n<\/div><div class=\"timeline-view-venue\"><span class=\"ect-icon\"><i class=\"ect-icon-location\"><\/i><\/span><!-- Event Venue Info -->\n\t\t\t\t\t\t\t<span class=\"ect-venue-details ect-address\">\n\t\t\t\t\t\t\t<div>Tierra de Promisi\u00f3n Hall, Jos\u00e9 Eustasio Rivera Convention Center,<span class=\"tribe-address\">\n\n\n\t<span class=\"tribe-locality\">Neiva<\/span><span class=\"tribe-delimiter\">,<\/span>\n\n\n\t<span class=\"tribe-postal-code\">410001<\/span>\n\n\t<span class=\"tribe-country-name\">Colombia<\/span>\n\n<\/span>\n<\/div><span class=\"ect-google\"><a class=\"tribe-events-gmap\" href=\"https:\/\/maps.google.com\/maps?f=q&#038;source=s_q&#038;hl=en&#038;geocode=&#038;q=Neiva+410001+Colombia\" title=\"Click to view a Google Map\" target=\"_blank\" rel=\"noreferrer noopener\">+ Google Map<\/a><\/span><\/span><\/div><\/div><div class=\"ect-timeline-footer\">      <div class=\"ect-lslist-event-detail\">\n        <a href=\"https:\/\/wcms.com.co\/en\/event\/inteligencia-artificial-y-cuidado-centrado-en-el-paciente-desafios-y-oportunidades-para-enfermeria\/\" title=\"Keynote: Artificial Intelligence and Patient-Centered Care: challenges and opportunities for Nursing.\" rel=\"bookmark\">Find out more<\/a>\n        <\/div><\/div><\/div><\/div><div id=\"post-4083\" class=\"ect-timeline-post even ect-simple-event style-2 all\"><div class=\"timeline-dots\"><\/div><div class=\"timeline-content even\"><div class=\"ect-timeline-header\"><a class=\"timeline-ev-img\" href=\"https:\/\/wcms.com.co\/en\/event\/uso-de-inteligencia-artificial-y-automatizacion-en-radioterapia\/\"><img src= \"https:\/\/wcms.com.co\/wp-content\/uploads\/2023\/10\/Rony-Sousa-Costa-2-1024x478.png\"\/><\/a><div class=\"ect-date-area timeline-view-schedule\"><span class=\"ev-day\">15<\/span>\n\t\t\t\t\t\t\t\t\t<span class=\"ev-mo\">November<\/span>\n\t\t\t\t\t\t\t\t\t<span class=\"ev-yr\">2023<\/span>\n\t\t\t\t\t\t\t\t\t<span class=\"ev-time\"><span class=\"ect-icon\"><i class=\"ect-icon-clock\"><\/i><\/span> 4:20 pm - 5:00 pm<\/span>\n\t\t\t\t\t\t\t\t\t<\/div><\/div><div class=\"ect-timeline-main-content\"><h2 class=\"content-title\"><a class=\"ect-event-url\" href=\"https:\/\/wcms.com.co\/en\/event\/uso-de-inteligencia-artificial-y-automatizacion-en-radioterapia\/\" rel=\"bookmark\">Keynote: Use of Artificial Intelligence and Automation in Radiotherapy<\/a><\/h2><!-- Event Content --><div class=\"ect-event-content\"><p>Dr. RONY SOUSA COSTA Oncoclinicas Radioterapias Recife, Brazil<\/p>\n<\/div><div class=\"timeline-view-venue\"><span class=\"ect-icon\"><i class=\"ect-icon-location\"><\/i><\/span><!-- Event Venue Info -->\n\t\t\t\t\t\t\t<span class=\"ect-venue-details ect-address\">\n\t\t\t\t\t\t\t<div>Tierra de Promisi\u00f3n Hall, Jos\u00e9 Eustasio Rivera Convention Center,<span class=\"tribe-address\">\n\n\n\t<span class=\"tribe-locality\">Neiva<\/span><span class=\"tribe-delimiter\">,<\/span>\n\n\n\t<span class=\"tribe-postal-code\">410001<\/span>\n\n\t<span class=\"tribe-country-name\">Colombia<\/span>\n\n<\/span>\n<\/div><span class=\"ect-google\"><a class=\"tribe-events-gmap\" href=\"https:\/\/maps.google.com\/maps?f=q&#038;source=s_q&#038;hl=en&#038;geocode=&#038;q=Neiva+410001+Colombia\" title=\"Click to view a Google Map\" target=\"_blank\" rel=\"noreferrer noopener\">+ Google Map<\/a><\/span><\/span><\/div><\/div><div class=\"ect-timeline-footer\">      <div class=\"ect-lslist-event-detail\">\n        <a href=\"https:\/\/wcms.com.co\/en\/event\/uso-de-inteligencia-artificial-y-automatizacion-en-radioterapia\/\" title=\"Keynote: Use of Artificial Intelligence and Automation in Radiotherapy\" rel=\"bookmark\">Find out more<\/a>\n        <\/div><\/div><\/div><\/div><div id=\"post-4210\" class=\"ect-timeline-post even ect-simple-event style-2 all\"><div class=\"timeline-dots\"><\/div><div class=\"timeline-content even\"><div class=\"ect-timeline-header\"><a class=\"timeline-ev-img\" href=\"https:\/\/wcms.com.co\/en\/event\/ponencia-evaluacion-de-la-concordancia-entre-el-medico-general-dermatologo-oncologo-y-una-app-de-ayuda-diagnostica-para-lesiones-sospechosas-de-cancer-de-piel-en-seis-regiones-dispersas-de-colombia\/\"><img src= \"https:\/\/wcms.com.co\/wp-content\/uploads\/2022\/10\/banner-wcms-2022-rectora--1024x256.png\"\/><\/a><div class=\"ect-date-area timeline-view-schedule\"><span class=\"ev-day\">15<\/span>\n\t\t\t\t\t\t\t\t\t<span class=\"ev-mo\">November<\/span>\n\t\t\t\t\t\t\t\t\t<span class=\"ev-yr\">2023<\/span>\n\t\t\t\t\t\t\t\t\t<span class=\"ev-time\"><span class=\"ect-icon\"><i class=\"ect-icon-clock\"><\/i><\/span> 5:00 pm - 5:40 pm<\/span>\n\t\t\t\t\t\t\t\t\t<\/div><\/div><div class=\"ect-timeline-main-content\"><h2 class=\"content-title\"><a class=\"ect-event-url\" href=\"https:\/\/wcms.com.co\/en\/event\/ponencia-evaluacion-de-la-concordancia-entre-el-medico-general-dermatologo-oncologo-y-una-app-de-ayuda-diagnostica-para-lesiones-sospechosas-de-cancer-de-piel-en-seis-regiones-dispersas-de-colombia\/\" rel=\"bookmark\">Paper: Evaluation of the concordance between general practitioner, dermatologist-oncologist and a diagnostic aid app for suspicious skin cancer lesions in six dispersed regions of Colombia.<\/a><\/h2><!-- Event Content --><div class=\"ect-event-content\"><p>DEVI NEREIDA PUERTO JIMENEZ Instituto Nacional de Cancerolog\u00eda, Bogot\u00e1, Colombia<\/p>\n<\/div><div class=\"timeline-view-venue\"><span class=\"ect-icon\"><i class=\"ect-icon-location\"><\/i><\/span><!-- Event Venue Info -->\n\t\t\t\t\t\t\t<span class=\"ect-venue-details ect-address\">\n\t\t\t\t\t\t\t<div>Tierra de Promisi\u00f3n Hall, Jos\u00e9 Eustasio Rivera Convention Center,<span class=\"tribe-address\">\n\n\n\t<span class=\"tribe-locality\">Neiva<\/span><span class=\"tribe-delimiter\">,<\/span>\n\n\n\t<span class=\"tribe-postal-code\">410001<\/span>\n\n\t<span class=\"tribe-country-name\">Colombia<\/span>\n\n<\/span>\n<\/div><span class=\"ect-google\"><a class=\"tribe-events-gmap\" href=\"https:\/\/maps.google.com\/maps?f=q&#038;source=s_q&#038;hl=en&#038;geocode=&#038;q=Neiva+410001+Colombia\" title=\"Click to view a Google Map\" target=\"_blank\" rel=\"noreferrer noopener\">+ Google Map<\/a><\/span><\/span><\/div><\/div><div class=\"ect-timeline-footer\">      <div class=\"ect-lslist-event-detail\">\n        <a href=\"https:\/\/wcms.com.co\/en\/event\/ponencia-evaluacion-de-la-concordancia-entre-el-medico-general-dermatologo-oncologo-y-una-app-de-ayuda-diagnostica-para-lesiones-sospechosas-de-cancer-de-piel-en-seis-regiones-dispersas-de-colombia\/\" title=\"Paper: Evaluation of the concordance between general practitioner, dermatologist-oncologist and a diagnostic aid app for suspicious skin cancer lesions in six dispersed regions of Colombia.\" rel=\"bookmark\">Find out more<\/a>\n        <\/div><\/div><\/div><\/div><div id=\"post-4299\" class=\"ect-timeline-post even ect-simple-event style-2 all\"><div class=\"timeline-dots\"><\/div><div class=\"timeline-content even\"><div class=\"ect-timeline-header\"><a class=\"timeline-ev-img\" href=\"https:\/\/wcms.com.co\/en\/event\/ponencia-trabajo-libre-el-uso-de-la-fotografia-digital-y-la-inteligencia-artificial-para-la-educacion-ambiental-y-la-conservacion-de-la-biodiversidad\/\"><img src= \"https:\/\/wcms.com.co\/wp-content\/uploads\/2022\/10\/banner-wcms-2022-rectora--1024x256.png\"\/><\/a><div class=\"ect-date-area timeline-view-schedule\"><span class=\"ev-day\">15<\/span>\n\t\t\t\t\t\t\t\t\t<span class=\"ev-mo\">November<\/span>\n\t\t\t\t\t\t\t\t\t<span class=\"ev-yr\">2023<\/span>\n\t\t\t\t\t\t\t\t\t<span class=\"ev-time\"><span class=\"ect-icon\"><i class=\"ect-icon-clock\"><\/i><\/span> 5:40 pm - 6:00 pm<\/span>\n\t\t\t\t\t\t\t\t\t<\/div><\/div><div class=\"ect-timeline-main-content\"><h2 class=\"content-title\"><a class=\"ect-event-url\" href=\"https:\/\/wcms.com.co\/en\/event\/ponencia-trabajo-libre-el-uso-de-la-fotografia-digital-y-la-inteligencia-artificial-para-la-educacion-ambiental-y-la-conservacion-de-la-biodiversidad\/\" rel=\"bookmark\">Lecture: The use of digital photography and artificial intelligence for environmental education and biodiversity conservation.<\/a><\/h2><!-- Event Content --><div class=\"ect-event-content\"><p>MAR\u00cdA DANIELA PULIDO OSORIO Fundaci\u00f3n Universitaria Navarra - UNINAVARRA, Neiva, Huila, Colombia<\/p>\n<\/div><div class=\"timeline-view-venue\"><span class=\"ect-icon\"><i class=\"ect-icon-location\"><\/i><\/span><!-- Event Venue Info -->\n\t\t\t\t\t\t\t<span class=\"ect-venue-details ect-address\">\n\t\t\t\t\t\t\t<div>Tierra de Promisi\u00f3n Hall, Jos\u00e9 Eustasio Rivera Convention Center,<span class=\"tribe-address\">\n\n\n\t<span class=\"tribe-locality\">Neiva<\/span><span class=\"tribe-delimiter\">,<\/span>\n\n\n\t<span class=\"tribe-postal-code\">410001<\/span>\n\n\t<span class=\"tribe-country-name\">Colombia<\/span>\n\n<\/span>\n<\/div><span class=\"ect-google\"><a class=\"tribe-events-gmap\" href=\"https:\/\/maps.google.com\/maps?f=q&#038;source=s_q&#038;hl=en&#038;geocode=&#038;q=Neiva+410001+Colombia\" title=\"Click to view a Google Map\" target=\"_blank\" rel=\"noreferrer noopener\">+ Google Map<\/a><\/span><\/span><\/div><\/div><div class=\"ect-timeline-footer\">      <div class=\"ect-lslist-event-detail\">\n        <a href=\"https:\/\/wcms.com.co\/en\/event\/ponencia-trabajo-libre-el-uso-de-la-fotografia-digital-y-la-inteligencia-artificial-para-la-educacion-ambiental-y-la-conservacion-de-la-biodiversidad\/\" title=\"Lecture: The use of digital photography and artificial intelligence for environmental education and biodiversity conservation.\" rel=\"bookmark\">Find out more<\/a>\n        <\/div><\/div><\/div><\/div><\/div><\/div>\r\n  <\/div>\r\n  <div class=\"subtab-content\" id=\"subtab2-content\">\r\n    <!-- Contenido de subpesta\u00f1a 2 -->\r\n    <!=========Events Timeline Template 2.6.2=========><div id=\"event-timeline-wrapper\" class=\"salon-rio style-2\"><div class=\"cool-event-timeline\"><div class=\"ect-timeline-year\">\n\t\t\t\t\t\t<div class=\"year-placeholder\"><!-- Month \/ Year Headers --><span class='month-year-box'>Nov 2023<\/span><\/div>\n\t\t\t\t\t\t<\/div><div id=\"post-4388\" class=\"ect-timeline-post even ect-simple-event style-2 all\"><div class=\"timeline-dots\"><\/div><div class=\"timeline-content even\"><div class=\"ect-timeline-header\"><a class=\"timeline-ev-img\" href=\"https:\/\/wcms.com.co\/en\/event\/ponencia-mujeres-que-inspiran-procesos-de-paz-en-colombia-resultados-de-la-investigacion-la-guerra-y-la-paz-en-colombia\/\"><img src= \"https:\/\/wcms.com.co\/wp-content\/uploads\/2022\/10\/banner-wcms-2022-rectora--1024x256.png\"\/><\/a><div class=\"ect-date-area timeline-view-schedule\"><span class=\"ev-day\">15<\/span>\n\t\t\t\t\t\t\t\t\t<span class=\"ev-mo\">November<\/span>\n\t\t\t\t\t\t\t\t\t<span class=\"ev-yr\">2023<\/span>\n\t\t\t\t\t\t\t\t\t<span class=\"ev-time\"><span class=\"ect-icon\"><i class=\"ect-icon-clock\"><\/i><\/span> 9:00 am - 10:20 am<\/span>\n\t\t\t\t\t\t\t\t\t<\/div><\/div><div class=\"ect-timeline-main-content\"><h2 class=\"content-title\"><a class=\"ect-event-url\" href=\"https:\/\/wcms.com.co\/en\/event\/ponencia-mujeres-que-inspiran-procesos-de-paz-en-colombia-resultados-de-la-investigacion-la-guerra-y-la-paz-en-colombia\/\" rel=\"bookmark\">Presentation: \"Women in the Colombian Armed Conflict, a view from the Colombian plains\".<\/a><\/h2><!-- Event Content --><div class=\"ect-event-content\"><p>VII International and VI National Gender Congress LUZ ELENA MALAGON CASTRO (Educator and Researcher), GERM\u00c1N MONCADA BLANCO (Journalist and Researcher), SANDRA GUTI\u00c9RREZ JARAMILLO (Survivor of the armed conflict), DIANA CAROL FORERO...&nbsp;<a href=\"https:\/\/wcms.com.co\/en\/event\/ponencia-mujeres-que-inspiran-procesos-de-paz-en-colombia-resultados-de-la-investigacion-la-guerra-y-la-paz-en-colombia\/\" rel=\"bookmark\">Read More \"<span class=\"screen-reader-text\">Presentation: \"Women in the Colombian Armed Conflict, a view from the Colombian plains\".<\/span><\/a><\/p>\n<\/div><div class=\"timeline-view-venue\"><span class=\"ect-icon\"><i class=\"ect-icon-location\"><\/i><\/span><!-- Event Venue Info -->\n\t\t\t\t\t\t\t<span class=\"ect-venue-details ect-address\">\n\t\t\t\t\t\t\t<div>R\u00edo Room, Jos\u00e9 Eustasio Rivera Convention Center,<span class=\"tribe-address\">\n\n\n\n\n\n\n<\/span>\n<\/div><\/span><\/div><\/div><div class=\"ect-timeline-footer\">      <div class=\"ect-lslist-event-detail\">\n        <a href=\"https:\/\/wcms.com.co\/en\/event\/ponencia-mujeres-que-inspiran-procesos-de-paz-en-colombia-resultados-de-la-investigacion-la-guerra-y-la-paz-en-colombia\/\" title=\"Presentation: &quot;Women in the Colombian Armed Conflict, a view from the Colombian plains&quot;.\" rel=\"bookmark\">Find out more<\/a>\n        <\/div><\/div><\/div><\/div><div id=\"post-4459\" class=\"ect-timeline-post even ect-simple-event style-2 all\"><div class=\"timeline-dots\"><\/div><div class=\"timeline-content even\"><div class=\"ect-timeline-header\"><a class=\"timeline-ev-img\" href=\"https:\/\/wcms.com.co\/en\/event\/receso-6\/\"><img src= \"https:\/\/wcms.com.co\/wp-content\/uploads\/2022\/10\/banner-wcms-2022-rectora--1024x256.png\"\/><\/a><div class=\"ect-date-area timeline-view-schedule\"><span class=\"ev-day\">15<\/span>\n\t\t\t\t\t\t\t\t\t<span class=\"ev-mo\">November<\/span>\n\t\t\t\t\t\t\t\t\t<span class=\"ev-yr\">2023<\/span>\n\t\t\t\t\t\t\t\t\t<span class=\"ev-time\"><span class=\"ect-icon\"><i class=\"ect-icon-clock\"><\/i><\/span> 10:20 am - 10:40 pm<\/span>\n\t\t\t\t\t\t\t\t\t<\/div><\/div><div class=\"ect-timeline-main-content\"><h2 class=\"content-title\"><a class=\"ect-event-url\" href=\"https:\/\/wcms.com.co\/en\/event\/receso-6\/\" rel=\"bookmark\">Recess<\/a><\/h2><!-- Event Content --><div class=\"ect-event-content\"><p>Recess<\/p>\n<\/div><div class=\"timeline-view-venue\"><span class=\"ect-icon\"><i class=\"ect-icon-location\"><\/i><\/span><!-- Event Venue Info -->\n\t\t\t\t\t\t\t<span class=\"ect-venue-details ect-address\">\n\t\t\t\t\t\t\t<div>R\u00edo Room, Jos\u00e9 Eustasio Rivera Convention Center,<span class=\"tribe-address\">\n\n\n\n\n\n\n<\/span>\n<\/div><\/span><\/div><\/div><div class=\"ect-timeline-footer\">      <div class=\"ect-lslist-event-detail\">\n        <a href=\"https:\/\/wcms.com.co\/en\/event\/receso-6\/\" title=\"Recess\" rel=\"bookmark\">Find out more<\/a>\n        <\/div><\/div><\/div><\/div><div id=\"post-4390\" class=\"ect-timeline-post even ect-simple-event style-2 all\"><div class=\"timeline-dots\"><\/div><div class=\"timeline-content even\"><div class=\"ect-timeline-header\"><a class=\"timeline-ev-img\" href=\"https:\/\/wcms.com.co\/en\/event\/ponencia-retos-normativos-de-los-estados-en-la-regulacion-de-la-inteligencia-artificial\/\"><img src= \"https:\/\/wcms.com.co\/wp-content\/uploads\/2022\/10\/banner-wcms-2022-rectora--1024x256.png\"\/><\/a><div class=\"ect-date-area timeline-view-schedule\"><span class=\"ev-day\">15<\/span>\n\t\t\t\t\t\t\t\t\t<span class=\"ev-mo\">November<\/span>\n\t\t\t\t\t\t\t\t\t<span class=\"ev-yr\">2023<\/span>\n\t\t\t\t\t\t\t\t\t<span class=\"ev-time\"><span class=\"ect-icon\"><i class=\"ect-icon-clock\"><\/i><\/span> 10:40 am - 11:20 am<\/span>\n\t\t\t\t\t\t\t\t\t<\/div><\/div><div class=\"ect-timeline-main-content\"><h2 class=\"content-title\"><a class=\"ect-event-url\" href=\"https:\/\/wcms.com.co\/en\/event\/ponencia-retos-normativos-de-los-estados-en-la-regulacion-de-la-inteligencia-artificial\/\" rel=\"bookmark\">Lecture: Regulatory challenges for States in the regulation of artificial intelligence.<\/a><\/h2><!-- Event Content --><div class=\"ect-event-content\"><p>VII International and VI National Gender Congress RAQUEL LEONOR MIRANDA SALAZAR<\/p>\n<\/div><div class=\"timeline-view-venue\"><span class=\"ect-icon\"><i class=\"ect-icon-location\"><\/i><\/span><!-- Event Venue Info -->\n\t\t\t\t\t\t\t<span class=\"ect-venue-details ect-address\">\n\t\t\t\t\t\t\t<div>R\u00edo Room, Jos\u00e9 Eustasio Rivera Convention Center,<span class=\"tribe-address\">\n\n\n\n\n\n\n<\/span>\n<\/div><\/span><\/div><\/div><div class=\"ect-timeline-footer\">      <div class=\"ect-lslist-event-detail\">\n        <a href=\"https:\/\/wcms.com.co\/en\/event\/ponencia-retos-normativos-de-los-estados-en-la-regulacion-de-la-inteligencia-artificial\/\" title=\"Lecture: Regulatory challenges for States in the regulation of artificial intelligence.\" rel=\"bookmark\">Find out more<\/a>\n        <\/div><\/div><\/div><\/div><div id=\"post-4393\" class=\"ect-timeline-post even ect-simple-event style-2 all\"><div class=\"timeline-dots\"><\/div><div class=\"timeline-content even\"><div class=\"ect-timeline-header\"><a class=\"timeline-ev-img\" href=\"https:\/\/wcms.com.co\/en\/event\/ponencia-sesgo-de-genero-ni-inteligente-ni-artificial\/\"><img src= \"https:\/\/wcms.com.co\/wp-content\/uploads\/2022\/10\/banner-wcms-2022-rectora--1024x256.png\"\/><\/a><div class=\"ect-date-area timeline-view-schedule\"><span class=\"ev-day\">15<\/span>\n\t\t\t\t\t\t\t\t\t<span class=\"ev-mo\">November<\/span>\n\t\t\t\t\t\t\t\t\t<span class=\"ev-yr\">2023<\/span>\n\t\t\t\t\t\t\t\t\t<span class=\"ev-time\"><span class=\"ect-icon\"><i class=\"ect-icon-clock\"><\/i><\/span> 11:20 am - 12:00 pm<\/span>\n\t\t\t\t\t\t\t\t\t<\/div><\/div><div class=\"ect-timeline-main-content\"><h2 class=\"content-title\"><a class=\"ect-event-url\" href=\"https:\/\/wcms.com.co\/en\/event\/ponencia-sesgo-de-genero-ni-inteligente-ni-artificial\/\" rel=\"bookmark\">Lecture: \"Gender Bias: neither intelligent nor artificial\".<\/a><\/h2><!-- Event Content --><div class=\"ect-event-content\"><p>VII International and VI National Gender Congress MELANIE MURIEL FRERES HELLEBAUT<\/p>\n<\/div><div class=\"timeline-view-venue\"><span class=\"ect-icon\"><i class=\"ect-icon-location\"><\/i><\/span><!-- Event Venue Info -->\n\t\t\t\t\t\t\t<span class=\"ect-venue-details ect-address\">\n\t\t\t\t\t\t\t<div>R\u00edo Room, Jos\u00e9 Eustasio Rivera Convention Center,<span class=\"tribe-address\">\n\n\n\n\n\n\n<\/span>\n<\/div><\/span><\/div><\/div><div class=\"ect-timeline-footer\">      <div class=\"ect-lslist-event-detail\">\n        <a href=\"https:\/\/wcms.com.co\/en\/event\/ponencia-sesgo-de-genero-ni-inteligente-ni-artificial\/\" title=\"Lecture: &quot;Gender Bias: neither intelligent nor artificial&quot;.\" rel=\"bookmark\">Find out more<\/a>\n        <\/div><\/div><\/div><\/div><div id=\"post-4442\" class=\"ect-timeline-post even ect-simple-event style-2 all\"><div class=\"timeline-dots\"><\/div><div class=\"timeline-content even\"><div class=\"ect-timeline-header\"><a class=\"timeline-ev-img\" href=\"https:\/\/wcms.com.co\/en\/event\/almuerzo-libre-3\/\"><img src= \"https:\/\/wcms.com.co\/wp-content\/uploads\/2022\/10\/banner-wcms-2022-rectora--1024x256.png\"\/><\/a><div class=\"ect-date-area timeline-view-schedule\"><span class=\"ev-day\">15<\/span>\n\t\t\t\t\t\t\t\t\t<span class=\"ev-mo\">November<\/span>\n\t\t\t\t\t\t\t\t\t<span class=\"ev-yr\">2023<\/span>\n\t\t\t\t\t\t\t\t\t<span class=\"ev-time\"><span class=\"ect-icon\"><i class=\"ect-icon-clock\"><\/i><\/span> 12:00 pm - 2:00 pm<\/span>\n\t\t\t\t\t\t\t\t\t<\/div><\/div><div class=\"ect-timeline-main-content\"><h2 class=\"content-title\"><a class=\"ect-event-url\" href=\"https:\/\/wcms.com.co\/en\/event\/almuerzo-libre-3\/\" rel=\"bookmark\">Lunch break<\/a><\/h2><!-- Event Content --><div class=\"ect-event-content\"><p>Lunch break<\/p>\n<\/div><div class=\"timeline-view-venue\"><span class=\"ect-icon\"><i class=\"ect-icon-location\"><\/i><\/span><!-- Event Venue Info -->\n\t\t\t\t\t\t\t<span class=\"ect-venue-details ect-address\">\n\t\t\t\t\t\t\t<div>Tierra de Promisi\u00f3n Hall, Jos\u00e9 Eustasio Rivera Convention Center,<span class=\"tribe-address\">\n\n\n\t<span class=\"tribe-locality\">Neiva<\/span><span class=\"tribe-delimiter\">,<\/span>\n\n\n\t<span class=\"tribe-postal-code\">410001<\/span>\n\n\t<span class=\"tribe-country-name\">Colombia<\/span>\n\n<\/span>\n<\/div><span class=\"ect-google\"><a class=\"tribe-events-gmap\" href=\"https:\/\/maps.google.com\/maps?f=q&#038;source=s_q&#038;hl=en&#038;geocode=&#038;q=Neiva+410001+Colombia\" title=\"Click to view a Google Map\" target=\"_blank\" rel=\"noreferrer noopener\">+ Google Map<\/a><\/span><\/span><\/div><\/div><div class=\"ect-timeline-footer\">      <div class=\"ect-lslist-event-detail\">\n        <a href=\"https:\/\/wcms.com.co\/en\/event\/almuerzo-libre-3\/\" title=\"Lunch break\" rel=\"bookmark\">Find out more<\/a>\n        <\/div><\/div><\/div><\/div><div id=\"post-4396\" class=\"ect-timeline-post even ect-simple-event style-2 all\"><div class=\"timeline-dots\"><\/div><div class=\"timeline-content even\"><div class=\"ect-timeline-header\"><a class=\"timeline-ev-img\" href=\"https:\/\/wcms.com.co\/en\/event\/ponencia-la-educacion-sexual-una-estrategia-pedagogica-para-contribuir-al-goce-de-los-derechos-fundamentales-de-las-mujeres-ninos-ninas-y-poblacion-lgtbq\/\"><img src= \"https:\/\/wcms.com.co\/wp-content\/uploads\/2022\/10\/banner-wcms-2022-rectora--1024x256.png\"\/><\/a><div class=\"ect-date-area timeline-view-schedule\"><span class=\"ev-day\">15<\/span>\n\t\t\t\t\t\t\t\t\t<span class=\"ev-mo\">November<\/span>\n\t\t\t\t\t\t\t\t\t<span class=\"ev-yr\">2023<\/span>\n\t\t\t\t\t\t\t\t\t<span class=\"ev-time\"><span class=\"ect-icon\"><i class=\"ect-icon-clock\"><\/i><\/span> 2:00 pm - 2:40 pm<\/span>\n\t\t\t\t\t\t\t\t\t<\/div><\/div><div class=\"ect-timeline-main-content\"><h2 class=\"content-title\"><a class=\"ect-event-url\" href=\"https:\/\/wcms.com.co\/en\/event\/ponencia-la-educacion-sexual-una-estrategia-pedagogica-para-contribuir-al-goce-de-los-derechos-fundamentales-de-las-mujeres-ninos-ninas-y-poblacion-lgtbq\/\" rel=\"bookmark\">Presentation: Sex education. A pedagogical strategy to contribute to the enjoyment of the fundamental rights of women, boys, girls and LGTBQ+ population.<\/a><\/h2><!-- Event Content --><div class=\"ect-event-content\"><p>VII International and VI National Congress on Gender ISIDRO TORRES CASTRO<\/p>\n<\/div><div class=\"timeline-view-venue\"><span class=\"ect-icon\"><i class=\"ect-icon-location\"><\/i><\/span><!-- Event Venue Info -->\n\t\t\t\t\t\t\t<span class=\"ect-venue-details ect-address\">\n\t\t\t\t\t\t\t<div>R\u00edo Room, Jos\u00e9 Eustasio Rivera Convention Center,<span class=\"tribe-address\">\n\n\n\n\n\n\n<\/span>\n<\/div><\/span><\/div><\/div><div class=\"ect-timeline-footer\">      <div class=\"ect-lslist-event-detail\">\n        <a href=\"https:\/\/wcms.com.co\/en\/event\/ponencia-la-educacion-sexual-una-estrategia-pedagogica-para-contribuir-al-goce-de-los-derechos-fundamentales-de-las-mujeres-ninos-ninas-y-poblacion-lgtbq\/\" title=\"Presentation: Sex education. A pedagogical strategy to contribute to the enjoyment of the fundamental rights of women, boys, girls and LGTBQ+ population.\" rel=\"bookmark\">Find out more<\/a>\n        <\/div><\/div><\/div><\/div><div id=\"post-4399\" class=\"ect-timeline-post even ect-simple-event style-2 all\"><div class=\"timeline-dots\"><\/div><div class=\"timeline-content even\"><div class=\"ect-timeline-header\"><a class=\"timeline-ev-img\" href=\"https:\/\/wcms.com.co\/en\/event\/ponencia-retos-normativos-de-los-estados-en-la-regulacion-de-la-inteligencia-artificial-2\/\"><img src= \"https:\/\/wcms.com.co\/wp-content\/uploads\/2022\/10\/banner-wcms-2022-rectora--1024x256.png\"\/><\/a><div class=\"ect-date-area timeline-view-schedule\"><span class=\"ev-day\">15<\/span>\n\t\t\t\t\t\t\t\t\t<span class=\"ev-mo\">November<\/span>\n\t\t\t\t\t\t\t\t\t<span class=\"ev-yr\">2023<\/span>\n\t\t\t\t\t\t\t\t\t<span class=\"ev-time\"><span class=\"ect-icon\"><i class=\"ect-icon-clock\"><\/i><\/span> 2:40 pm - 5:30 pm<\/span>\n\t\t\t\t\t\t\t\t\t<\/div><\/div><div class=\"ect-timeline-main-content\"><h2 class=\"content-title\"><a class=\"ect-event-url\" href=\"https:\/\/wcms.com.co\/en\/event\/ponencia-retos-normativos-de-los-estados-en-la-regulacion-de-la-inteligencia-artificial-2\/\" rel=\"bookmark\">Lecture: Regulatory challenges for States in the regulation of artificial intelligence.<\/a><\/h2><!-- Event Content --><div class=\"ect-event-content\"><p>VII International and VI National Gender Congress JAVIER ARIZA PACHECO<\/p>\n<\/div><div class=\"timeline-view-venue\"><span class=\"ect-icon\"><i class=\"ect-icon-location\"><\/i><\/span><!-- Event Venue Info -->\n\t\t\t\t\t\t\t<span class=\"ect-venue-details ect-address\">\n\t\t\t\t\t\t\t<div>R\u00edo Room, Jos\u00e9 Eustasio Rivera Convention Center,<span class=\"tribe-address\">\n\n\n\n\n\n\n<\/span>\n<\/div><\/span><\/div><\/div><div class=\"ect-timeline-footer\">      <div class=\"ect-lslist-event-detail\">\n        <a href=\"https:\/\/wcms.com.co\/en\/event\/ponencia-retos-normativos-de-los-estados-en-la-regulacion-de-la-inteligencia-artificial-2\/\" title=\"Lecture: Regulatory challenges for States in the regulation of artificial intelligence.\" rel=\"bookmark\">Find out more<\/a>\n        <\/div><\/div><\/div><\/div><div id=\"post-4401\" class=\"ect-timeline-post even ect-simple-event style-2 all\"><div class=\"timeline-dots\"><\/div><div class=\"timeline-content even\"><div class=\"ect-timeline-header\"><a class=\"timeline-ev-img\" href=\"https:\/\/wcms.com.co\/en\/event\/ponencia-discriminacion-de-genero-reto-para-la-inteligencia-artificial\/\"><img src= \"https:\/\/wcms.com.co\/wp-content\/uploads\/2022\/10\/banner-wcms-2022-rectora--1024x256.png\"\/><\/a><div class=\"ect-date-area timeline-view-schedule\"><span class=\"ev-day\">15<\/span>\n\t\t\t\t\t\t\t\t\t<span class=\"ev-mo\">November<\/span>\n\t\t\t\t\t\t\t\t\t<span class=\"ev-yr\">2023<\/span>\n\t\t\t\t\t\t\t\t\t<span class=\"ev-time\"><span class=\"ect-icon\"><i class=\"ect-icon-clock\"><\/i><\/span> 3:30 pm - 4:00 pm<\/span>\n\t\t\t\t\t\t\t\t\t<\/div><\/div><div class=\"ect-timeline-main-content\"><h2 class=\"content-title\"><a class=\"ect-event-url\" href=\"https:\/\/wcms.com.co\/en\/event\/ponencia-discriminacion-de-genero-reto-para-la-inteligencia-artificial\/\" rel=\"bookmark\">Lecture: Gender Discrimination: Challenge for Artificial Intelligence<\/a><\/h2><!-- Event Content --><div class=\"ect-event-content\"><p>VII International and VI National Gender Congress MAGDA VIVIANA SANDOVAL CONDE<\/p>\n<\/div><div class=\"timeline-view-venue\"><span class=\"ect-icon\"><i class=\"ect-icon-location\"><\/i><\/span><!-- Event Venue Info -->\n\t\t\t\t\t\t\t<span class=\"ect-venue-details ect-address\">\n\t\t\t\t\t\t\t<div>R\u00edo Room, Jos\u00e9 Eustasio Rivera Convention Center,<span class=\"tribe-address\">\n\n\n\n\n\n\n<\/span>\n<\/div><\/span><\/div><\/div><div class=\"ect-timeline-footer\">      <div class=\"ect-lslist-event-detail\">\n        <a href=\"https:\/\/wcms.com.co\/en\/event\/ponencia-discriminacion-de-genero-reto-para-la-inteligencia-artificial\/\" title=\"Lecture: Gender Discrimination: Challenge for Artificial Intelligence\" rel=\"bookmark\">Find out more<\/a>\n        <\/div><\/div><\/div><\/div><div id=\"post-4461\" class=\"ect-timeline-post even ect-simple-event style-2 all\"><div class=\"timeline-dots\"><\/div><div class=\"timeline-content even\"><div class=\"ect-timeline-header\"><a class=\"timeline-ev-img\" href=\"https:\/\/wcms.com.co\/en\/event\/receso-7\/\"><img src= \"https:\/\/wcms.com.co\/wp-content\/uploads\/2022\/10\/banner-wcms-2022-rectora--1024x256.png\"\/><\/a><div class=\"ect-date-area timeline-view-schedule\"><span class=\"ev-day\">15<\/span>\n\t\t\t\t\t\t\t\t\t<span class=\"ev-mo\">November<\/span>\n\t\t\t\t\t\t\t\t\t<span class=\"ev-yr\">2023<\/span>\n\t\t\t\t\t\t\t\t\t<span class=\"ev-time\"><span class=\"ect-icon\"><i class=\"ect-icon-clock\"><\/i><\/span> 4:00 pm - 4:20 pm<\/span>\n\t\t\t\t\t\t\t\t\t<\/div><\/div><div class=\"ect-timeline-main-content\"><h2 class=\"content-title\"><a class=\"ect-event-url\" href=\"https:\/\/wcms.com.co\/en\/event\/receso-7\/\" rel=\"bookmark\">Recess<\/a><\/h2><!-- Event Content --><div class=\"ect-event-content\"><p>Recess<\/p>\n<\/div><div class=\"timeline-view-venue\"><span class=\"ect-icon\"><i class=\"ect-icon-location\"><\/i><\/span><!-- Event Venue Info -->\n\t\t\t\t\t\t\t<span class=\"ect-venue-details ect-address\">\n\t\t\t\t\t\t\t<div>R\u00edo Room, Jos\u00e9 Eustasio Rivera Convention Center,<span class=\"tribe-address\">\n\n\n\n\n\n\n<\/span>\n<\/div><\/span><\/div><\/div><div class=\"ect-timeline-footer\">      <div class=\"ect-lslist-event-detail\">\n        <a href=\"https:\/\/wcms.com.co\/en\/event\/receso-7\/\" title=\"Recess\" rel=\"bookmark\">Find out more<\/a>\n        <\/div><\/div><\/div><\/div><div id=\"post-4403\" class=\"ect-timeline-post even ect-simple-event style-2 all\"><div class=\"timeline-dots\"><\/div><div class=\"timeline-content even\"><div class=\"ect-timeline-header\"><a class=\"timeline-ev-img\" href=\"https:\/\/wcms.com.co\/en\/event\/ponencia-desafiando-patrones-de-desigualdad-en-las-tecnologias-disruptivas-el-impacto-del-sesgo-de-genero-en-la-inteligencia-artificial\/\"><img src= \"https:\/\/wcms.com.co\/wp-content\/uploads\/2022\/10\/banner-wcms-2022-rectora--1024x256.png\"\/><\/a><div class=\"ect-date-area timeline-view-schedule\"><span class=\"ev-day\">15<\/span>\n\t\t\t\t\t\t\t\t\t<span class=\"ev-mo\">November<\/span>\n\t\t\t\t\t\t\t\t\t<span class=\"ev-yr\">2023<\/span>\n\t\t\t\t\t\t\t\t\t<span class=\"ev-time\"><span class=\"ect-icon\"><i class=\"ect-icon-clock\"><\/i><\/span> 4:20 pm - 5:00 pm<\/span>\n\t\t\t\t\t\t\t\t\t<\/div><\/div><div class=\"ect-timeline-main-content\"><h2 class=\"content-title\"><a class=\"ect-event-url\" href=\"https:\/\/wcms.com.co\/en\/event\/ponencia-desafiando-patrones-de-desigualdad-en-las-tecnologias-disruptivas-el-impacto-del-sesgo-de-genero-en-la-inteligencia-artificial\/\" rel=\"bookmark\">Lecture: \"Challenging Patterns of Inequality in Disruptive Technologies: The Impact of Gender Bias in Artificial Intelligence\".<\/a><\/h2><!-- Event Content --><div class=\"ect-event-content\"><p>VII International and VI National Gender Congress MAYRA ALEJANDRA LUNA ORTIZ<\/p>\n<\/div><div class=\"timeline-view-venue\"><span class=\"ect-icon\"><i class=\"ect-icon-location\"><\/i><\/span><!-- Event Venue Info -->\n\t\t\t\t\t\t\t<span class=\"ect-venue-details ect-address\">\n\t\t\t\t\t\t\t<div>R\u00edo Room, Jos\u00e9 Eustasio Rivera Convention Center,<span class=\"tribe-address\">\n\n\n\n\n\n\n<\/span>\n<\/div><\/span><\/div><\/div><div class=\"ect-timeline-footer\">      <div class=\"ect-lslist-event-detail\">\n        <a href=\"https:\/\/wcms.com.co\/en\/event\/ponencia-desafiando-patrones-de-desigualdad-en-las-tecnologias-disruptivas-el-impacto-del-sesgo-de-genero-en-la-inteligencia-artificial\/\" title=\"Lecture: &quot;Challenging Patterns of Inequality in Disruptive Technologies: The Impact of Gender Bias in Artificial Intelligence&quot;.\" rel=\"bookmark\">Find out more<\/a>\n        <\/div><\/div><\/div><\/div><div id=\"post-4405\" class=\"ect-timeline-post even ect-simple-event style-2 all\"><div class=\"timeline-dots\"><\/div><div class=\"timeline-content even\"><div class=\"ect-timeline-header\"><a class=\"timeline-ev-img\" href=\"https:\/\/wcms.com.co\/en\/event\/ponencia-retos-normativos-de-los-estados-en-la-regulacion-de-la-inteligencia-artificial-3\/\"><img src= \"https:\/\/wcms.com.co\/wp-content\/uploads\/2022\/10\/banner-wcms-2022-rectora--1024x256.png\"\/><\/a><div class=\"ect-date-area timeline-view-schedule\"><span class=\"ev-day\">15<\/span>\n\t\t\t\t\t\t\t\t\t<span class=\"ev-mo\">November<\/span>\n\t\t\t\t\t\t\t\t\t<span class=\"ev-yr\">2023<\/span>\n\t\t\t\t\t\t\t\t\t<span class=\"ev-time\"><span class=\"ect-icon\"><i class=\"ect-icon-clock\"><\/i><\/span> 5:00 pm - 5:40 pm<\/span>\n\t\t\t\t\t\t\t\t\t<\/div><\/div><div class=\"ect-timeline-main-content\"><h2 class=\"content-title\"><a class=\"ect-event-url\" href=\"https:\/\/wcms.com.co\/en\/event\/ponencia-retos-normativos-de-los-estados-en-la-regulacion-de-la-inteligencia-artificial-3\/\" rel=\"bookmark\">Lecture: \"Regulatory challenges for States in the regulation of artificial intelligence\".<\/a><\/h2><!-- Event Content --><div class=\"ect-event-content\"><p>VII International and VI National Congress on Gender NATALIA ANA MARIA RIVERA PERDOMO<\/p>\n<\/div><div class=\"timeline-view-venue\"><span class=\"ect-icon\"><i class=\"ect-icon-location\"><\/i><\/span><!-- Event Venue Info -->\n\t\t\t\t\t\t\t<span class=\"ect-venue-details ect-address\">\n\t\t\t\t\t\t\t<div>R\u00edo Room, Jos\u00e9 Eustasio Rivera Convention Center,<span class=\"tribe-address\">\n\n\n\n\n\n\n<\/span>\n<\/div><\/span><\/div><\/div><div class=\"ect-timeline-footer\">      <div class=\"ect-lslist-event-detail\">\n        <a href=\"https:\/\/wcms.com.co\/en\/event\/ponencia-retos-normativos-de-los-estados-en-la-regulacion-de-la-inteligencia-artificial-3\/\" title=\"Lecture: &quot;Regulatory challenges for States in the regulation of artificial intelligence&quot;.\" rel=\"bookmark\">Find out more<\/a>\n        <\/div><\/div><\/div><\/div><div id=\"post-4408\" class=\"ect-timeline-post even ect-simple-event style-2 all\"><div class=\"timeline-dots\"><\/div><div class=\"timeline-content even\"><div class=\"ect-timeline-header\"><a class=\"timeline-ev-img\" href=\"https:\/\/wcms.com.co\/en\/event\/ponencia-la-inteligencia-artificial-en-el-uso-de-las-tecnicas-para-la-reproduccion-humana-asistida-y-el-derecho-humano-a-fundar-una-familia-de-la-poblacion-lgbtiq\/\"><img src= \"https:\/\/wcms.com.co\/wp-content\/uploads\/2022\/10\/banner-wcms-2022-rectora--1024x256.png\"\/><\/a><div class=\"ect-date-area timeline-view-schedule\"><span class=\"ev-day\">15<\/span>\n\t\t\t\t\t\t\t\t\t<span class=\"ev-mo\">November<\/span>\n\t\t\t\t\t\t\t\t\t<span class=\"ev-yr\">2023<\/span>\n\t\t\t\t\t\t\t\t\t<span class=\"ev-time\"><span class=\"ect-icon\"><i class=\"ect-icon-clock\"><\/i><\/span> 5:40 pm - 6:00 pm<\/span>\n\t\t\t\t\t\t\t\t\t<\/div><\/div><div class=\"ect-timeline-main-content\"><h2 class=\"content-title\"><a class=\"ect-event-url\" href=\"https:\/\/wcms.com.co\/en\/event\/ponencia-la-inteligencia-artificial-en-el-uso-de-las-tecnicas-para-la-reproduccion-humana-asistida-y-el-derecho-humano-a-fundar-una-familia-de-la-poblacion-lgbtiq\/\" rel=\"bookmark\">Presentation: Artificial intelligence in the use of assisted human reproduction techniques and the human right to found a family of the LGBTIQ+ population.<\/a><\/h2><!-- Event Content --><div class=\"ect-event-content\"><p>VII International and VI National Gender Congress MARIA CAMILA ZAMBRANO HERNANDEZ<\/p>\n<\/div><div class=\"timeline-view-venue\"><span class=\"ect-icon\"><i class=\"ect-icon-location\"><\/i><\/span><!-- Event Venue Info -->\n\t\t\t\t\t\t\t<span class=\"ect-venue-details ect-address\">\n\t\t\t\t\t\t\t<div>R\u00edo Room, Jos\u00e9 Eustasio Rivera Convention Center,<span class=\"tribe-address\">\n\n\n\n\n\n\n<\/span>\n<\/div><\/span><\/div><\/div><div class=\"ect-timeline-footer\">      <div class=\"ect-lslist-event-detail\">\n        <a href=\"https:\/\/wcms.com.co\/en\/event\/ponencia-la-inteligencia-artificial-en-el-uso-de-las-tecnicas-para-la-reproduccion-humana-asistida-y-el-derecho-humano-a-fundar-una-familia-de-la-poblacion-lgbtiq\/\" title=\"Presentation: Artificial intelligence in the use of assisted human reproduction techniques and the human right to found a family of the LGBTIQ+ population.\" rel=\"bookmark\">Find out more<\/a>\n        <\/div><\/div><\/div><\/div><\/div><\/div>\r\n  <\/div>\r\n<\/div>\r\n\r\n<div class=\"tab-content\" id=\"tab2\">\r\n  <div class=\"subtabs\">\r\n    <div class=\"subtab btn espaciadost btni\" onclick=\"openSubTab('subtab3')\" id=\"subtab3\">Program: Land of Promise Salon<\/div>\r\n    <div class=\"subtab btn espaciadost btni\" onclick=\"openSubTab('subtab4')\" id=\"subtab4\">Program: River Room<\/div>\r\n  <\/div>\r\n\r\n  <div class=\"subtab-content\" id=\"subtab3-content\">\r\n    <!-- Contenido de subpesta\u00f1a 3 -->\r\n    <!=========Events Timeline Template 2.6.2=========><div id=\"event-timeline-wrapper\" class=\"salon-tierra-de-promision style-2\"><div class=\"cool-event-timeline\"><div class=\"ect-timeline-year\">\n\t\t\t\t\t\t<div class=\"year-placeholder\"><!-- Month \/ Year Headers --><span class='month-year-box'>Nov 2023<\/span><\/div>\n\t\t\t\t\t\t<\/div><div id=\"post-4471\" class=\"ect-timeline-post even ect-simple-event style-2 all\"><div class=\"timeline-dots\"><\/div><div class=\"timeline-content even\"><div class=\"ect-timeline-header\"><a class=\"timeline-ev-img\" href=\"https:\/\/wcms.com.co\/en\/event\/ponencia-clasificacion-de-infarto-de-miocardio-con-senales-de-ecg-multiderivacion-y-cnn-profunda-2\/\"><img src= \"https:\/\/wcms.com.co\/wp-content\/uploads\/2022\/10\/banner-wcms-2022-rectora--1024x256.png\"\/><\/a><div class=\"ect-date-area timeline-view-schedule\"><span class=\"ev-day\">16<\/span>\n\t\t\t\t\t\t\t\t\t<span class=\"ev-mo\">November<\/span>\n\t\t\t\t\t\t\t\t\t<span class=\"ev-yr\">2023<\/span>\n\t\t\t\t\t\t\t\t\t<span class=\"ev-time\"><span class=\"ect-icon\"><i class=\"ect-icon-clock\"><\/i><\/span> 8:00 am - 8:40 am<\/span>\n\t\t\t\t\t\t\t\t\t<\/div><\/div><div class=\"ect-timeline-main-content\"><h2 class=\"content-title\"><a class=\"ect-event-url\" href=\"https:\/\/wcms.com.co\/en\/event\/ponencia-clasificacion-de-infarto-de-miocardio-con-senales-de-ecg-multiderivacion-y-cnn-profunda-2\/\" rel=\"bookmark\">Keynote: Artificial Intelligence for Students<\/a><\/h2><!-- Event Content --><div class=\"ect-event-content\"><p>ANDREA RINCON EDUARDO PINTO AIpocrates, Bogot\u00e1, Colombia<\/p>\n<\/div><div class=\"timeline-view-venue\"><span class=\"ect-icon\"><i class=\"ect-icon-location\"><\/i><\/span><!-- Event Venue Info -->\n\t\t\t\t\t\t\t<span class=\"ect-venue-details ect-address\">\n\t\t\t\t\t\t\t<div>Tierra de Promisi\u00f3n Hall, Jos\u00e9 Eustasio Rivera Convention Center,<span class=\"tribe-address\">\n\n\n\t<span class=\"tribe-locality\">Neiva<\/span><span class=\"tribe-delimiter\">,<\/span>\n\n\n\t<span class=\"tribe-postal-code\">410001<\/span>\n\n\t<span class=\"tribe-country-name\">Colombia<\/span>\n\n<\/span>\n<\/div><span class=\"ect-google\"><a class=\"tribe-events-gmap\" href=\"https:\/\/maps.google.com\/maps?f=q&#038;source=s_q&#038;hl=en&#038;geocode=&#038;q=Neiva+410001+Colombia\" title=\"Click to view a Google Map\" target=\"_blank\" rel=\"noreferrer noopener\">+ Google Map<\/a><\/span><\/span><\/div><\/div><div class=\"ect-timeline-footer\">      <div class=\"ect-lslist-event-detail\">\n        <a href=\"https:\/\/wcms.com.co\/en\/event\/ponencia-clasificacion-de-infarto-de-miocardio-con-senales-de-ecg-multiderivacion-y-cnn-profunda-2\/\" title=\"Keynote: Artificial Intelligence for Students\" rel=\"bookmark\">Find out more<\/a>\n        <\/div><\/div><\/div><\/div><div id=\"post-4078\" class=\"ect-timeline-post even ect-simple-event style-2 all\"><div class=\"timeline-dots\"><\/div><div class=\"timeline-content even\"><div class=\"ect-timeline-header\"><a class=\"timeline-ev-img\" href=\"https:\/\/wcms.com.co\/en\/event\/abordaje-percutaneo-al-nervio-trigeminal-y-a-la-fosa-craneal-media-anatomia-quirurgica-imagenologia-aplicaciones-clinicas-y-perspectivas-hacia-el-futuro\/\"><img src= \"https:\/\/wcms.com.co\/wp-content\/uploads\/2023\/10\/Jorge-Alvernia-Silva-1-1024x478.png\"\/><\/a><div class=\"ect-date-area timeline-view-schedule\"><span class=\"ev-day\">16<\/span>\n\t\t\t\t\t\t\t\t\t<span class=\"ev-mo\">November<\/span>\n\t\t\t\t\t\t\t\t\t<span class=\"ev-yr\">2023<\/span>\n\t\t\t\t\t\t\t\t\t<span class=\"ev-time\"><span class=\"ect-icon\"><i class=\"ect-icon-clock\"><\/i><\/span> 8:40 am - 9:20 am<\/span>\n\t\t\t\t\t\t\t\t\t<\/div><\/div><div class=\"ect-timeline-main-content\"><h2 class=\"content-title\"><a class=\"ect-event-url\" href=\"https:\/\/wcms.com.co\/en\/event\/abordaje-percutaneo-al-nervio-trigeminal-y-a-la-fosa-craneal-media-anatomia-quirurgica-imagenologia-aplicaciones-clinicas-y-perspectivas-hacia-el-futuro\/\" rel=\"bookmark\">Keynote lecture: Percutaneous approach to the trigeminal nerve and middle cranial fossa. Surgical anatomy, imaging, clinical applications and future perspectives.<\/a><\/h2><!-- Event Content --><div class=\"ect-event-content\"><p>Dr. JORGE ALVERNIA, FAANS, University of Mississippi, USA<\/p>\n<\/div><div class=\"timeline-view-venue\"><span class=\"ect-icon\"><i class=\"ect-icon-location\"><\/i><\/span><!-- Event Venue Info -->\n\t\t\t\t\t\t\t<span class=\"ect-venue-details ect-address\">\n\t\t\t\t\t\t\t<div>Tierra de Promisi\u00f3n Hall, Jos\u00e9 Eustasio Rivera Convention Center,<span class=\"tribe-address\">\n\n\n\t<span class=\"tribe-locality\">Neiva<\/span><span class=\"tribe-delimiter\">,<\/span>\n\n\n\t<span class=\"tribe-postal-code\">410001<\/span>\n\n\t<span class=\"tribe-country-name\">Colombia<\/span>\n\n<\/span>\n<\/div><span class=\"ect-google\"><a class=\"tribe-events-gmap\" href=\"https:\/\/maps.google.com\/maps?f=q&#038;source=s_q&#038;hl=en&#038;geocode=&#038;q=Neiva+410001+Colombia\" title=\"Click to view a Google Map\" target=\"_blank\" rel=\"noreferrer noopener\">+ Google Map<\/a><\/span><\/span><\/div><\/div><div class=\"ect-timeline-footer\">      <div class=\"ect-lslist-event-detail\">\n        <a href=\"https:\/\/wcms.com.co\/en\/event\/abordaje-percutaneo-al-nervio-trigeminal-y-a-la-fosa-craneal-media-anatomia-quirurgica-imagenologia-aplicaciones-clinicas-y-perspectivas-hacia-el-futuro\/\" title=\"Keynote lecture: Percutaneous approach to the trigeminal nerve and middle cranial fossa. Surgical anatomy, imaging, clinical applications and future perspectives.\" rel=\"bookmark\">Find out more<\/a>\n        <\/div><\/div><\/div><\/div><div id=\"post-4085\" class=\"ect-timeline-post even ect-simple-event style-2 all\"><div class=\"timeline-dots\"><\/div><div class=\"timeline-content even\"><div class=\"ect-timeline-header\"><a class=\"timeline-ev-img\" href=\"https:\/\/wcms.com.co\/en\/event\/ponencia-magistral\/\"><img src= \"https:\/\/wcms.com.co\/wp-content\/uploads\/2023\/11\/Alexander-Fajardo-1-1024x478.png\"\/><\/a><div class=\"ect-date-area timeline-view-schedule\"><span class=\"ev-day\">16<\/span>\n\t\t\t\t\t\t\t\t\t<span class=\"ev-mo\">November<\/span>\n\t\t\t\t\t\t\t\t\t<span class=\"ev-yr\">2023<\/span>\n\t\t\t\t\t\t\t\t\t<span class=\"ev-time\"><span class=\"ect-icon\"><i class=\"ect-icon-clock\"><\/i><\/span> 9:20 am - 10:00 am<\/span>\n\t\t\t\t\t\t\t\t\t<\/div><\/div><div class=\"ect-timeline-main-content\"><h2 class=\"content-title\"><a class=\"ect-event-url\" href=\"https:\/\/wcms.com.co\/en\/event\/ponencia-magistral\/\" rel=\"bookmark\">Keynote lecture: Scope of Artificial Intelligence in the era of recommendation. Research and innovation with data for uses in simulation, prediction and biotechnology.<\/a><\/h2><!-- Event Content --><div class=\"ect-event-content\"><p>ALEXANDER FAJARDO S\u00c1NCHEZ, Incentiv corp, Brazil<\/p>\n<\/div><div class=\"timeline-view-venue\"><span class=\"ect-icon\"><i class=\"ect-icon-location\"><\/i><\/span><!-- Event Venue Info -->\n\t\t\t\t\t\t\t<span class=\"ect-venue-details ect-address\">\n\t\t\t\t\t\t\t<div>Tierra de Promisi\u00f3n Hall, Jos\u00e9 Eustasio Rivera Convention Center,<span class=\"tribe-address\">\n\n\n\t<span class=\"tribe-locality\">Neiva<\/span><span class=\"tribe-delimiter\">,<\/span>\n\n\n\t<span class=\"tribe-postal-code\">410001<\/span>\n\n\t<span class=\"tribe-country-name\">Colombia<\/span>\n\n<\/span>\n<\/div><span class=\"ect-google\"><a class=\"tribe-events-gmap\" href=\"https:\/\/maps.google.com\/maps?f=q&#038;source=s_q&#038;hl=en&#038;geocode=&#038;q=Neiva+410001+Colombia\" title=\"Click to view a Google Map\" target=\"_blank\" rel=\"noreferrer noopener\">+ Google Map<\/a><\/span><\/span><\/div><\/div><div class=\"ect-timeline-footer\">      <div class=\"ect-lslist-event-detail\">\n        <a href=\"https:\/\/wcms.com.co\/en\/event\/ponencia-magistral\/\" title=\"Keynote lecture: Scope of Artificial Intelligence in the era of recommendation. Research and innovation with data for uses in simulation, prediction and biotechnology.\" rel=\"bookmark\">Find out more<\/a>\n        <\/div><\/div><\/div><\/div><div id=\"post-4447\" class=\"ect-timeline-post even ect-simple-event style-2 all\"><div class=\"timeline-dots\"><\/div><div class=\"timeline-content even\"><div class=\"ect-timeline-header\"><a class=\"timeline-ev-img\" href=\"https:\/\/wcms.com.co\/en\/event\/receso-3\/\"><img src= \"https:\/\/wcms.com.co\/wp-content\/uploads\/2022\/10\/banner-wcms-2022-rectora--1024x256.png\"\/><\/a><div class=\"ect-date-area timeline-view-schedule\"><span class=\"ev-day\">16<\/span>\n\t\t\t\t\t\t\t\t\t<span class=\"ev-mo\">November<\/span>\n\t\t\t\t\t\t\t\t\t<span class=\"ev-yr\">2023<\/span>\n\t\t\t\t\t\t\t\t\t<span class=\"ev-time\"><span class=\"ect-icon\"><i class=\"ect-icon-clock\"><\/i><\/span> 10:00 am - 10:20 am<\/span>\n\t\t\t\t\t\t\t\t\t<\/div><\/div><div class=\"ect-timeline-main-content\"><h2 class=\"content-title\"><a class=\"ect-event-url\" href=\"https:\/\/wcms.com.co\/en\/event\/receso-3\/\" rel=\"bookmark\">Recess<\/a><\/h2><!-- Event Content --><div class=\"ect-event-content\"><p>Recess<\/p>\n<\/div><div class=\"timeline-view-venue\"><span class=\"ect-icon\"><i class=\"ect-icon-location\"><\/i><\/span><!-- Event Venue Info -->\n\t\t\t\t\t\t\t<span class=\"ect-venue-details ect-address\">\n\t\t\t\t\t\t\t<div>Tierra de Promisi\u00f3n Hall, Jos\u00e9 Eustasio Rivera Convention Center,<span class=\"tribe-address\">\n\n\n\t<span class=\"tribe-locality\">Neiva<\/span><span class=\"tribe-delimiter\">,<\/span>\n\n\n\t<span class=\"tribe-postal-code\">410001<\/span>\n\n\t<span class=\"tribe-country-name\">Colombia<\/span>\n\n<\/span>\n<\/div><span class=\"ect-google\"><a class=\"tribe-events-gmap\" href=\"https:\/\/maps.google.com\/maps?f=q&#038;source=s_q&#038;hl=en&#038;geocode=&#038;q=Neiva+410001+Colombia\" title=\"Click to view a Google Map\" target=\"_blank\" rel=\"noreferrer noopener\">+ Google Map<\/a><\/span><\/span><\/div><\/div><div class=\"ect-timeline-footer\">      <div class=\"ect-lslist-event-detail\">\n        <a href=\"https:\/\/wcms.com.co\/en\/event\/receso-3\/\" title=\"Recess\" rel=\"bookmark\">Find out more<\/a>\n        <\/div><\/div><\/div><\/div><div id=\"post-4304\" class=\"ect-timeline-post even ect-simple-event style-2 all\"><div class=\"timeline-dots\"><\/div><div class=\"timeline-content even\"><div class=\"ect-timeline-header\"><a class=\"timeline-ev-img\" href=\"https:\/\/wcms.com.co\/en\/event\/conversatorio-ciencia-abierta\/\"><img src= \"https:\/\/wcms.com.co\/wp-content\/uploads\/2022\/11\/Rectora-1024x478.png\"\/><\/a><div class=\"ect-date-area timeline-view-schedule\"><span class=\"ev-day\">16<\/span>\n\t\t\t\t\t\t\t\t\t<span class=\"ev-mo\">November<\/span>\n\t\t\t\t\t\t\t\t\t<span class=\"ev-yr\">2023<\/span>\n\t\t\t\t\t\t\t\t\t<span class=\"ev-time\"><span class=\"ect-icon\"><i class=\"ect-icon-clock\"><\/i><\/span> 10:20 am - 11:00 am<\/span>\n\t\t\t\t\t\t\t\t\t<\/div><\/div><div class=\"ect-timeline-main-content\"><h2 class=\"content-title\"><a class=\"ect-event-url\" href=\"https:\/\/wcms.com.co\/en\/event\/conversatorio-ciencia-abierta\/\" rel=\"bookmark\">Conversation: Open Science<\/a><\/h2><!-- Event Content --><div class=\"ect-event-content\"><p>LEIDY JOHANNA JARAMILLO GONZ\u00c1LEZ Vice-Ministry of Knowledge, Innovation and Productivity Ministry of Science, Technology and Innovation, Bogot\u00e1, Colombia SANDRA LILIANA NAVARRO PARRA LUZ ELENA MALAGON CASTRO DORIS ALEJANDRA OSORIO DUQUE...&nbsp;<a href=\"https:\/\/wcms.com.co\/en\/event\/conversatorio-ciencia-abierta\/\" rel=\"bookmark\">Read More \"<span class=\"screen-reader-text\">Conversation: Open Science<\/span><\/a><\/p>\n<\/div><div class=\"timeline-view-venue\"><span class=\"ect-icon\"><i class=\"ect-icon-location\"><\/i><\/span><!-- Event Venue Info -->\n\t\t\t\t\t\t\t<span class=\"ect-venue-details ect-address\">\n\t\t\t\t\t\t\t<div>Tierra de Promisi\u00f3n Hall, Jos\u00e9 Eustasio Rivera Convention Center,<span class=\"tribe-address\">\n\n\n\t<span class=\"tribe-locality\">Neiva<\/span><span class=\"tribe-delimiter\">,<\/span>\n\n\n\t<span class=\"tribe-postal-code\">410001<\/span>\n\n\t<span class=\"tribe-country-name\">Colombia<\/span>\n\n<\/span>\n<\/div><span class=\"ect-google\"><a class=\"tribe-events-gmap\" href=\"https:\/\/maps.google.com\/maps?f=q&#038;source=s_q&#038;hl=en&#038;geocode=&#038;q=Neiva+410001+Colombia\" title=\"Click to view a Google Map\" target=\"_blank\" rel=\"noreferrer noopener\">+ Google Map<\/a><\/span><\/span><\/div><\/div><div class=\"ect-timeline-footer\">      <div class=\"ect-lslist-event-detail\">\n        <a href=\"https:\/\/wcms.com.co\/en\/event\/conversatorio-ciencia-abierta\/\" title=\"Conversation: Open Science\" rel=\"bookmark\">Find out more<\/a>\n        <\/div><\/div><\/div><\/div><div id=\"post-4213\" class=\"ect-timeline-post even ect-simple-event style-2 all\"><div class=\"timeline-dots\"><\/div><div class=\"timeline-content even\"><div class=\"ect-timeline-header\"><a class=\"timeline-ev-img\" href=\"https:\/\/wcms.com.co\/en\/event\/ponencia-inteligencia-artificial-al-servicio-de-las-intervenciones-en-salud-publica-contra-el-evento-dengue-presente-y-futuro\/\"><img src= \"https:\/\/wcms.com.co\/wp-content\/uploads\/2022\/10\/banner-wcms-2022-rectora--1024x256.png\"\/><\/a><div class=\"ect-date-area timeline-view-schedule\"><span class=\"ev-day\">16<\/span>\n\t\t\t\t\t\t\t\t\t<span class=\"ev-mo\">November<\/span>\n\t\t\t\t\t\t\t\t\t<span class=\"ev-yr\">2023<\/span>\n\t\t\t\t\t\t\t\t\t<span class=\"ev-time\"><span class=\"ect-icon\"><i class=\"ect-icon-clock\"><\/i><\/span> 11:00 am - 11:20 pm<\/span>\n\t\t\t\t\t\t\t\t\t<\/div><\/div><div class=\"ect-timeline-main-content\"><h2 class=\"content-title\"><a class=\"ect-event-url\" href=\"https:\/\/wcms.com.co\/en\/event\/ponencia-inteligencia-artificial-al-servicio-de-las-intervenciones-en-salud-publica-contra-el-evento-dengue-presente-y-futuro\/\" rel=\"bookmark\">Lecture: Artificial intelligence at the service of public health interventions against the dengue event. Present and future<\/a><\/h2><!-- Event Content --><div class=\"ect-event-content\"><p>MAYRA MERCEDES RUBIANO, Fundaci\u00f3n Universitaria Navarra - UNINAVARRA, Neiva, Huila, Colombia<\/p>\n<\/div><\/div><div class=\"ect-timeline-footer\">      <div class=\"ect-lslist-event-detail\">\n        <a href=\"https:\/\/wcms.com.co\/en\/event\/ponencia-inteligencia-artificial-al-servicio-de-las-intervenciones-en-salud-publica-contra-el-evento-dengue-presente-y-futuro\/\" title=\"Lecture: Artificial intelligence at the service of public health interventions against the dengue event. Present and future\" rel=\"bookmark\">Find out more<\/a>\n        <\/div><\/div><\/div><\/div><div id=\"post-4208\" class=\"ect-timeline-post even ect-simple-event style-2 all\"><div class=\"timeline-dots\"><\/div><div class=\"timeline-content even\"><div class=\"ect-timeline-header\"><a class=\"timeline-ev-img\" href=\"https:\/\/wcms.com.co\/en\/event\/ponencia-magistral-clasificacion-de-gesturas-de-agarre-para-protesis-roboticas-de-mano-mediante-redes-neuronales-profundas\/\"><img src= \"https:\/\/wcms.com.co\/wp-content\/uploads\/2023\/10\/Ruthber-Rodriguez-1-1024x478.png\"\/><\/a><div class=\"ect-date-area timeline-view-schedule\"><span class=\"ev-day\">16<\/span>\n\t\t\t\t\t\t\t\t\t<span class=\"ev-mo\">November<\/span>\n\t\t\t\t\t\t\t\t\t<span class=\"ev-yr\">2023<\/span>\n\t\t\t\t\t\t\t\t\t<span class=\"ev-time\"><span class=\"ect-icon\"><i class=\"ect-icon-clock\"><\/i><\/span> 11:20 am - 12:00 pm<\/span>\n\t\t\t\t\t\t\t\t\t<\/div><\/div><div class=\"ect-timeline-main-content\"><h2 class=\"content-title\"><a class=\"ect-event-url\" href=\"https:\/\/wcms.com.co\/en\/event\/ponencia-magistral-clasificacion-de-gesturas-de-agarre-para-protesis-roboticas-de-mano-mediante-redes-neuronales-profundas\/\" rel=\"bookmark\">Keynote lecture: Classification of grasping gestures for robotic hand prostheses using deep neural networks.<\/a><\/h2><!-- Event Content --><div class=\"ect-event-content\"><p>RUTHBER RODR\u00cdGUEZ, Corporaci\u00f3n Universitaria del Huila - CORHUILA, Neiva, Huila, Colombia<\/p>\n<\/div><div class=\"timeline-view-venue\"><span class=\"ect-icon\"><i class=\"ect-icon-location\"><\/i><\/span><!-- Event Venue Info -->\n\t\t\t\t\t\t\t<span class=\"ect-venue-details ect-address\">\n\t\t\t\t\t\t\t<div>Tierra de Promisi\u00f3n Hall, Jos\u00e9 Eustasio Rivera Convention Center,<span class=\"tribe-address\">\n\n\n\t<span class=\"tribe-locality\">Neiva<\/span><span class=\"tribe-delimiter\">,<\/span>\n\n\n\t<span class=\"tribe-postal-code\">410001<\/span>\n\n\t<span class=\"tribe-country-name\">Colombia<\/span>\n\n<\/span>\n<\/div><span class=\"ect-google\"><a class=\"tribe-events-gmap\" href=\"https:\/\/maps.google.com\/maps?f=q&#038;source=s_q&#038;hl=en&#038;geocode=&#038;q=Neiva+410001+Colombia\" title=\"Click to view a Google Map\" target=\"_blank\" rel=\"noreferrer noopener\">+ Google Map<\/a><\/span><\/span><\/div><\/div><div class=\"ect-timeline-footer\">      <div class=\"ect-lslist-event-detail\">\n        <a href=\"https:\/\/wcms.com.co\/en\/event\/ponencia-magistral-clasificacion-de-gesturas-de-agarre-para-protesis-roboticas-de-mano-mediante-redes-neuronales-profundas\/\" title=\"Keynote lecture: Classification of grasping gestures for robotic hand prostheses using deep neural networks.\" rel=\"bookmark\">Find out more<\/a>\n        <\/div><\/div><\/div><\/div><div id=\"post-4449\" class=\"ect-timeline-post even ect-simple-event style-2 all\"><div class=\"timeline-dots\"><\/div><div class=\"timeline-content even\"><div class=\"ect-timeline-header\"><a class=\"timeline-ev-img\" href=\"https:\/\/wcms.com.co\/en\/event\/almuerzo-libre-4\/\"><img src= \"https:\/\/wcms.com.co\/wp-content\/uploads\/2022\/10\/banner-wcms-2022-rectora--1024x256.png\"\/><\/a><div class=\"ect-date-area timeline-view-schedule\"><span class=\"ev-day\">16<\/span>\n\t\t\t\t\t\t\t\t\t<span class=\"ev-mo\">November<\/span>\n\t\t\t\t\t\t\t\t\t<span class=\"ev-yr\">2023<\/span>\n\t\t\t\t\t\t\t\t\t<span class=\"ev-time\"><span class=\"ect-icon\"><i class=\"ect-icon-clock\"><\/i><\/span> 12:00 pm - 2:00 pm<\/span>\n\t\t\t\t\t\t\t\t\t<\/div><\/div><div class=\"ect-timeline-main-content\"><h2 class=\"content-title\"><a class=\"ect-event-url\" href=\"https:\/\/wcms.com.co\/en\/event\/almuerzo-libre-4\/\" rel=\"bookmark\">Lunch break<\/a><\/h2><!-- Event Content --><div class=\"ect-event-content\"><p>Lunch break<\/p>\n<\/div><div class=\"timeline-view-venue\"><span class=\"ect-icon\"><i class=\"ect-icon-location\"><\/i><\/span><!-- Event Venue Info -->\n\t\t\t\t\t\t\t<span class=\"ect-venue-details ect-address\">\n\t\t\t\t\t\t\t<div>Tierra de Promisi\u00f3n Hall, Jos\u00e9 Eustasio Rivera Convention Center,<span class=\"tribe-address\">\n\n\n\t<span class=\"tribe-locality\">Neiva<\/span><span class=\"tribe-delimiter\">,<\/span>\n\n\n\t<span class=\"tribe-postal-code\">410001<\/span>\n\n\t<span class=\"tribe-country-name\">Colombia<\/span>\n\n<\/span>\n<\/div><span class=\"ect-google\"><a class=\"tribe-events-gmap\" href=\"https:\/\/maps.google.com\/maps?f=q&#038;source=s_q&#038;hl=en&#038;geocode=&#038;q=Neiva+410001+Colombia\" title=\"Click to view a Google Map\" target=\"_blank\" rel=\"noreferrer noopener\">+ Google Map<\/a><\/span><\/span><\/div><\/div><div class=\"ect-timeline-footer\">      <div class=\"ect-lslist-event-detail\">\n        <a href=\"https:\/\/wcms.com.co\/en\/event\/almuerzo-libre-4\/\" title=\"Lunch break\" rel=\"bookmark\">Find out more<\/a>\n        <\/div><\/div><\/div><\/div><div id=\"post-4474\" class=\"ect-timeline-post even ect-simple-event style-2 all\"><div class=\"timeline-dots\"><\/div><div class=\"timeline-content even\"><div class=\"ect-timeline-header\"><a class=\"timeline-ev-img\" href=\"https:\/\/wcms.com.co\/en\/event\/ponencia-magistral-inteligencia-artificial-para-medicos\/\"><img src= \"https:\/\/wcms.com.co\/wp-content\/uploads\/2022\/10\/banner-wcms-2022-rectora--1024x256.png\"\/><\/a><div class=\"ect-date-area timeline-view-schedule\"><span class=\"ev-day\">16<\/span>\n\t\t\t\t\t\t\t\t\t<span class=\"ev-mo\">November<\/span>\n\t\t\t\t\t\t\t\t\t<span class=\"ev-yr\">2023<\/span>\n\t\t\t\t\t\t\t\t\t<span class=\"ev-time\"><span class=\"ect-icon\"><i class=\"ect-icon-clock\"><\/i><\/span> 2:00 pm - 2:40 pm<\/span>\n\t\t\t\t\t\t\t\t\t<\/div><\/div><div class=\"ect-timeline-main-content\"><h2 class=\"content-title\"><a class=\"ect-event-url\" href=\"https:\/\/wcms.com.co\/en\/event\/ponencia-magistral-inteligencia-artificial-para-medicos\/\" rel=\"bookmark\">Keynote: Artificial Intelligence for Physicians<\/a><\/h2><!-- Event Content --><div class=\"ect-event-content\"><p>FABRICIO SALAS GUERRERO AIpocrates, Bogot\u00e1, Colombia<\/p>\n<\/div><div class=\"timeline-view-venue\"><span class=\"ect-icon\"><i class=\"ect-icon-location\"><\/i><\/span><!-- Event Venue Info -->\n\t\t\t\t\t\t\t<span class=\"ect-venue-details ect-address\">\n\t\t\t\t\t\t\t<div>Tierra de Promisi\u00f3n Hall, Jos\u00e9 Eustasio Rivera Convention Center,<span class=\"tribe-address\">\n\n\n\t<span class=\"tribe-locality\">Neiva<\/span><span class=\"tribe-delimiter\">,<\/span>\n\n\n\t<span class=\"tribe-postal-code\">410001<\/span>\n\n\t<span class=\"tribe-country-name\">Colombia<\/span>\n\n<\/span>\n<\/div><span class=\"ect-google\"><a class=\"tribe-events-gmap\" href=\"https:\/\/maps.google.com\/maps?f=q&#038;source=s_q&#038;hl=en&#038;geocode=&#038;q=Neiva+410001+Colombia\" title=\"Click to view a Google Map\" target=\"_blank\" rel=\"noreferrer noopener\">+ Google Map<\/a><\/span><\/span><\/div><\/div><div class=\"ect-timeline-footer\">      <div class=\"ect-lslist-event-detail\">\n        <a href=\"https:\/\/wcms.com.co\/en\/event\/ponencia-magistral-inteligencia-artificial-para-medicos\/\" title=\"Keynote: Artificial Intelligence for Physicians\" rel=\"bookmark\">Find out more<\/a>\n        <\/div><\/div><\/div><\/div><div id=\"post-4089\" class=\"ect-timeline-post even ect-simple-event style-2 all\"><div class=\"timeline-dots\"><\/div><div class=\"timeline-content even\"><div class=\"ect-timeline-header\"><a class=\"timeline-ev-img\" href=\"https:\/\/wcms.com.co\/en\/event\/ponencia-magistral-2\/\"><img src= \"https:\/\/wcms.com.co\/wp-content\/uploads\/2023\/10\/Taishi-Hirai-1024x478.png\"\/><\/a><div class=\"ect-date-area timeline-view-schedule\"><span class=\"ev-day\">16<\/span>\n\t\t\t\t\t\t\t\t\t<span class=\"ev-mo\">November<\/span>\n\t\t\t\t\t\t\t\t\t<span class=\"ev-yr\">2023<\/span>\n\t\t\t\t\t\t\t\t\t<span class=\"ev-time\"><span class=\"ect-icon\"><i class=\"ect-icon-clock\"><\/i><\/span> 2:40 pm - 3:20 pm<\/span>\n\t\t\t\t\t\t\t\t\t<\/div><\/div><div class=\"ect-timeline-main-content\"><h2 class=\"content-title\"><a class=\"ect-event-url\" href=\"https:\/\/wcms.com.co\/en\/event\/ponencia-magistral-2\/\" rel=\"bookmark\">Keynote presentation: Robotic-assisted PCI in the United States<\/a><\/h2><!-- Event Content --><div class=\"ect-event-content\"><p>Dr. TAISHI HIRAI, University of Missouri, USA<\/p>\n<\/div><div class=\"timeline-view-venue\"><span class=\"ect-icon\"><i class=\"ect-icon-location\"><\/i><\/span><!-- Event Venue Info -->\n\t\t\t\t\t\t\t<span class=\"ect-venue-details ect-address\">\n\t\t\t\t\t\t\t<div>Tierra de Promisi\u00f3n Hall, Jos\u00e9 Eustasio Rivera Convention Center,<span class=\"tribe-address\">\n\n\n\t<span class=\"tribe-locality\">Neiva<\/span><span class=\"tribe-delimiter\">,<\/span>\n\n\n\t<span class=\"tribe-postal-code\">410001<\/span>\n\n\t<span class=\"tribe-country-name\">Colombia<\/span>\n\n<\/span>\n<\/div><span class=\"ect-google\"><a class=\"tribe-events-gmap\" href=\"https:\/\/maps.google.com\/maps?f=q&#038;source=s_q&#038;hl=en&#038;geocode=&#038;q=Neiva+410001+Colombia\" title=\"Click to view a Google Map\" target=\"_blank\" rel=\"noreferrer noopener\">+ Google Map<\/a><\/span><\/span><\/div><\/div><div class=\"ect-timeline-footer\">      <div class=\"ect-lslist-event-detail\">\n        <a href=\"https:\/\/wcms.com.co\/en\/event\/ponencia-magistral-2\/\" title=\"Keynote presentation: Robotic-assisted PCI in the United States\" rel=\"bookmark\">Find out more<\/a>\n        <\/div><\/div><\/div><\/div><div id=\"post-4226\" class=\"ect-timeline-post even ect-simple-event style-2 all\"><div class=\"timeline-dots\"><\/div><div class=\"timeline-content even\"><div class=\"ect-timeline-header\"><a class=\"timeline-ev-img\" href=\"https:\/\/wcms.com.co\/en\/event\/ponencia-desafios-y-riesgos-de-la-implementacion-de-la-inteligencia-artificial-en-entornos-educativos-digitales\/\"><img src= \"https:\/\/wcms.com.co\/wp-content\/uploads\/2022\/10\/banner-wcms-2022-rectora--1024x256.png\"\/><\/a><div class=\"ect-date-area timeline-view-schedule\"><span class=\"ev-day\">16<\/span>\n\t\t\t\t\t\t\t\t\t<span class=\"ev-mo\">November<\/span>\n\t\t\t\t\t\t\t\t\t<span class=\"ev-yr\">2023<\/span>\n\t\t\t\t\t\t\t\t\t<span class=\"ev-time\"><span class=\"ect-icon\"><i class=\"ect-icon-clock\"><\/i><\/span> 3:20 pm - 4:00 pm<\/span>\n\t\t\t\t\t\t\t\t\t<\/div><\/div><div class=\"ect-timeline-main-content\"><h2 class=\"content-title\"><a class=\"ect-event-url\" href=\"https:\/\/wcms.com.co\/en\/event\/ponencia-desafios-y-riesgos-de-la-implementacion-de-la-inteligencia-artificial-en-entornos-educativos-digitales\/\" rel=\"bookmark\">Lecture: Challenges and risks of the implementation of artificial intelligence in digital educational environments.<\/a><\/h2><!-- Event Content --><div class=\"ect-event-content\"><p>MILENA PATRICIA ROJAS, Universidad de la Sabana, Bogota, Colombia<\/p>\n<\/div><div class=\"timeline-view-venue\"><span class=\"ect-icon\"><i class=\"ect-icon-location\"><\/i><\/span><!-- Event Venue Info -->\n\t\t\t\t\t\t\t<span class=\"ect-venue-details ect-address\">\n\t\t\t\t\t\t\t<div>Tierra de Promisi\u00f3n Hall, Jos\u00e9 Eustasio Rivera Convention Center,<span class=\"tribe-address\">\n\n\n\t<span class=\"tribe-locality\">Neiva<\/span><span class=\"tribe-delimiter\">,<\/span>\n\n\n\t<span class=\"tribe-postal-code\">410001<\/span>\n\n\t<span class=\"tribe-country-name\">Colombia<\/span>\n\n<\/span>\n<\/div><span class=\"ect-google\"><a class=\"tribe-events-gmap\" href=\"https:\/\/maps.google.com\/maps?f=q&#038;source=s_q&#038;hl=en&#038;geocode=&#038;q=Neiva+410001+Colombia\" title=\"Click to view a Google Map\" target=\"_blank\" rel=\"noreferrer noopener\">+ Google Map<\/a><\/span><\/span><\/div><\/div><div class=\"ect-timeline-footer\">      <div class=\"ect-lslist-event-detail\">\n        <a href=\"https:\/\/wcms.com.co\/en\/event\/ponencia-desafios-y-riesgos-de-la-implementacion-de-la-inteligencia-artificial-en-entornos-educativos-digitales\/\" title=\"Lecture: Challenges and risks of the implementation of artificial intelligence in digital educational environments.\" rel=\"bookmark\">Find out more<\/a>\n        <\/div><\/div><\/div><\/div><div id=\"post-4451\" class=\"ect-timeline-post even ect-simple-event style-2 all\"><div class=\"timeline-dots\"><\/div><div class=\"timeline-content even\"><div class=\"ect-timeline-header\"><a class=\"timeline-ev-img\" href=\"https:\/\/wcms.com.co\/en\/event\/receso-4\/\"><img src= \"https:\/\/wcms.com.co\/wp-content\/uploads\/2022\/10\/banner-wcms-2022-rectora--1024x256.png\"\/><\/a><div class=\"ect-date-area timeline-view-schedule\"><span class=\"ev-day\">16<\/span>\n\t\t\t\t\t\t\t\t\t<span class=\"ev-mo\">November<\/span>\n\t\t\t\t\t\t\t\t\t<span class=\"ev-yr\">2023<\/span>\n\t\t\t\t\t\t\t\t\t<span class=\"ev-time\"><span class=\"ect-icon\"><i class=\"ect-icon-clock\"><\/i><\/span> 4:00 pm - 4:20 pm<\/span>\n\t\t\t\t\t\t\t\t\t<\/div><\/div><div class=\"ect-timeline-main-content\"><h2 class=\"content-title\"><a class=\"ect-event-url\" href=\"https:\/\/wcms.com.co\/en\/event\/receso-4\/\" rel=\"bookmark\">Recess<\/a><\/h2><!-- Event Content --><div class=\"ect-event-content\"><p>Recess<\/p>\n<\/div><div class=\"timeline-view-venue\"><span class=\"ect-icon\"><i class=\"ect-icon-location\"><\/i><\/span><!-- Event Venue Info -->\n\t\t\t\t\t\t\t<span class=\"ect-venue-details ect-address\">\n\t\t\t\t\t\t\t<div>Tierra de Promisi\u00f3n Hall, Jos\u00e9 Eustasio Rivera Convention Center,<span class=\"tribe-address\">\n\n\n\t<span class=\"tribe-locality\">Neiva<\/span><span class=\"tribe-delimiter\">,<\/span>\n\n\n\t<span class=\"tribe-postal-code\">410001<\/span>\n\n\t<span class=\"tribe-country-name\">Colombia<\/span>\n\n<\/span>\n<\/div><span class=\"ect-google\"><a class=\"tribe-events-gmap\" href=\"https:\/\/maps.google.com\/maps?f=q&#038;source=s_q&#038;hl=en&#038;geocode=&#038;q=Neiva+410001+Colombia\" title=\"Click to view a Google Map\" target=\"_blank\" rel=\"noreferrer noopener\">+ Google Map<\/a><\/span><\/span><\/div><\/div><div class=\"ect-timeline-footer\">      <div class=\"ect-lslist-event-detail\">\n        <a href=\"https:\/\/wcms.com.co\/en\/event\/receso-4\/\" title=\"Recess\" rel=\"bookmark\">Find out more<\/a>\n        <\/div><\/div><\/div><\/div><div id=\"post-4228\" class=\"ect-timeline-post even ect-simple-event style-2 all\"><div class=\"timeline-dots\"><\/div><div class=\"timeline-content even\"><div class=\"ect-timeline-header\"><a class=\"timeline-ev-img\" href=\"https:\/\/wcms.com.co\/en\/event\/ponencia-magistral-4\/\"><img src= \"https:\/\/wcms.com.co\/wp-content\/uploads\/2022\/10\/banner-wcms-2022-rectora--1024x256.png\"\/><\/a><div class=\"ect-date-area timeline-view-schedule\"><span class=\"ev-day\">16<\/span>\n\t\t\t\t\t\t\t\t\t<span class=\"ev-mo\">November<\/span>\n\t\t\t\t\t\t\t\t\t<span class=\"ev-yr\">2023<\/span>\n\t\t\t\t\t\t\t\t\t<span class=\"ev-time\"><span class=\"ect-icon\"><i class=\"ect-icon-clock\"><\/i><\/span> 4:20 pm - 5:00 pm<\/span>\n\t\t\t\t\t\t\t\t\t<\/div><\/div><div class=\"ect-timeline-main-content\"><h2 class=\"content-title\"><a class=\"ect-event-url\" href=\"https:\/\/wcms.com.co\/en\/event\/ponencia-magistral-4\/\" rel=\"bookmark\">Keynote: Artificial Intelligence in Business: What do organizations need to change to take advantage of Artificial Intelligence?<\/a><\/h2><!-- Event Content --><div class=\"ect-event-content\"><p>MATEO TRUJILLO, Bogota Chamber of Commerce, Colombia<\/p>\n<\/div><div class=\"timeline-view-venue\"><span class=\"ect-icon\"><i class=\"ect-icon-location\"><\/i><\/span><!-- Event Venue Info -->\n\t\t\t\t\t\t\t<span class=\"ect-venue-details ect-address\">\n\t\t\t\t\t\t\t<div>Tierra de Promisi\u00f3n Hall, Jos\u00e9 Eustasio Rivera Convention Center,<span class=\"tribe-address\">\n\n\n\t<span class=\"tribe-locality\">Neiva<\/span><span class=\"tribe-delimiter\">,<\/span>\n\n\n\t<span class=\"tribe-postal-code\">410001<\/span>\n\n\t<span class=\"tribe-country-name\">Colombia<\/span>\n\n<\/span>\n<\/div><span class=\"ect-google\"><a class=\"tribe-events-gmap\" href=\"https:\/\/maps.google.com\/maps?f=q&#038;source=s_q&#038;hl=en&#038;geocode=&#038;q=Neiva+410001+Colombia\" title=\"Click to view a Google Map\" target=\"_blank\" rel=\"noreferrer noopener\">+ Google Map<\/a><\/span><\/span><\/div><\/div><div class=\"ect-timeline-footer\">      <div class=\"ect-lslist-event-detail\">\n        <a href=\"https:\/\/wcms.com.co\/en\/event\/ponencia-magistral-4\/\" title=\"Keynote: Artificial Intelligence in Business: What do organizations need to change to take advantage of Artificial Intelligence?\" rel=\"bookmark\">Find out more<\/a>\n        <\/div><\/div><\/div><\/div><div id=\"post-4230\" class=\"ect-timeline-post even ect-simple-event style-2 all\"><div class=\"timeline-dots\"><\/div><div class=\"timeline-content even\"><div class=\"ect-timeline-header\"><a class=\"timeline-ev-img\" href=\"https:\/\/wcms.com.co\/en\/event\/ponencia-la-inteligencia-artificial-una-oportunidad-para-la-formacion-a-lo-largo-de-la-vida-para-fortalecer-las-capacidades-en-poblaciones-vulnerables\/\"><img src= \"https:\/\/wcms.com.co\/wp-content\/uploads\/2022\/10\/banner-wcms-2022-rectora--1024x256.png\"\/><\/a><div class=\"ect-date-area timeline-view-schedule\"><span class=\"ev-day\">16<\/span>\n\t\t\t\t\t\t\t\t\t<span class=\"ev-mo\">November<\/span>\n\t\t\t\t\t\t\t\t\t<span class=\"ev-yr\">2023<\/span>\n\t\t\t\t\t\t\t\t\t<span class=\"ev-time\"><span class=\"ect-icon\"><i class=\"ect-icon-clock\"><\/i><\/span> 5:00 pm - 5:40 pm<\/span>\n\t\t\t\t\t\t\t\t\t<\/div><\/div><div class=\"ect-timeline-main-content\"><h2 class=\"content-title\"><a class=\"ect-event-url\" href=\"https:\/\/wcms.com.co\/en\/event\/ponencia-la-inteligencia-artificial-una-oportunidad-para-la-formacion-a-lo-largo-de-la-vida-para-fortalecer-las-capacidades-en-poblaciones-vulnerables\/\" rel=\"bookmark\">Presentation: Artificial intelligence, an opportunity for lifelong learning to strengthen capacities in vulnerable populations.<\/a><\/h2><!-- Event Content --><div class=\"ect-event-content\"><p>JEFFERSON ARIAS, Universidad de la Sabana, Bogota, Colombia<\/p>\n<\/div><div class=\"timeline-view-venue\"><span class=\"ect-icon\"><i class=\"ect-icon-location\"><\/i><\/span><!-- Event Venue Info -->\n\t\t\t\t\t\t\t<span class=\"ect-venue-details ect-address\">\n\t\t\t\t\t\t\t<div>Tierra de Promisi\u00f3n Hall, Jos\u00e9 Eustasio Rivera Convention Center,<span class=\"tribe-address\">\n\n\n\t<span class=\"tribe-locality\">Neiva<\/span><span class=\"tribe-delimiter\">,<\/span>\n\n\n\t<span class=\"tribe-postal-code\">410001<\/span>\n\n\t<span class=\"tribe-country-name\">Colombia<\/span>\n\n<\/span>\n<\/div><span class=\"ect-google\"><a class=\"tribe-events-gmap\" href=\"https:\/\/maps.google.com\/maps?f=q&#038;source=s_q&#038;hl=en&#038;geocode=&#038;q=Neiva+410001+Colombia\" title=\"Click to view a Google Map\" target=\"_blank\" rel=\"noreferrer noopener\">+ Google Map<\/a><\/span><\/span><\/div><\/div><div class=\"ect-timeline-footer\">      <div class=\"ect-lslist-event-detail\">\n        <a href=\"https:\/\/wcms.com.co\/en\/event\/ponencia-la-inteligencia-artificial-una-oportunidad-para-la-formacion-a-lo-largo-de-la-vida-para-fortalecer-las-capacidades-en-poblaciones-vulnerables\/\" title=\"Presentation: Artificial intelligence, an opportunity for lifelong learning to strengthen capacities in vulnerable populations.\" rel=\"bookmark\">Find out more<\/a>\n        <\/div><\/div><\/div><\/div><div id=\"post-4232\" class=\"ect-timeline-post even ect-simple-event style-2 all\"><div class=\"timeline-dots\"><\/div><div class=\"timeline-content even\"><div class=\"ect-timeline-header\"><a class=\"timeline-ev-img\" href=\"https:\/\/wcms.com.co\/en\/event\/ponencia-aprendizaje-experiencial-e-inteligencia-artificial-implicaciones-pedagogicas-y-eticas-en-educacion-superior\/\"><img src= \"https:\/\/wcms.com.co\/wp-content\/uploads\/2022\/10\/banner-wcms-2022-rectora--1024x256.png\"\/><\/a><div class=\"ect-date-area timeline-view-schedule\"><span class=\"ev-day\">16<\/span>\n\t\t\t\t\t\t\t\t\t<span class=\"ev-mo\">November<\/span>\n\t\t\t\t\t\t\t\t\t<span class=\"ev-yr\">2023<\/span>\n\t\t\t\t\t\t\t\t\t<span class=\"ev-time\"><span class=\"ect-icon\"><i class=\"ect-icon-clock\"><\/i><\/span> 5:40 pm - 6:20 pm<\/span>\n\t\t\t\t\t\t\t\t\t<\/div><\/div><div class=\"ect-timeline-main-content\"><h2 class=\"content-title\"><a class=\"ect-event-url\" href=\"https:\/\/wcms.com.co\/en\/event\/ponencia-aprendizaje-experiencial-e-inteligencia-artificial-implicaciones-pedagogicas-y-eticas-en-educacion-superior\/\" rel=\"bookmark\">Lecture: Experiential Learning and Artificial Intelligence: pedagogical and ethical implications in higher education.<\/a><\/h2><!-- Event Content --><div class=\"ect-event-content\"><p>NELSON IV\u00c1N BEDOYA, Universidad de la Sabana, Bogota, Colombia<\/p>\n<\/div><div class=\"timeline-view-venue\"><span class=\"ect-icon\"><i class=\"ect-icon-location\"><\/i><\/span><!-- Event Venue Info -->\n\t\t\t\t\t\t\t<span class=\"ect-venue-details ect-address\">\n\t\t\t\t\t\t\t<div>Tierra de Promisi\u00f3n Hall, Jos\u00e9 Eustasio Rivera Convention Center,<span class=\"tribe-address\">\n\n\n\t<span class=\"tribe-locality\">Neiva<\/span><span class=\"tribe-delimiter\">,<\/span>\n\n\n\t<span class=\"tribe-postal-code\">410001<\/span>\n\n\t<span class=\"tribe-country-name\">Colombia<\/span>\n\n<\/span>\n<\/div><span class=\"ect-google\"><a class=\"tribe-events-gmap\" href=\"https:\/\/maps.google.com\/maps?f=q&#038;source=s_q&#038;hl=en&#038;geocode=&#038;q=Neiva+410001+Colombia\" title=\"Click to view a Google Map\" target=\"_blank\" rel=\"noreferrer noopener\">+ Google Map<\/a><\/span><\/span><\/div><\/div><div class=\"ect-timeline-footer\">      <div class=\"ect-lslist-event-detail\">\n        <a href=\"https:\/\/wcms.com.co\/en\/event\/ponencia-aprendizaje-experiencial-e-inteligencia-artificial-implicaciones-pedagogicas-y-eticas-en-educacion-superior\/\" title=\"Lecture: Experiential Learning and Artificial Intelligence: pedagogical and ethical implications in higher education.\" rel=\"bookmark\">Find out more<\/a>\n        <\/div><\/div><\/div><\/div><\/div><\/div>\r\n  <\/div>\r\n  <div class=\"subtab-content\" id=\"subtab4-content\">\r\n    <!-- Contenido de subpesta\u00f1a 4 -->\r\n    <!=========Events Timeline Template 2.6.2=========><div id=\"event-timeline-wrapper\" class=\"salon-rio style-2\"><div class=\"cool-event-timeline\"><div class=\"ect-timeline-year\">\n\t\t\t\t\t\t<div class=\"year-placeholder\"><!-- Month \/ Year Headers --><span class='month-year-box'>Nov 2023<\/span><\/div>\n\t\t\t\t\t\t<\/div><div id=\"post-4320\" class=\"ect-timeline-post even ect-simple-event style-2 all\"><div class=\"timeline-dots\"><\/div><div class=\"timeline-content even\"><div class=\"ect-timeline-header\"><a class=\"timeline-ev-img\" href=\"https:\/\/wcms.com.co\/en\/event\/ponencia-trabajo-libre-efectividad-de-tres-estrategias-educativas-para-el-reconocimiento-de-signos-y-sintomas-de-trastornos-hipertensivos-en-el-embarazo-en-gestantes-que-asisten-a-una-ips\/\"><img src= \"https:\/\/wcms.com.co\/wp-content\/uploads\/2022\/10\/banner-wcms-2022-rectora--1024x256.png\"\/><\/a><div class=\"ect-date-area timeline-view-schedule\"><span class=\"ev-day\">16<\/span>\n\t\t\t\t\t\t\t\t\t<span class=\"ev-mo\">November<\/span>\n\t\t\t\t\t\t\t\t\t<span class=\"ev-yr\">2023<\/span>\n\t\t\t\t\t\t\t\t\t<span class=\"ev-time\"><span class=\"ect-icon\"><i class=\"ect-icon-clock\"><\/i><\/span> 8:00 am - 8:20 am<\/span>\n\t\t\t\t\t\t\t\t\t<\/div><\/div><div class=\"ect-timeline-main-content\"><h2 class=\"content-title\"><a class=\"ect-event-url\" href=\"https:\/\/wcms.com.co\/en\/event\/ponencia-trabajo-libre-efectividad-de-tres-estrategias-educativas-para-el-reconocimiento-de-signos-y-sintomas-de-trastornos-hipertensivos-en-el-embarazo-en-gestantes-que-asisten-a-una-ips\/\" rel=\"bookmark\">Paper - free work: Effectiveness of three educational strategies for the recognition of signs and symptoms of hypertensive disorders in pregnancy, in pregnant women attending an IPS of Neiva, year 2023.<\/a><\/h2><!-- Event Content --><div class=\"ect-event-content\"><p>FERNEY ORDO\u00d1EZ, LUIS ALEJANDRO RODR\u00cdGUEZ, BARRERA JUAN PABLO Fundaci\u00f3n Universitaria Navarra - UNINAVARRA, Neiva, Huila, Colombia<\/p>\n<\/div><div class=\"timeline-view-venue\"><span class=\"ect-icon\"><i class=\"ect-icon-location\"><\/i><\/span><!-- Event Venue Info -->\n\t\t\t\t\t\t\t<span class=\"ect-venue-details ect-address\">\n\t\t\t\t\t\t\t<div>R\u00edo Room, Jos\u00e9 Eustasio Rivera Convention Center,<span class=\"tribe-address\">\n\n\n\n\n\n\n<\/span>\n<\/div><\/span><\/div><\/div><div class=\"ect-timeline-footer\">      <div class=\"ect-lslist-event-detail\">\n        <a href=\"https:\/\/wcms.com.co\/en\/event\/ponencia-trabajo-libre-efectividad-de-tres-estrategias-educativas-para-el-reconocimiento-de-signos-y-sintomas-de-trastornos-hipertensivos-en-el-embarazo-en-gestantes-que-asisten-a-una-ips\/\" title=\"Paper - free work: Effectiveness of three educational strategies for the recognition of signs and symptoms of hypertensive disorders in pregnancy, in pregnant women attending an IPS of Neiva, year 2023.\" rel=\"bookmark\">Find out more<\/a>\n        <\/div><\/div><\/div><\/div><div id=\"post-4322\" class=\"ect-timeline-post even ect-simple-event style-2 all\"><div class=\"timeline-dots\"><\/div><div class=\"timeline-content even\"><div class=\"ect-timeline-header\"><a class=\"timeline-ev-img\" href=\"https:\/\/wcms.com.co\/en\/event\/ponencia-trabajo-libre-evaluacion-de-conocimientos-comportamientos-y-actitudes-de-los-conductores-de-motos-frente-al-cancer-de-piel-y-la-exposicion-solar\/\"><img src= \"https:\/\/wcms.com.co\/wp-content\/uploads\/2022\/10\/banner-wcms-2022-rectora--1024x256.png\"\/><\/a><div class=\"ect-date-area timeline-view-schedule\"><span class=\"ev-day\">16<\/span>\n\t\t\t\t\t\t\t\t\t<span class=\"ev-mo\">November<\/span>\n\t\t\t\t\t\t\t\t\t<span class=\"ev-yr\">2023<\/span>\n\t\t\t\t\t\t\t\t\t<span class=\"ev-time\"><span class=\"ect-icon\"><i class=\"ect-icon-clock\"><\/i><\/span> 8:20 am - 8:40 am<\/span>\n\t\t\t\t\t\t\t\t\t<\/div><\/div><div class=\"ect-timeline-main-content\"><h2 class=\"content-title\"><a class=\"ect-event-url\" href=\"https:\/\/wcms.com.co\/en\/event\/ponencia-trabajo-libre-evaluacion-de-conocimientos-comportamientos-y-actitudes-de-los-conductores-de-motos-frente-al-cancer-de-piel-y-la-exposicion-solar\/\" rel=\"bookmark\">Free paper: Evaluation of knowledge, behaviors and attitudes of motorcycle drivers regarding skin cancer and sun exposure.<\/a><\/h2><!-- Event Content --><div class=\"ect-event-content\"><p>CARLOS ANDR\u00c9S TRUJILLO BABATIVA, YAMILETH G\u00d3MEZ MOLINA, PAOLA ANDREA SARASTI ALDANA, KAREN YULIETH POLO COMETA, EIDY LORENA MAHECHA GAMBOA Fundaci\u00f3n Universitaria Navarra - UNINAVARRA, Neiva, Huila, Colombia<\/p>\n<\/div><div class=\"timeline-view-venue\"><span class=\"ect-icon\"><i class=\"ect-icon-location\"><\/i><\/span><!-- Event Venue Info -->\n\t\t\t\t\t\t\t<span class=\"ect-venue-details ect-address\">\n\t\t\t\t\t\t\t<div>R\u00edo Room, Jos\u00e9 Eustasio Rivera Convention Center,<span class=\"tribe-address\">\n\n\n\n\n\n\n<\/span>\n<\/div><\/span><\/div><\/div><div class=\"ect-timeline-footer\">      <div class=\"ect-lslist-event-detail\">\n        <a href=\"https:\/\/wcms.com.co\/en\/event\/ponencia-trabajo-libre-evaluacion-de-conocimientos-comportamientos-y-actitudes-de-los-conductores-de-motos-frente-al-cancer-de-piel-y-la-exposicion-solar\/\" title=\"Free paper: Evaluation of knowledge, behaviors and attitudes of motorcycle drivers regarding skin cancer and sun exposure.\" rel=\"bookmark\">Find out more<\/a>\n        <\/div><\/div><\/div><\/div><div id=\"post-4324\" class=\"ect-timeline-post even ect-simple-event style-2 all\"><div class=\"timeline-dots\"><\/div><div class=\"timeline-content even\"><div class=\"ect-timeline-header\"><a class=\"timeline-ev-img\" href=\"https:\/\/wcms.com.co\/en\/event\/ponencia-trabajo-libre-conocimientos-sobre-dengue-en-la-comunidad-que-habita-la-ronda-de-los-humedales-los-colores-y-curibano-en-la-ciudad-de-neiva\/\"><img src= \"https:\/\/wcms.com.co\/wp-content\/uploads\/2022\/10\/banner-wcms-2022-rectora--1024x256.png\"\/><\/a><div class=\"ect-date-area timeline-view-schedule\"><span class=\"ev-day\">16<\/span>\n\t\t\t\t\t\t\t\t\t<span class=\"ev-mo\">November<\/span>\n\t\t\t\t\t\t\t\t\t<span class=\"ev-yr\">2023<\/span>\n\t\t\t\t\t\t\t\t\t<span class=\"ev-time\"><span class=\"ect-icon\"><i class=\"ect-icon-clock\"><\/i><\/span> 8:40 am - 9:00 am<\/span>\n\t\t\t\t\t\t\t\t\t<\/div><\/div><div class=\"ect-timeline-main-content\"><h2 class=\"content-title\"><a class=\"ect-event-url\" href=\"https:\/\/wcms.com.co\/en\/event\/ponencia-trabajo-libre-conocimientos-sobre-dengue-en-la-comunidad-que-habita-la-ronda-de-los-humedales-los-colores-y-curibano-en-la-ciudad-de-neiva\/\" rel=\"bookmark\">Paper - free work: Knowledge about dengue fever in the community that inhabits the wetlands, Los Colores and Curibano, in the city of Neiva.<\/a><\/h2><!-- Event Content --><div class=\"ect-event-content\"><p>ESTHEFANNY DEL PILAR PERDOMO OSSO, KAROL VIVIANA LARA ARIAS, JENNY CONSTANZA MONTENEGRO CHITO, EDNA FABIOLA GAL\u00c1N GONZ\u00c1LEZ Fundaci\u00f3n Universitaria Navarra - UNINAVARRA, Neiva, Huila, Colombia<\/p>\n<\/div><div class=\"timeline-view-venue\"><span class=\"ect-icon\"><i class=\"ect-icon-location\"><\/i><\/span><!-- Event Venue Info -->\n\t\t\t\t\t\t\t<span class=\"ect-venue-details ect-address\">\n\t\t\t\t\t\t\t<div>R\u00edo Room, Jos\u00e9 Eustasio Rivera Convention Center,<span class=\"tribe-address\">\n\n\n\n\n\n\n<\/span>\n<\/div><\/span><\/div><\/div><div class=\"ect-timeline-footer\">      <div class=\"ect-lslist-event-detail\">\n        <a href=\"https:\/\/wcms.com.co\/en\/event\/ponencia-trabajo-libre-conocimientos-sobre-dengue-en-la-comunidad-que-habita-la-ronda-de-los-humedales-los-colores-y-curibano-en-la-ciudad-de-neiva\/\" title=\"Paper - free work: Knowledge about dengue fever in the community that inhabits the wetlands, Los Colores and Curibano, in the city of Neiva.\" rel=\"bookmark\">Find out more<\/a>\n        <\/div><\/div><\/div><\/div><div id=\"post-4326\" class=\"ect-timeline-post even ect-simple-event style-2 all\"><div class=\"timeline-dots\"><\/div><div class=\"timeline-content even\"><div class=\"ect-timeline-header\"><a class=\"timeline-ev-img\" href=\"https:\/\/wcms.com.co\/en\/event\/ponencia-trabajo-libre-analisis-de-estudios-realizados-en-america-latina-sobre-conocimientos-actitudes-y-practicas-en-prevencion-y-control-del-dengue-2012-a-2022\/\"><img src= \"https:\/\/wcms.com.co\/wp-content\/uploads\/2022\/10\/banner-wcms-2022-rectora--1024x256.png\"\/><\/a><div class=\"ect-date-area timeline-view-schedule\"><span class=\"ev-day\">16<\/span>\n\t\t\t\t\t\t\t\t\t<span class=\"ev-mo\">November<\/span>\n\t\t\t\t\t\t\t\t\t<span class=\"ev-yr\">2023<\/span>\n\t\t\t\t\t\t\t\t\t<span class=\"ev-time\"><span class=\"ect-icon\"><i class=\"ect-icon-clock\"><\/i><\/span> 9:00 am - 9:20 am<\/span>\n\t\t\t\t\t\t\t\t\t<\/div><\/div><div class=\"ect-timeline-main-content\"><h2 class=\"content-title\"><a class=\"ect-event-url\" href=\"https:\/\/wcms.com.co\/en\/event\/ponencia-trabajo-libre-analisis-de-estudios-realizados-en-america-latina-sobre-conocimientos-actitudes-y-practicas-en-prevencion-y-control-del-dengue-2012-a-2022\/\" rel=\"bookmark\">Presentation - free paper: Analysis of studies conducted in Latin America on Knowledge, Attitudes and Practices in prevention and control of dengue 2012 to 2022.<\/a><\/h2><!-- Event Content --><div class=\"ect-event-content\"><p>CAROLINA CHAUX, EDNA FABIOLA GAL\u00c1N GONZ\u00c1LEZ Fundaci\u00f3n Universitaria Navarra - UNINAVARRA, Neiva, Huila, Colombia<\/p>\n<\/div><div class=\"timeline-view-venue\"><span class=\"ect-icon\"><i class=\"ect-icon-location\"><\/i><\/span><!-- Event Venue Info -->\n\t\t\t\t\t\t\t<span class=\"ect-venue-details ect-address\">\n\t\t\t\t\t\t\t<div>R\u00edo Room, Jos\u00e9 Eustasio Rivera Convention Center,<span class=\"tribe-address\">\n\n\n\n\n\n\n<\/span>\n<\/div><\/span><\/div><\/div><div class=\"ect-timeline-footer\">      <div class=\"ect-lslist-event-detail\">\n        <a href=\"https:\/\/wcms.com.co\/en\/event\/ponencia-trabajo-libre-analisis-de-estudios-realizados-en-america-latina-sobre-conocimientos-actitudes-y-practicas-en-prevencion-y-control-del-dengue-2012-a-2022\/\" title=\"Presentation - free paper: Analysis of studies conducted in Latin America on Knowledge, Attitudes and Practices in prevention and control of dengue 2012 to 2022.\" rel=\"bookmark\">Find out more<\/a>\n        <\/div><\/div><\/div><\/div><div id=\"post-4329\" class=\"ect-timeline-post even ect-simple-event style-2 all\"><div class=\"timeline-dots\"><\/div><div class=\"timeline-content even\"><div class=\"ect-timeline-header\"><a class=\"timeline-ev-img\" href=\"https:\/\/wcms.com.co\/en\/event\/ponencia-trabajo-libre-acciones-adoptadas-por-las-familias-en-relacion-con-la-prevencion-y-el-control-de-la-transmision-del-dengue-en-el-area-de-estudio\/\"><img src= \"https:\/\/wcms.com.co\/wp-content\/uploads\/2022\/10\/banner-wcms-2022-rectora--1024x256.png\"\/><\/a><div class=\"ect-date-area timeline-view-schedule\"><span class=\"ev-day\">16<\/span>\n\t\t\t\t\t\t\t\t\t<span class=\"ev-mo\">November<\/span>\n\t\t\t\t\t\t\t\t\t<span class=\"ev-yr\">2023<\/span>\n\t\t\t\t\t\t\t\t\t<span class=\"ev-time\"><span class=\"ect-icon\"><i class=\"ect-icon-clock\"><\/i><\/span> 9:20 am - 9:40 am<\/span>\n\t\t\t\t\t\t\t\t\t<\/div><\/div><div class=\"ect-timeline-main-content\"><h2 class=\"content-title\"><a class=\"ect-event-url\" href=\"https:\/\/wcms.com.co\/en\/event\/ponencia-trabajo-libre-acciones-adoptadas-por-las-familias-en-relacion-con-la-prevencion-y-el-control-de-la-transmision-del-dengue-en-el-area-de-estudio\/\" rel=\"bookmark\">Presentation - free paper: Actions adopted by families in relation to the prevention and control of dengue transmission in the study area.<\/a><\/h2><!-- Event Content --><div class=\"ect-event-content\"><p>VALENTINA BONILLA SANTOS, MAR\u00cdA ALEJANDRA ROJAS MOSQUERA, JULIANA DE LOS ANGELES GARC\u00cdA OLIVEROS, EDNA FABIOLA GAL\u00c1N GONZ\u00c1LEZ Fundaci\u00f3n Universitaria Navarra - UNINAVARRA, Neiva, Huila, Colombia<\/p>\n<\/div><div class=\"timeline-view-venue\"><span class=\"ect-icon\"><i class=\"ect-icon-location\"><\/i><\/span><!-- Event Venue Info -->\n\t\t\t\t\t\t\t<span class=\"ect-venue-details ect-address\">\n\t\t\t\t\t\t\t<div>R\u00edo Room, Jos\u00e9 Eustasio Rivera Convention Center,<span class=\"tribe-address\">\n\n\n\n\n\n\n<\/span>\n<\/div><\/span><\/div><\/div><div class=\"ect-timeline-footer\">      <div class=\"ect-lslist-event-detail\">\n        <a href=\"https:\/\/wcms.com.co\/en\/event\/ponencia-trabajo-libre-acciones-adoptadas-por-las-familias-en-relacion-con-la-prevencion-y-el-control-de-la-transmision-del-dengue-en-el-area-de-estudio\/\" title=\"Presentation - free paper: Actions adopted by families in relation to the prevention and control of dengue transmission in the study area.\" rel=\"bookmark\">Find out more<\/a>\n        <\/div><\/div><\/div><\/div><div id=\"post-4331\" class=\"ect-timeline-post even ect-simple-event style-2 all\"><div class=\"timeline-dots\"><\/div><div class=\"timeline-content even\"><div class=\"ect-timeline-header\"><a class=\"timeline-ev-img\" href=\"https:\/\/wcms.com.co\/en\/event\/ponencia-trabajo-libre-capacidad-de-afrontamiento-y-adaptacion-del-cuidador-primario-del-paciente-con-enfermedad-renal-cronica\/\"><img src= \"https:\/\/wcms.com.co\/wp-content\/uploads\/2022\/10\/banner-wcms-2022-rectora--1024x256.png\"\/><\/a><div class=\"ect-date-area timeline-view-schedule\"><span class=\"ev-day\">16<\/span>\n\t\t\t\t\t\t\t\t\t<span class=\"ev-mo\">November<\/span>\n\t\t\t\t\t\t\t\t\t<span class=\"ev-yr\">2023<\/span>\n\t\t\t\t\t\t\t\t\t<span class=\"ev-time\"><span class=\"ect-icon\"><i class=\"ect-icon-clock\"><\/i><\/span> 9:40 am - 10:00 am<\/span>\n\t\t\t\t\t\t\t\t\t<\/div><\/div><div class=\"ect-timeline-main-content\"><h2 class=\"content-title\"><a class=\"ect-event-url\" href=\"https:\/\/wcms.com.co\/en\/event\/ponencia-trabajo-libre-capacidad-de-afrontamiento-y-adaptacion-del-cuidador-primario-del-paciente-con-enfermedad-renal-cronica\/\" rel=\"bookmark\">Lecture - free paper: Coping and adaptation skills of the primary caregiver of the patient with Chronic Kidney Disease.<\/a><\/h2><!-- Event Content --><div class=\"ect-event-content\"><p>LUCIA M\u00c9NDEZ PULIDO Fundaci\u00f3n Universitaria Navarra - UNINAVARRA, Neiva, Huila, Colombia<\/p>\n<\/div><div class=\"timeline-view-venue\"><span class=\"ect-icon\"><i class=\"ect-icon-location\"><\/i><\/span><!-- Event Venue Info -->\n\t\t\t\t\t\t\t<span class=\"ect-venue-details ect-address\">\n\t\t\t\t\t\t\t<div>R\u00edo Room, Jos\u00e9 Eustasio Rivera Convention Center,<span class=\"tribe-address\">\n\n\n\n\n\n\n<\/span>\n<\/div><\/span><\/div><\/div><div class=\"ect-timeline-footer\">      <div class=\"ect-lslist-event-detail\">\n        <a href=\"https:\/\/wcms.com.co\/en\/event\/ponencia-trabajo-libre-capacidad-de-afrontamiento-y-adaptacion-del-cuidador-primario-del-paciente-con-enfermedad-renal-cronica\/\" title=\"Lecture - free paper: Coping and adaptation skills of the primary caregiver of the patient with Chronic Kidney Disease.\" rel=\"bookmark\">Find out more<\/a>\n        <\/div><\/div><\/div><\/div><div id=\"post-4447\" class=\"ect-timeline-post even ect-simple-event style-2 all\"><div class=\"timeline-dots\"><\/div><div class=\"timeline-content even\"><div class=\"ect-timeline-header\"><a class=\"timeline-ev-img\" href=\"https:\/\/wcms.com.co\/en\/event\/receso-3\/\"><img src= \"https:\/\/wcms.com.co\/wp-content\/uploads\/2022\/10\/banner-wcms-2022-rectora--1024x256.png\"\/><\/a><div class=\"ect-date-area timeline-view-schedule\"><span class=\"ev-day\">16<\/span>\n\t\t\t\t\t\t\t\t\t<span class=\"ev-mo\">November<\/span>\n\t\t\t\t\t\t\t\t\t<span class=\"ev-yr\">2023<\/span>\n\t\t\t\t\t\t\t\t\t<span class=\"ev-time\"><span class=\"ect-icon\"><i class=\"ect-icon-clock\"><\/i><\/span> 10:00 am - 10:20 am<\/span>\n\t\t\t\t\t\t\t\t\t<\/div><\/div><div class=\"ect-timeline-main-content\"><h2 class=\"content-title\"><a class=\"ect-event-url\" href=\"https:\/\/wcms.com.co\/en\/event\/receso-3\/\" rel=\"bookmark\">Recess<\/a><\/h2><!-- Event Content --><div class=\"ect-event-content\"><p>Recess<\/p>\n<\/div><div class=\"timeline-view-venue\"><span class=\"ect-icon\"><i class=\"ect-icon-location\"><\/i><\/span><!-- Event Venue Info -->\n\t\t\t\t\t\t\t<span class=\"ect-venue-details ect-address\">\n\t\t\t\t\t\t\t<div>Tierra de Promisi\u00f3n Hall, Jos\u00e9 Eustasio Rivera Convention Center,<span class=\"tribe-address\">\n\n\n\t<span class=\"tribe-locality\">Neiva<\/span><span class=\"tribe-delimiter\">,<\/span>\n\n\n\t<span class=\"tribe-postal-code\">410001<\/span>\n\n\t<span class=\"tribe-country-name\">Colombia<\/span>\n\n<\/span>\n<\/div><span class=\"ect-google\"><a class=\"tribe-events-gmap\" href=\"https:\/\/maps.google.com\/maps?f=q&#038;source=s_q&#038;hl=en&#038;geocode=&#038;q=Neiva+410001+Colombia\" title=\"Click to view a Google Map\" target=\"_blank\" rel=\"noreferrer noopener\">+ Google Map<\/a><\/span><\/span><\/div><\/div><div class=\"ect-timeline-footer\">      <div class=\"ect-lslist-event-detail\">\n        <a href=\"https:\/\/wcms.com.co\/en\/event\/receso-3\/\" title=\"Recess\" rel=\"bookmark\">Find out more<\/a>\n        <\/div><\/div><\/div><\/div><div id=\"post-4333\" class=\"ect-timeline-post even ect-simple-event style-2 all\"><div class=\"timeline-dots\"><\/div><div class=\"timeline-content even\"><div class=\"ect-timeline-header\"><a class=\"timeline-ev-img\" href=\"https:\/\/wcms.com.co\/en\/event\/ponencia-trabajo-libre-diseno-consideraciones-y-analisis-estatico-a-una-protesis-bipolar-de-codo-para-atc-enfocada-en-humero-cubito\/\"><img src= \"https:\/\/wcms.com.co\/wp-content\/uploads\/2022\/10\/banner-wcms-2022-rectora--1024x256.png\"\/><\/a><div class=\"ect-date-area timeline-view-schedule\"><span class=\"ev-day\">16<\/span>\n\t\t\t\t\t\t\t\t\t<span class=\"ev-mo\">November<\/span>\n\t\t\t\t\t\t\t\t\t<span class=\"ev-yr\">2023<\/span>\n\t\t\t\t\t\t\t\t\t<span class=\"ev-time\"><span class=\"ect-icon\"><i class=\"ect-icon-clock\"><\/i><\/span> 10:20 am - 10:40 am<\/span>\n\t\t\t\t\t\t\t\t\t<\/div><\/div><div class=\"ect-timeline-main-content\"><h2 class=\"content-title\"><a class=\"ect-event-url\" href=\"https:\/\/wcms.com.co\/en\/event\/ponencia-trabajo-libre-diseno-consideraciones-y-analisis-estatico-a-una-protesis-bipolar-de-codo-para-atc-enfocada-en-humero-cubito\/\" rel=\"bookmark\">Paper - free work: Design, considerations and static analysis of a bipolar elbow prosthesis for CTA focused on humerus - ulna.<\/a><\/h2><!-- Event Content --><div class=\"ect-event-content\"><p>EMILIANO GUANIPA GARC\u00cdA, MICHAEL TOVAR TOVAR, RUTHBER RODR\u00cdGUEZ SERREZUELA, LEONARDO BROCHE VAZQUEZ Corporaci\u00f3n Universitaroa del Huila - CORHUILA, Neiva, Huila, Colombia<\/p>\n<\/div><div class=\"timeline-view-venue\"><span class=\"ect-icon\"><i class=\"ect-icon-location\"><\/i><\/span><!-- Event Venue Info -->\n\t\t\t\t\t\t\t<span class=\"ect-venue-details ect-address\">\n\t\t\t\t\t\t\t<div>R\u00edo Room, Jos\u00e9 Eustasio Rivera Convention Center,<span class=\"tribe-address\">\n\n\n\n\n\n\n<\/span>\n<\/div><\/span><\/div><\/div><div class=\"ect-timeline-footer\">      <div class=\"ect-lslist-event-detail\">\n        <a href=\"https:\/\/wcms.com.co\/en\/event\/ponencia-trabajo-libre-diseno-consideraciones-y-analisis-estatico-a-una-protesis-bipolar-de-codo-para-atc-enfocada-en-humero-cubito\/\" title=\"Paper - free work: Design, considerations and static analysis of a bipolar elbow prosthesis for CTA focused on humerus - ulna.\" rel=\"bookmark\">Find out more<\/a>\n        <\/div><\/div><\/div><\/div><div id=\"post-4335\" class=\"ect-timeline-post even ect-simple-event style-2 all\"><div class=\"timeline-dots\"><\/div><div class=\"timeline-content even\"><div class=\"ect-timeline-header\"><a class=\"timeline-ev-img\" href=\"https:\/\/wcms.com.co\/en\/event\/ponencia-trabajo-libre-situacion-del-registro-de-marca-de-productos-y-servicios-de-los-comerciantes-en-la-ciudad-de-neiva-ante-la-superintendencia-de-industria-y-comercio-2020-2023\/\"><img src= \"https:\/\/wcms.com.co\/wp-content\/uploads\/2022\/10\/banner-wcms-2022-rectora--1024x256.png\"\/><\/a><div class=\"ect-date-area timeline-view-schedule\"><span class=\"ev-day\">16<\/span>\n\t\t\t\t\t\t\t\t\t<span class=\"ev-mo\">November<\/span>\n\t\t\t\t\t\t\t\t\t<span class=\"ev-yr\">2023<\/span>\n\t\t\t\t\t\t\t\t\t<span class=\"ev-time\"><span class=\"ect-icon\"><i class=\"ect-icon-clock\"><\/i><\/span> 10:40 am - 11:00 am<\/span>\n\t\t\t\t\t\t\t\t\t<\/div><\/div><div class=\"ect-timeline-main-content\"><h2 class=\"content-title\"><a class=\"ect-event-url\" href=\"https:\/\/wcms.com.co\/en\/event\/ponencia-trabajo-libre-situacion-del-registro-de-marca-de-productos-y-servicios-de-los-comerciantes-en-la-ciudad-de-neiva-ante-la-superintendencia-de-industria-y-comercio-2020-2023\/\" rel=\"bookmark\">Lecture - free paper: Status of trademark registration of products and services of traders in the city of Neiva before the Superintendence of Industry and Commerce (2020-2023).<\/a><\/h2><!-- Event Content --><div class=\"ect-event-content\"><p>JHON FABIO MARIN, YERLYLY TATIANA C\u00d3RDOBA, CESAR AUGUSTO PASTRANA, CRISTIAN MAURICIO BENITES, CRISTIAN ALEXIS LOSADA, JHON ALIRIO RINC\u00d3N, ANDR\u00c9S VALENZUELA, JUAN CARLOS BARBOSA Fundaci\u00f3n Universitaria Navarra - UNINAVARRA, Neiva, Huila,...&nbsp;<a href=\"https:\/\/wcms.com.co\/en\/event\/ponencia-trabajo-libre-situacion-del-registro-de-marca-de-productos-y-servicios-de-los-comerciantes-en-la-ciudad-de-neiva-ante-la-superintendencia-de-industria-y-comercio-2020-2023\/\" rel=\"bookmark\">Read More \"<span class=\"screen-reader-text\">Lecture - free paper: Status of trademark registration of products and services of traders in the city of Neiva before the Superintendence of Industry and Commerce (2020-2023).<\/span><\/a><\/p>\n<\/div><div class=\"timeline-view-venue\"><span class=\"ect-icon\"><i class=\"ect-icon-location\"><\/i><\/span><!-- Event Venue Info -->\n\t\t\t\t\t\t\t<span class=\"ect-venue-details ect-address\">\n\t\t\t\t\t\t\t<div>R\u00edo Room, Jos\u00e9 Eustasio Rivera Convention Center,<span class=\"tribe-address\">\n\n\n\n\n\n\n<\/span>\n<\/div><\/span><\/div><\/div><div class=\"ect-timeline-footer\">      <div class=\"ect-lslist-event-detail\">\n        <a href=\"https:\/\/wcms.com.co\/en\/event\/ponencia-trabajo-libre-situacion-del-registro-de-marca-de-productos-y-servicios-de-los-comerciantes-en-la-ciudad-de-neiva-ante-la-superintendencia-de-industria-y-comercio-2020-2023\/\" title=\"Lecture - free paper: Status of trademark registration of products and services of traders in the city of Neiva before the Superintendence of Industry and Commerce (2020-2023).\" rel=\"bookmark\">Find out more<\/a>\n        <\/div><\/div><\/div><\/div><div id=\"post-4337\" class=\"ect-timeline-post even ect-simple-event style-2 all\"><div class=\"timeline-dots\"><\/div><div class=\"timeline-content even\"><div class=\"ect-timeline-header\"><a class=\"timeline-ev-img\" href=\"https:\/\/wcms.com.co\/en\/event\/ponencia-trabajo-libre-analisis-de-estrategias-educativas-para-identificar-signos-y-sintomas-de-trastornos-hipertensivos-en-gestantes\/\"><img src= \"https:\/\/wcms.com.co\/wp-content\/uploads\/2022\/10\/banner-wcms-2022-rectora--1024x256.png\"\/><\/a><div class=\"ect-date-area timeline-view-schedule\"><span class=\"ev-day\">16<\/span>\n\t\t\t\t\t\t\t\t\t<span class=\"ev-mo\">November<\/span>\n\t\t\t\t\t\t\t\t\t<span class=\"ev-yr\">2023<\/span>\n\t\t\t\t\t\t\t\t\t<span class=\"ev-time\"><span class=\"ect-icon\"><i class=\"ect-icon-clock\"><\/i><\/span> 11:00 am - 11:20 am<\/span>\n\t\t\t\t\t\t\t\t\t<\/div><\/div><div class=\"ect-timeline-main-content\"><h2 class=\"content-title\"><a class=\"ect-event-url\" href=\"https:\/\/wcms.com.co\/en\/event\/ponencia-trabajo-libre-analisis-de-estrategias-educativas-para-identificar-signos-y-sintomas-de-trastornos-hipertensivos-en-gestantes\/\" rel=\"bookmark\">Paper - free work: Analysis of educational strategies to identify signs and symptoms of hypertensive disorders in pregnant women.<\/a><\/h2><!-- Event Content --><div class=\"ect-event-content\"><p>KERLY OLAYA CORREA, WILLIAM MART\u00cdNEZ BUEND\u00cdA, MILLER BARRERA ESCARPETA Fundaci\u00f3n Universitaria Navarra - UNINAVARRA, Neiva, Huila, Colombia<\/p>\n<\/div><div class=\"timeline-view-venue\"><span class=\"ect-icon\"><i class=\"ect-icon-location\"><\/i><\/span><!-- Event Venue Info -->\n\t\t\t\t\t\t\t<span class=\"ect-venue-details ect-address\">\n\t\t\t\t\t\t\t<div>R\u00edo Room, Jos\u00e9 Eustasio Rivera Convention Center,<span class=\"tribe-address\">\n\n\n\n\n\n\n<\/span>\n<\/div><\/span><\/div><\/div><div class=\"ect-timeline-footer\">      <div class=\"ect-lslist-event-detail\">\n        <a href=\"https:\/\/wcms.com.co\/en\/event\/ponencia-trabajo-libre-analisis-de-estrategias-educativas-para-identificar-signos-y-sintomas-de-trastornos-hipertensivos-en-gestantes\/\" title=\"Paper - free work: Analysis of educational strategies to identify signs and symptoms of hypertensive disorders in pregnant women.\" rel=\"bookmark\">Find out more<\/a>\n        <\/div><\/div><\/div><\/div><div id=\"post-4341\" class=\"ect-timeline-post even ect-simple-event style-2 all\"><div class=\"timeline-dots\"><\/div><div class=\"timeline-content even\"><div class=\"ect-timeline-header\"><a class=\"timeline-ev-img\" href=\"https:\/\/wcms.com.co\/en\/event\/ponencia-trabajo-libre-caracteristicas-gineco-obstetricas-y-de-recien-nacidos-de-las-gestantes-indigenas-con-partos-atendidos-en-el-2021-2022-en-iquira-huila\/\"><img src= \"https:\/\/wcms.com.co\/wp-content\/uploads\/2022\/10\/banner-wcms-2022-rectora--1024x256.png\"\/><\/a><div class=\"ect-date-area timeline-view-schedule\"><span class=\"ev-day\">16<\/span>\n\t\t\t\t\t\t\t\t\t<span class=\"ev-mo\">November<\/span>\n\t\t\t\t\t\t\t\t\t<span class=\"ev-yr\">2023<\/span>\n\t\t\t\t\t\t\t\t\t<span class=\"ev-time\"><span class=\"ect-icon\"><i class=\"ect-icon-clock\"><\/i><\/span> 11:20 am - 11:40 am<\/span>\n\t\t\t\t\t\t\t\t\t<\/div><\/div><div class=\"ect-timeline-main-content\"><h2 class=\"content-title\"><a class=\"ect-event-url\" href=\"https:\/\/wcms.com.co\/en\/event\/ponencia-trabajo-libre-caracteristicas-gineco-obstetricas-y-de-recien-nacidos-de-las-gestantes-indigenas-con-partos-atendidos-en-el-2021-2022-en-iquira-huila\/\" rel=\"bookmark\">Free paper: Obstetric and gynecological characteristics of indigenous pregnant women with deliveries attended in 2021-2022 in Iquira-Huila.<\/a><\/h2><!-- Event Content --><div class=\"ect-event-content\"><p>SARA SOF\u00cdA BERMEO, VANESSA KATHERINE LUGO, VALENTINA PERDOMO, MICHELL ANDREA SU\u00c1REZ Fundaci\u00f3n Universitaria Navarra - UNINAVARRA, Neiva, Huila, Colombia<\/p>\n<\/div><div class=\"timeline-view-venue\"><span class=\"ect-icon\"><i class=\"ect-icon-location\"><\/i><\/span><!-- Event Venue Info -->\n\t\t\t\t\t\t\t<span class=\"ect-venue-details ect-address\">\n\t\t\t\t\t\t\t<div>R\u00edo Room, Jos\u00e9 Eustasio Rivera Convention Center,<span class=\"tribe-address\">\n\n\n\n\n\n\n<\/span>\n<\/div><\/span><\/div><\/div><div class=\"ect-timeline-footer\">      <div class=\"ect-lslist-event-detail\">\n        <a href=\"https:\/\/wcms.com.co\/en\/event\/ponencia-trabajo-libre-caracteristicas-gineco-obstetricas-y-de-recien-nacidos-de-las-gestantes-indigenas-con-partos-atendidos-en-el-2021-2022-en-iquira-huila\/\" title=\"Free paper: Obstetric and gynecological characteristics of indigenous pregnant women with deliveries attended in 2021-2022 in Iquira-Huila.\" rel=\"bookmark\">Find out more<\/a>\n        <\/div><\/div><\/div><\/div><div id=\"post-4343\" class=\"ect-timeline-post even ect-simple-event style-2 all\"><div class=\"timeline-dots\"><\/div><div class=\"timeline-content even\"><div class=\"ect-timeline-header\"><a class=\"timeline-ev-img\" href=\"https:\/\/wcms.com.co\/en\/event\/ponencia-trabajo-libre-ensenanza-religiosa-en-las-instituciones-educativas-de-basica-primaria-en-la-ciudad-de-neiva\/\"><img src= \"https:\/\/wcms.com.co\/wp-content\/uploads\/2022\/10\/banner-wcms-2022-rectora--1024x256.png\"\/><\/a><div class=\"ect-date-area timeline-view-schedule\"><span class=\"ev-day\">16<\/span>\n\t\t\t\t\t\t\t\t\t<span class=\"ev-mo\">November<\/span>\n\t\t\t\t\t\t\t\t\t<span class=\"ev-yr\">2023<\/span>\n\t\t\t\t\t\t\t\t\t<span class=\"ev-time\"><span class=\"ect-icon\"><i class=\"ect-icon-clock\"><\/i><\/span> 11:40 am - 12:00 pm<\/span>\n\t\t\t\t\t\t\t\t\t<\/div><\/div><div class=\"ect-timeline-main-content\"><h2 class=\"content-title\"><a class=\"ect-event-url\" href=\"https:\/\/wcms.com.co\/en\/event\/ponencia-trabajo-libre-ensenanza-religiosa-en-las-instituciones-educativas-de-basica-primaria-en-la-ciudad-de-neiva\/\" rel=\"bookmark\">Lecture - free paper: Religious education in elementary schools in the city of Neiva.<\/a><\/h2><!-- Event Content --><div class=\"ect-event-content\"><p>TATIANA PAOLA SALCEDO CORT\u00c9S, VISHNU ALFONSO TAFUR, ASDR\u00daBAL GONZ\u00c1LEZ, JUAN JOS\u00c9 GONZ\u00c1LEZ LINARES Fundaci\u00f3n Universitaria Navarra - UNINAVARRA, Neiva, Huila, Colombia<\/p>\n<\/div><div class=\"timeline-view-venue\"><span class=\"ect-icon\"><i class=\"ect-icon-location\"><\/i><\/span><!-- Event Venue Info -->\n\t\t\t\t\t\t\t<span class=\"ect-venue-details ect-address\">\n\t\t\t\t\t\t\t<div>R\u00edo Room, Jos\u00e9 Eustasio Rivera Convention Center,<span class=\"tribe-address\">\n\n\n\n\n\n\n<\/span>\n<\/div><\/span><\/div><\/div><div class=\"ect-timeline-footer\">      <div class=\"ect-lslist-event-detail\">\n        <a href=\"https:\/\/wcms.com.co\/en\/event\/ponencia-trabajo-libre-ensenanza-religiosa-en-las-instituciones-educativas-de-basica-primaria-en-la-ciudad-de-neiva\/\" title=\"Lecture - free paper: Religious education in elementary schools in the city of Neiva.\" rel=\"bookmark\">Find out more<\/a>\n        <\/div><\/div><\/div><\/div><div id=\"post-4449\" class=\"ect-timeline-post even ect-simple-event style-2 all\"><div class=\"timeline-dots\"><\/div><div class=\"timeline-content even\"><div class=\"ect-timeline-header\"><a class=\"timeline-ev-img\" href=\"https:\/\/wcms.com.co\/en\/event\/almuerzo-libre-4\/\"><img src= \"https:\/\/wcms.com.co\/wp-content\/uploads\/2022\/10\/banner-wcms-2022-rectora--1024x256.png\"\/><\/a><div class=\"ect-date-area timeline-view-schedule\"><span class=\"ev-day\">16<\/span>\n\t\t\t\t\t\t\t\t\t<span class=\"ev-mo\">November<\/span>\n\t\t\t\t\t\t\t\t\t<span class=\"ev-yr\">2023<\/span>\n\t\t\t\t\t\t\t\t\t<span class=\"ev-time\"><span class=\"ect-icon\"><i class=\"ect-icon-clock\"><\/i><\/span> 12:00 pm - 2:00 pm<\/span>\n\t\t\t\t\t\t\t\t\t<\/div><\/div><div class=\"ect-timeline-main-content\"><h2 class=\"content-title\"><a class=\"ect-event-url\" href=\"https:\/\/wcms.com.co\/en\/event\/almuerzo-libre-4\/\" rel=\"bookmark\">Lunch break<\/a><\/h2><!-- Event Content --><div class=\"ect-event-content\"><p>Lunch break<\/p>\n<\/div><div class=\"timeline-view-venue\"><span class=\"ect-icon\"><i class=\"ect-icon-location\"><\/i><\/span><!-- Event Venue Info -->\n\t\t\t\t\t\t\t<span class=\"ect-venue-details ect-address\">\n\t\t\t\t\t\t\t<div>Tierra de Promisi\u00f3n Hall, Jos\u00e9 Eustasio Rivera Convention Center,<span class=\"tribe-address\">\n\n\n\t<span class=\"tribe-locality\">Neiva<\/span><span class=\"tribe-delimiter\">,<\/span>\n\n\n\t<span class=\"tribe-postal-code\">410001<\/span>\n\n\t<span class=\"tribe-country-name\">Colombia<\/span>\n\n<\/span>\n<\/div><span class=\"ect-google\"><a class=\"tribe-events-gmap\" href=\"https:\/\/maps.google.com\/maps?f=q&#038;source=s_q&#038;hl=en&#038;geocode=&#038;q=Neiva+410001+Colombia\" title=\"Click to view a Google Map\" target=\"_blank\" rel=\"noreferrer noopener\">+ Google Map<\/a><\/span><\/span><\/div><\/div><div class=\"ect-timeline-footer\">      <div class=\"ect-lslist-event-detail\">\n        <a href=\"https:\/\/wcms.com.co\/en\/event\/almuerzo-libre-4\/\" title=\"Lunch break\" rel=\"bookmark\">Find out more<\/a>\n        <\/div><\/div><\/div><\/div><div id=\"post-4346\" class=\"ect-timeline-post even ect-simple-event style-2 all\"><div class=\"timeline-dots\"><\/div><div class=\"timeline-content even\"><div class=\"ect-timeline-header\"><a class=\"timeline-ev-img\" href=\"https:\/\/wcms.com.co\/en\/event\/ponencia-trabajo-libre-las-instituciones-de-educacion-superior-en-la-construccion-e-implementacion-de-ambientes-inclusivos-a-los-actores-y-victimas-del-conflicto-armado-en-el-departamento-d\/\"><img src= \"https:\/\/wcms.com.co\/wp-content\/uploads\/2022\/10\/banner-wcms-2022-rectora--1024x256.png\"\/><\/a><div class=\"ect-date-area timeline-view-schedule\"><span class=\"ev-day\">16<\/span>\n\t\t\t\t\t\t\t\t\t<span class=\"ev-mo\">November<\/span>\n\t\t\t\t\t\t\t\t\t<span class=\"ev-yr\">2023<\/span>\n\t\t\t\t\t\t\t\t\t<span class=\"ev-time\"><span class=\"ect-icon\"><i class=\"ect-icon-clock\"><\/i><\/span> 2:00 pm - 2:20 pm<\/span>\n\t\t\t\t\t\t\t\t\t<\/div><\/div><div class=\"ect-timeline-main-content\"><h2 class=\"content-title\"><a class=\"ect-event-url\" href=\"https:\/\/wcms.com.co\/en\/event\/ponencia-trabajo-libre-las-instituciones-de-educacion-superior-en-la-construccion-e-implementacion-de-ambientes-inclusivos-a-los-actores-y-victimas-del-conflicto-armado-en-el-departamento-d\/\" rel=\"bookmark\">Paper - free paper: Higher Education Institutions In The Construction And Implementation Of Inclusive Environments For The Actors And Victims Of The Armed Conflict In The Department Of Huila (2016-2021)<\/a><\/h2><!-- Event Content --><div class=\"ect-event-content\"><p>CAMILO ANGARITA, LAURA VICTORIA LIZCANO, NATALIA ARMENTA Fundaci\u00f3n Universitaria Navarra - UNINAVARRA, Neiva, Huila, Colombia<\/p>\n<\/div><div class=\"timeline-view-venue\"><span class=\"ect-icon\"><i class=\"ect-icon-location\"><\/i><\/span><!-- Event Venue Info -->\n\t\t\t\t\t\t\t<span class=\"ect-venue-details ect-address\">\n\t\t\t\t\t\t\t<div>R\u00edo Room, Jos\u00e9 Eustasio Rivera Convention Center,<span class=\"tribe-address\">\n\n\n\n\n\n\n<\/span>\n<\/div><\/span><\/div><\/div><div class=\"ect-timeline-footer\">      <div class=\"ect-lslist-event-detail\">\n        <a href=\"https:\/\/wcms.com.co\/en\/event\/ponencia-trabajo-libre-las-instituciones-de-educacion-superior-en-la-construccion-e-implementacion-de-ambientes-inclusivos-a-los-actores-y-victimas-del-conflicto-armado-en-el-departamento-d\/\" title=\"Paper - free paper: Higher Education Institutions In The Construction And Implementation Of Inclusive Environments For The Actors And Victims Of The Armed Conflict In The Department Of Huila (2016-2021)\" rel=\"bookmark\">Find out more<\/a>\n        <\/div><\/div><\/div><\/div><div id=\"post-4348\" class=\"ect-timeline-post even ect-simple-event style-2 all\"><div class=\"timeline-dots\"><\/div><div class=\"timeline-content even\"><div class=\"ect-timeline-header\"><a class=\"timeline-ev-img\" href=\"https:\/\/wcms.com.co\/en\/event\/ponencia-trabajo-libre-efecto-de-la-cirugia-bariatrica-sobre-el-perfil-cardiovascular-metabolico-y-calidad-de-vida-de-los-pacientes-que-fueron-sometidos-a-cirugia-bariatrica-en-el-periodo\/\"><img src= \"https:\/\/wcms.com.co\/wp-content\/uploads\/2022\/10\/banner-wcms-2022-rectora--1024x256.png\"\/><\/a><div class=\"ect-date-area timeline-view-schedule\"><span class=\"ev-day\">16<\/span>\n\t\t\t\t\t\t\t\t\t<span class=\"ev-mo\">November<\/span>\n\t\t\t\t\t\t\t\t\t<span class=\"ev-yr\">2023<\/span>\n\t\t\t\t\t\t\t\t\t<span class=\"ev-time\"><span class=\"ect-icon\"><i class=\"ect-icon-clock\"><\/i><\/span> 2:20 pm - 2:40 pm<\/span>\n\t\t\t\t\t\t\t\t\t<\/div><\/div><div class=\"ect-timeline-main-content\"><h2 class=\"content-title\"><a class=\"ect-event-url\" href=\"https:\/\/wcms.com.co\/en\/event\/ponencia-trabajo-libre-efecto-de-la-cirugia-bariatrica-sobre-el-perfil-cardiovascular-metabolico-y-calidad-de-vida-de-los-pacientes-que-fueron-sometidos-a-cirugia-bariatrica-en-el-periodo\/\" rel=\"bookmark\">Paper - free work: Effect of bariatric surgery on cardiovascular profile, metabolic, and quality of life of patients who underwent bariatric surgery in the period 2013-2019 in a clinic of fourth level of care located in the city of Neiva-Huila.<\/a><\/h2><!-- Event Content --><div class=\"ect-event-content\"><p>GABRIELA CARVAJAL, CLEIMER RINCON, TITA MARTINEZ, NICOLAS RICARDO, CLAUDIA RODRIGUEZ, LUIS NU\u00d1EZ Fundaci\u00f3n Universitaria Navarra - UNINAVARRA, Neiva, Huila, Colombia<\/p>\n<\/div><div class=\"timeline-view-venue\"><span class=\"ect-icon\"><i class=\"ect-icon-location\"><\/i><\/span><!-- Event Venue Info -->\n\t\t\t\t\t\t\t<span class=\"ect-venue-details ect-address\">\n\t\t\t\t\t\t\t<div>R\u00edo Room, Jos\u00e9 Eustasio Rivera Convention Center,<span class=\"tribe-address\">\n\n\n\n\n\n\n<\/span>\n<\/div><\/span><\/div><\/div><div class=\"ect-timeline-footer\">      <div class=\"ect-lslist-event-detail\">\n        <a href=\"https:\/\/wcms.com.co\/en\/event\/ponencia-trabajo-libre-efecto-de-la-cirugia-bariatrica-sobre-el-perfil-cardiovascular-metabolico-y-calidad-de-vida-de-los-pacientes-que-fueron-sometidos-a-cirugia-bariatrica-en-el-periodo\/\" title=\"Paper - free work: Effect of bariatric surgery on cardiovascular profile, metabolic, and quality of life of patients who underwent bariatric surgery in the period 2013-2019 in a clinic of fourth level of care located in the city of Neiva-Huila.\" rel=\"bookmark\">Find out more<\/a>\n        <\/div><\/div><\/div><\/div><div id=\"post-4217\" class=\"ect-timeline-post even ect-simple-event style-2 all\"><div class=\"timeline-dots\"><\/div><div class=\"timeline-content even\"><div class=\"ect-timeline-header\"><a class=\"timeline-ev-img\" href=\"https:\/\/wcms.com.co\/en\/event\/ponencia-clasificacion-de-infarto-de-miocardio-con-senales-de-ecg-multiderivacion-y-cnn-profunda\/\"><img src= \"https:\/\/wcms.com.co\/wp-content\/uploads\/2022\/10\/banner-wcms-2022-rectora--1024x256.png\"\/><\/a><div class=\"ect-date-area timeline-view-schedule\"><span class=\"ev-day\">16<\/span>\n\t\t\t\t\t\t\t\t\t<span class=\"ev-mo\">November<\/span>\n\t\t\t\t\t\t\t\t\t<span class=\"ev-yr\">2023<\/span>\n\t\t\t\t\t\t\t\t\t<span class=\"ev-time\"><span class=\"ect-icon\"><i class=\"ect-icon-clock\"><\/i><\/span> 2:40 pm - 3:00 pm<\/span>\n\t\t\t\t\t\t\t\t\t<\/div><\/div><div class=\"ect-timeline-main-content\"><h2 class=\"content-title\"><a class=\"ect-event-url\" href=\"https:\/\/wcms.com.co\/en\/event\/ponencia-clasificacion-de-infarto-de-miocardio-con-senales-de-ecg-multiderivacion-y-cnn-profunda\/\" rel=\"bookmark\">Lecture - free paper: Classification of myocardial infarction with multi-lead ECG signals and deep CNN.<\/a><\/h2><!-- Event Content --><div class=\"ect-event-content\"><p>DANIEL BERMEO CUENCA, Corporaci\u00f3n Universitaria del Huila - CORHUILA, Neiva, Huila, Colombia<\/p>\n<\/div><div class=\"timeline-view-venue\"><span class=\"ect-icon\"><i class=\"ect-icon-location\"><\/i><\/span><!-- Event Venue Info -->\n\t\t\t\t\t\t\t<span class=\"ect-venue-details ect-address\">\n\t\t\t\t\t\t\t<div>R\u00edo Room, Jos\u00e9 Eustasio Rivera Convention Center,<span class=\"tribe-address\">\n\n\n\n\n\n\n<\/span>\n<\/div><\/span><\/div><\/div><div class=\"ect-timeline-footer\">      <div class=\"ect-lslist-event-detail\">\n        <a href=\"https:\/\/wcms.com.co\/en\/event\/ponencia-clasificacion-de-infarto-de-miocardio-con-senales-de-ecg-multiderivacion-y-cnn-profunda\/\" title=\"Lecture - free paper: Classification of myocardial infarction with multi-lead ECG signals and deep CNN.\" rel=\"bookmark\">Find out more<\/a>\n        <\/div><\/div><\/div><\/div><div id=\"post-4350\" class=\"ect-timeline-post even ect-simple-event style-2 all\"><div class=\"timeline-dots\"><\/div><div class=\"timeline-content even\"><div class=\"ect-timeline-header\"><a class=\"timeline-ev-img\" href=\"https:\/\/wcms.com.co\/en\/event\/ponencia-trabajo-libre\/\"><img src= \"https:\/\/wcms.com.co\/wp-content\/uploads\/2022\/10\/banner-wcms-2022-rectora--1024x256.png\"\/><\/a><div class=\"ect-date-area timeline-view-schedule\"><span class=\"ev-day\">16<\/span>\n\t\t\t\t\t\t\t\t\t<span class=\"ev-mo\">November<\/span>\n\t\t\t\t\t\t\t\t\t<span class=\"ev-yr\">2023<\/span>\n\t\t\t\t\t\t\t\t\t<span class=\"ev-time\"><span class=\"ect-icon\"><i class=\"ect-icon-clock\"><\/i><\/span> 3:00 pm - 3:20 pm<\/span>\n\t\t\t\t\t\t\t\t\t<\/div><\/div><div class=\"ect-timeline-main-content\"><h2 class=\"content-title\"><a class=\"ect-event-url\" href=\"https:\/\/wcms.com.co\/en\/event\/ponencia-trabajo-libre\/\" rel=\"bookmark\">Lecture - free paper: EMG electromyographic signal recognition of hand gestures for multiclass prostheses based on DWT and CNN.<\/a><\/h2><!-- Event Content --><div class=\"ect-event-content\"><p>ANDRES EDUARDO RIVERA GOMEZ, PEDRO DANIEL HILE BUSTOS, RUTHBER RODR\u00cdGUEZ SERREZUELA Corporaci\u00f3n Universitaria del Huila, Neiva, Huila, Colombia<\/p>\n<\/div><div class=\"timeline-view-venue\"><span class=\"ect-icon\"><i class=\"ect-icon-location\"><\/i><\/span><!-- Event Venue Info -->\n\t\t\t\t\t\t\t<span class=\"ect-venue-details ect-address\">\n\t\t\t\t\t\t\t<div>R\u00edo Room, Jos\u00e9 Eustasio Rivera Convention Center,<span class=\"tribe-address\">\n\n\n\n\n\n\n<\/span>\n<\/div><\/span><\/div><\/div><div class=\"ect-timeline-footer\">      <div class=\"ect-lslist-event-detail\">\n        <a href=\"https:\/\/wcms.com.co\/en\/event\/ponencia-trabajo-libre\/\" title=\"Lecture - free paper: EMG electromyographic signal recognition of hand gestures for multiclass prostheses based on DWT and CNN.\" rel=\"bookmark\">Find out more<\/a>\n        <\/div><\/div><\/div><\/div><div id=\"post-4451\" class=\"ect-timeline-post even ect-simple-event style-2 all\"><div class=\"timeline-dots\"><\/div><div class=\"timeline-content even\"><div class=\"ect-timeline-header\"><a class=\"timeline-ev-img\" href=\"https:\/\/wcms.com.co\/en\/event\/receso-4\/\"><img src= \"https:\/\/wcms.com.co\/wp-content\/uploads\/2022\/10\/banner-wcms-2022-rectora--1024x256.png\"\/><\/a><div class=\"ect-date-area timeline-view-schedule\"><span class=\"ev-day\">16<\/span>\n\t\t\t\t\t\t\t\t\t<span class=\"ev-mo\">November<\/span>\n\t\t\t\t\t\t\t\t\t<span class=\"ev-yr\">2023<\/span>\n\t\t\t\t\t\t\t\t\t<span class=\"ev-time\"><span class=\"ect-icon\"><i class=\"ect-icon-clock\"><\/i><\/span> 4:00 pm - 4:20 pm<\/span>\n\t\t\t\t\t\t\t\t\t<\/div><\/div><div class=\"ect-timeline-main-content\"><h2 class=\"content-title\"><a class=\"ect-event-url\" href=\"https:\/\/wcms.com.co\/en\/event\/receso-4\/\" rel=\"bookmark\">Recess<\/a><\/h2><!-- Event Content --><div class=\"ect-event-content\"><p>Recess<\/p>\n<\/div><div class=\"timeline-view-venue\"><span class=\"ect-icon\"><i class=\"ect-icon-location\"><\/i><\/span><!-- Event Venue Info -->\n\t\t\t\t\t\t\t<span class=\"ect-venue-details ect-address\">\n\t\t\t\t\t\t\t<div>Tierra de Promisi\u00f3n Hall, Jos\u00e9 Eustasio Rivera Convention Center,<span class=\"tribe-address\">\n\n\n\t<span class=\"tribe-locality\">Neiva<\/span><span class=\"tribe-delimiter\">,<\/span>\n\n\n\t<span class=\"tribe-postal-code\">410001<\/span>\n\n\t<span class=\"tribe-country-name\">Colombia<\/span>\n\n<\/span>\n<\/div><span class=\"ect-google\"><a class=\"tribe-events-gmap\" href=\"https:\/\/maps.google.com\/maps?f=q&#038;source=s_q&#038;hl=en&#038;geocode=&#038;q=Neiva+410001+Colombia\" title=\"Click to view a Google Map\" target=\"_blank\" rel=\"noreferrer noopener\">+ Google Map<\/a><\/span><\/span><\/div><\/div><div class=\"ect-timeline-footer\">      <div class=\"ect-lslist-event-detail\">\n        <a href=\"https:\/\/wcms.com.co\/en\/event\/receso-4\/\" title=\"Recess\" rel=\"bookmark\">Find out more<\/a>\n        <\/div><\/div><\/div><\/div><div id=\"post-4353\" class=\"ect-timeline-post even ect-simple-event style-2 all\"><div class=\"timeline-dots\"><\/div><div class=\"timeline-content even\"><div class=\"ect-timeline-header\"><a class=\"timeline-ev-img\" href=\"https:\/\/wcms.com.co\/en\/event\/ponencia-trabajo-libre-estrategias-preventivas-y-de-control-biologico-que-se-ajusten-al-contexto-y-a-las-necesidades-de-neiva\/\"><img src= \"https:\/\/wcms.com.co\/wp-content\/uploads\/2022\/10\/banner-wcms-2022-rectora--1024x256.png\"\/><\/a><div class=\"ect-date-area timeline-view-schedule\"><span class=\"ev-day\">16<\/span>\n\t\t\t\t\t\t\t\t\t<span class=\"ev-mo\">November<\/span>\n\t\t\t\t\t\t\t\t\t<span class=\"ev-yr\">2023<\/span>\n\t\t\t\t\t\t\t\t\t<span class=\"ev-time\"><span class=\"ect-icon\"><i class=\"ect-icon-clock\"><\/i><\/span> 4:20 pm - 4:40 pm<\/span>\n\t\t\t\t\t\t\t\t\t<\/div><\/div><div class=\"ect-timeline-main-content\"><h2 class=\"content-title\"><a class=\"ect-event-url\" href=\"https:\/\/wcms.com.co\/en\/event\/ponencia-trabajo-libre-estrategias-preventivas-y-de-control-biologico-que-se-ajusten-al-contexto-y-a-las-necesidades-de-neiva\/\" rel=\"bookmark\">Presentation - free paper: Preventive and biological control strategies that fit the context and needs of Neiva.<\/a><\/h2><!-- Event Content --><div class=\"ect-event-content\"><p>PAOLA NARVAEZ R., LAURA V. MOTTA, ANG\u00c9LICA DUR\u00c1N H, EDNA GICELA ORTIZ MOREA Fundaci\u00f3n Universitaria Navarra - UNINAVARRA, Neiva, Huila, Colombia<\/p>\n<\/div><div class=\"timeline-view-venue\"><span class=\"ect-icon\"><i class=\"ect-icon-location\"><\/i><\/span><!-- Event Venue Info -->\n\t\t\t\t\t\t\t<span class=\"ect-venue-details ect-address\">\n\t\t\t\t\t\t\t<div>R\u00edo Room, Jos\u00e9 Eustasio Rivera Convention Center,<span class=\"tribe-address\">\n\n\n\n\n\n\n<\/span>\n<\/div><\/span><\/div><\/div><div class=\"ect-timeline-footer\">      <div class=\"ect-lslist-event-detail\">\n        <a href=\"https:\/\/wcms.com.co\/en\/event\/ponencia-trabajo-libre-estrategias-preventivas-y-de-control-biologico-que-se-ajusten-al-contexto-y-a-las-necesidades-de-neiva\/\" title=\"Presentation - free paper: Preventive and biological control strategies that fit the context and needs of Neiva.\" rel=\"bookmark\">Find out more<\/a>\n        <\/div><\/div><\/div><\/div><div id=\"post-4355\" class=\"ect-timeline-post even ect-simple-event style-2 all\"><div class=\"timeline-dots\"><\/div><div class=\"timeline-content even\"><div class=\"ect-timeline-header\"><a class=\"timeline-ev-img\" href=\"https:\/\/wcms.com.co\/en\/event\/ponencia-trabajo-libre-analisis-de-factores-asociados-al-sindrome-de-west-en-una-institucion-de-alta-complejidad-en-el-departamento-del-huila\/\"><img src= \"https:\/\/wcms.com.co\/wp-content\/uploads\/2022\/10\/banner-wcms-2022-rectora--1024x256.png\"\/><\/a><div class=\"ect-date-area timeline-view-schedule\"><span class=\"ev-day\">16<\/span>\n\t\t\t\t\t\t\t\t\t<span class=\"ev-mo\">November<\/span>\n\t\t\t\t\t\t\t\t\t<span class=\"ev-yr\">2023<\/span>\n\t\t\t\t\t\t\t\t\t<span class=\"ev-time\"><span class=\"ect-icon\"><i class=\"ect-icon-clock\"><\/i><\/span> 4:40 pm - 5:00 pm<\/span>\n\t\t\t\t\t\t\t\t\t<\/div><\/div><div class=\"ect-timeline-main-content\"><h2 class=\"content-title\"><a class=\"ect-event-url\" href=\"https:\/\/wcms.com.co\/en\/event\/ponencia-trabajo-libre-analisis-de-factores-asociados-al-sindrome-de-west-en-una-institucion-de-alta-complejidad-en-el-departamento-del-huila\/\" rel=\"bookmark\">Paper - free work: Analysis of factors associated with West Syndrome in a high complexity institution in the department of Huila.<\/a><\/h2><!-- Event Content --><div class=\"ect-event-content\"><p>LAURA VALENTINA NARV\u00c1EZ POLANCO, ANA LUC\u00cdA RUIZ JIMENEZ, GUSTAVO ADOLFO ROJAS G\u00d3MEZ, DIANA MARCELA MEL\u00c9NDEZ TOVAR Fundaci\u00f3n Universitaria Navarra - UNINAVARRA, Neiva, Huila, Colombia<\/p>\n<\/div><div class=\"timeline-view-venue\"><span class=\"ect-icon\"><i class=\"ect-icon-location\"><\/i><\/span><!-- Event Venue Info -->\n\t\t\t\t\t\t\t<span class=\"ect-venue-details ect-address\">\n\t\t\t\t\t\t\t<div>R\u00edo Room, Jos\u00e9 Eustasio Rivera Convention Center,<span class=\"tribe-address\">\n\n\n\n\n\n\n<\/span>\n<\/div><\/span><\/div><\/div><div class=\"ect-timeline-footer\">      <div class=\"ect-lslist-event-detail\">\n        <a href=\"https:\/\/wcms.com.co\/en\/event\/ponencia-trabajo-libre-analisis-de-factores-asociados-al-sindrome-de-west-en-una-institucion-de-alta-complejidad-en-el-departamento-del-huila\/\" title=\"Paper - free work: Analysis of factors associated with West Syndrome in a high complexity institution in the department of Huila.\" rel=\"bookmark\">Find out more<\/a>\n        <\/div><\/div><\/div><\/div><div id=\"post-4357\" class=\"ect-timeline-post even ect-simple-event style-2 all\"><div class=\"timeline-dots\"><\/div><div class=\"timeline-content even\"><div class=\"ect-timeline-header\"><a class=\"timeline-ev-img\" href=\"https:\/\/wcms.com.co\/en\/event\/ponencia-trabajo-libre-plan-de-negocio-para-la-creacion-de-una-tienda-de-cafe-con-servicio-de-experiencia-sensorial-en-la-ciudad-de-neiva\/\"><img src= \"https:\/\/wcms.com.co\/wp-content\/uploads\/2022\/10\/banner-wcms-2022-rectora--1024x256.png\"\/><\/a><div class=\"ect-date-area timeline-view-schedule\"><span class=\"ev-day\">16<\/span>\n\t\t\t\t\t\t\t\t\t<span class=\"ev-mo\">November<\/span>\n\t\t\t\t\t\t\t\t\t<span class=\"ev-yr\">2023<\/span>\n\t\t\t\t\t\t\t\t\t<span class=\"ev-time\"><span class=\"ect-icon\"><i class=\"ect-icon-clock\"><\/i><\/span> 5:00 pm - 5:20 pm<\/span>\n\t\t\t\t\t\t\t\t\t<\/div><\/div><div class=\"ect-timeline-main-content\"><h2 class=\"content-title\"><a class=\"ect-event-url\" href=\"https:\/\/wcms.com.co\/en\/event\/ponencia-trabajo-libre-plan-de-negocio-para-la-creacion-de-una-tienda-de-cafe-con-servicio-de-experiencia-sensorial-en-la-ciudad-de-neiva\/\" rel=\"bookmark\">Paper - free work: Business plan for the creation of a coffee shop with sensory experience service in the city of Neiva.<\/a><\/h2><!-- Event Content --><div class=\"ect-event-content\"><p>EDER ANDRES PASTRANA LIZCANO Fundaci\u00f3n Universitaria Navarra - UNINAVARRA, Neiva, Huila, Colombia<\/p>\n<\/div><div class=\"timeline-view-venue\"><span class=\"ect-icon\"><i class=\"ect-icon-location\"><\/i><\/span><!-- Event Venue Info -->\n\t\t\t\t\t\t\t<span class=\"ect-venue-details ect-address\">\n\t\t\t\t\t\t\t<div>R\u00edo Room, Jos\u00e9 Eustasio Rivera Convention Center,<span class=\"tribe-address\">\n\n\n\n\n\n\n<\/span>\n<\/div><\/span><\/div><\/div><div class=\"ect-timeline-footer\">      <div class=\"ect-lslist-event-detail\">\n        <a href=\"https:\/\/wcms.com.co\/en\/event\/ponencia-trabajo-libre-plan-de-negocio-para-la-creacion-de-una-tienda-de-cafe-con-servicio-de-experiencia-sensorial-en-la-ciudad-de-neiva\/\" title=\"Paper - free work: Business plan for the creation of a coffee shop with sensory experience service in the city of Neiva.\" rel=\"bookmark\">Find out more<\/a>\n        <\/div><\/div><\/div><\/div><div id=\"post-4359\" class=\"ect-timeline-post even ect-simple-event style-2 all\"><div class=\"timeline-dots\"><\/div><div class=\"timeline-content even\"><div class=\"ect-timeline-header\"><a class=\"timeline-ev-img\" href=\"https:\/\/wcms.com.co\/en\/event\/ponencia-trabajo-libre-reconocimiento-de-la-firma-a-partir-de-la-senal-del-eeg-generada-por-la-estimulacion-visual-de-los-colores-basicos-rojo-verde-y-azul-rgb\/\"><img src= \"https:\/\/wcms.com.co\/wp-content\/uploads\/2022\/10\/banner-wcms-2022-rectora--1024x256.png\"\/><\/a><div class=\"ect-date-area timeline-view-schedule\"><span class=\"ev-day\">16<\/span>\n\t\t\t\t\t\t\t\t\t<span class=\"ev-mo\">November<\/span>\n\t\t\t\t\t\t\t\t\t<span class=\"ev-yr\">2023<\/span>\n\t\t\t\t\t\t\t\t\t<span class=\"ev-time\"><span class=\"ect-icon\"><i class=\"ect-icon-clock\"><\/i><\/span> 5:20 pm - 5:40 pm<\/span>\n\t\t\t\t\t\t\t\t\t<\/div><\/div><div class=\"ect-timeline-main-content\"><h2 class=\"content-title\"><a class=\"ect-event-url\" href=\"https:\/\/wcms.com.co\/en\/event\/ponencia-trabajo-libre-reconocimiento-de-la-firma-a-partir-de-la-senal-del-eeg-generada-por-la-estimulacion-visual-de-los-colores-basicos-rojo-verde-y-azul-rgb\/\" rel=\"bookmark\">Lecture - free paper: Signature recognition from EEG signal generated by visual stimulation of the basic colors red, green and blue (RGB).<\/a><\/h2><!-- Event Content --><div class=\"ect-event-content\"><p>ALEXANDRA CARVAJAL RODR\u00cdGUEZ, RIGOBERTO LOZANO MOLINA, RUTHBER RODR\u00cdGUEZ SERREZUELA Corporaci\u00f3n Universitaria del Huila, Neiva, Huila, Colombia<\/p>\n<\/div><div class=\"timeline-view-venue\"><span class=\"ect-icon\"><i class=\"ect-icon-location\"><\/i><\/span><!-- Event Venue Info -->\n\t\t\t\t\t\t\t<span class=\"ect-venue-details ect-address\">\n\t\t\t\t\t\t\t<div>R\u00edo Room, Jos\u00e9 Eustasio Rivera Convention Center,<span class=\"tribe-address\">\n\n\n\n\n\n\n<\/span>\n<\/div><\/span><\/div><\/div><div class=\"ect-timeline-footer\">      <div class=\"ect-lslist-event-detail\">\n        <a href=\"https:\/\/wcms.com.co\/en\/event\/ponencia-trabajo-libre-reconocimiento-de-la-firma-a-partir-de-la-senal-del-eeg-generada-por-la-estimulacion-visual-de-los-colores-basicos-rojo-verde-y-azul-rgb\/\" title=\"Lecture - free paper: Signature recognition from EEG signal generated by visual stimulation of the basic colors red, green and blue (RGB).\" rel=\"bookmark\">Find out more<\/a>\n        <\/div><\/div><\/div><\/div><div id=\"post-4361\" class=\"ect-timeline-post even ect-simple-event style-2 all\"><div class=\"timeline-dots\"><\/div><div class=\"timeline-content even\"><div class=\"ect-timeline-header\"><a class=\"timeline-ev-img\" href=\"https:\/\/wcms.com.co\/en\/event\/ponencia-trabajo-libre-software-feature-dt-df-emg-uc-seleccion-del-mejor-paciente-en-senales-biomedicas-con-analisis-multimodal-en-tiempo-y-frecuencia\/\"><img src= \"https:\/\/wcms.com.co\/wp-content\/uploads\/2022\/10\/banner-wcms-2022-rectora--1024x256.png\"\/><\/a><div class=\"ect-date-area timeline-view-schedule\"><span class=\"ev-day\">16<\/span>\n\t\t\t\t\t\t\t\t\t<span class=\"ev-mo\">November<\/span>\n\t\t\t\t\t\t\t\t\t<span class=\"ev-yr\">2023<\/span>\n\t\t\t\t\t\t\t\t\t<span class=\"ev-time\"><span class=\"ect-icon\"><i class=\"ect-icon-clock\"><\/i><\/span> 5:40 pm - 6:00 pm<\/span>\n\t\t\t\t\t\t\t\t\t<\/div><\/div><div class=\"ect-timeline-main-content\"><h2 class=\"content-title\"><a class=\"ect-event-url\" href=\"https:\/\/wcms.com.co\/en\/event\/ponencia-trabajo-libre-software-feature-dt-df-emg-uc-seleccion-del-mejor-paciente-en-senales-biomedicas-con-analisis-multimodal-en-tiempo-y-frecuencia\/\" rel=\"bookmark\">Paper - free work: Feature-DT-DF-EMG-UC software: Selection of the best patient in biomedical signals with multimodal analysis in time and frequency.<\/a><\/h2><!-- Event Content --><div class=\"ect-event-content\"><p>MICHAEL TOVAR TOVAR, ANDR\u00c9S EDUARDO RIVERA G\u00d3MEZ, RUTHBER RODR\u00cdGUEZ SERREZUELA Corporaci\u00f3n Universitaria del Huila, Neiva, Huila, Colombia<\/p>\n<\/div><div class=\"timeline-view-venue\"><span class=\"ect-icon\"><i class=\"ect-icon-location\"><\/i><\/span><!-- Event Venue Info -->\n\t\t\t\t\t\t\t<span class=\"ect-venue-details ect-address\">\n\t\t\t\t\t\t\t<div>R\u00edo Room, Jos\u00e9 Eustasio Rivera Convention Center,<span class=\"tribe-address\">\n\n\n\n\n\n\n<\/span>\n<\/div><\/span><\/div><\/div><div class=\"ect-timeline-footer\">      <div class=\"ect-lslist-event-detail\">\n        <a href=\"https:\/\/wcms.com.co\/en\/event\/ponencia-trabajo-libre-software-feature-dt-df-emg-uc-seleccion-del-mejor-paciente-en-senales-biomedicas-con-analisis-multimodal-en-tiempo-y-frecuencia\/\" title=\"Paper - free work: Feature-DT-DF-EMG-UC software: Selection of the best patient in biomedical signals with multimodal analysis in time and frequency.\" rel=\"bookmark\">Find out more<\/a>\n        <\/div><\/div><\/div><\/div><\/div><\/div>\r\n  <\/div>\r\n<\/div>\r\n\r\n<div class=\"tab-content\" id=\"tab3\">\r\n  <div class=\"subtabs\">\r\n    <div class=\"subtab btn espaciadost btni\" onclick=\"openSubTab('subtab5')\" id=\"subtab5\">Program: Land of Promise Salon<\/div>\r\n    <div class=\"subtab btn espaciadost btni\" onclick=\"openSubTab('subtab6')\" id=\"subtab6\">Program: River Room<\/div>\r\n  <\/div>\r\n\r\n  <div class=\"subtab-content\" id=\"subtab5-content\">\r\n    <!-- Contenido de subpesta\u00f1a 5 -->\r\n    <!=========Events Timeline Template 2.6.2=========><div id=\"event-timeline-wrapper\" class=\"salon-tierra-de-promision style-2\"><div class=\"cool-event-timeline\"><div class=\"ect-timeline-year\">\n\t\t\t\t\t\t<div class=\"year-placeholder\"><!-- Month \/ Year Headers --><span class='month-year-box'>Nov 2023<\/span><\/div>\n\t\t\t\t\t\t<\/div><div id=\"post-4096\" class=\"ect-timeline-post even ect-simple-event style-2 all\"><div class=\"timeline-dots\"><\/div><div class=\"timeline-content even\"><div class=\"ect-timeline-header\"><a class=\"timeline-ev-img\" href=\"https:\/\/wcms.com.co\/en\/event\/ponencia-magistral-3\/\"><img src= \"https:\/\/wcms.com.co\/wp-content\/uploads\/2023\/10\/Pablo-Dario-Charry-Amaya-1024x478.png\"\/><\/a><div class=\"ect-date-area timeline-view-schedule\"><span class=\"ev-day\">17<\/span>\n\t\t\t\t\t\t\t\t\t<span class=\"ev-mo\">November<\/span>\n\t\t\t\t\t\t\t\t\t<span class=\"ev-yr\">2023<\/span>\n\t\t\t\t\t\t\t\t\t<span class=\"ev-time\"><span class=\"ect-icon\"><i class=\"ect-icon-clock\"><\/i><\/span> 8:00 am - 8:20 am<\/span>\n\t\t\t\t\t\t\t\t\t<\/div><\/div><div class=\"ect-timeline-main-content\"><h2 class=\"content-title\"><a class=\"ect-event-url\" href=\"https:\/\/wcms.com.co\/en\/event\/ponencia-magistral-3\/\" rel=\"bookmark\">Keynote lecture: Utility of simulation in coronary bifurcations.<\/a><\/h2><!-- Event Content --><div class=\"ect-event-content\"><p>Dr. PABLO DARIO CHARRY University Foundation of Navarra - UNINAVARRA<\/p>\n<\/div><div class=\"timeline-view-venue\"><span class=\"ect-icon\"><i class=\"ect-icon-location\"><\/i><\/span><!-- Event Venue Info -->\n\t\t\t\t\t\t\t<span class=\"ect-venue-details ect-address\">\n\t\t\t\t\t\t\t<div>Tierra de Promisi\u00f3n Hall, Jos\u00e9 Eustasio Rivera Convention Center,<span class=\"tribe-address\">\n\n\n\t<span class=\"tribe-locality\">Neiva<\/span><span class=\"tribe-delimiter\">,<\/span>\n\n\n\t<span class=\"tribe-postal-code\">410001<\/span>\n\n\t<span class=\"tribe-country-name\">Colombia<\/span>\n\n<\/span>\n<\/div><span class=\"ect-google\"><a class=\"tribe-events-gmap\" href=\"https:\/\/maps.google.com\/maps?f=q&#038;source=s_q&#038;hl=en&#038;geocode=&#038;q=Neiva+410001+Colombia\" title=\"Click to view a Google Map\" target=\"_blank\" rel=\"noreferrer noopener\">+ Google Map<\/a><\/span><\/span><\/div><\/div><div class=\"ect-timeline-footer\">      <div class=\"ect-lslist-event-detail\">\n        <a href=\"https:\/\/wcms.com.co\/en\/event\/ponencia-magistral-3\/\" title=\"Keynote lecture: Utility of simulation in coronary bifurcations.\" rel=\"bookmark\">Find out more<\/a>\n        <\/div><\/div><\/div><\/div><div id=\"post-4219\" class=\"ect-timeline-post even ect-simple-event style-2 all\"><div class=\"timeline-dots\"><\/div><div class=\"timeline-content even\"><div class=\"ect-timeline-header\"><a class=\"timeline-ev-img\" href=\"https:\/\/wcms.com.co\/en\/event\/ponencia-el-advenimiento-de-la-co-pilotacion-inteligente-reconfiguracion-de-la-definicion-y-funcion-humana-en-la-era-de-la-inteligencia-artificial\/\"><img src= \"https:\/\/wcms.com.co\/wp-content\/uploads\/2022\/10\/banner-wcms-2022-rectora--1024x256.png\"\/><\/a><div class=\"ect-date-area timeline-view-schedule\"><span class=\"ev-day\">17<\/span>\n\t\t\t\t\t\t\t\t\t<span class=\"ev-mo\">November<\/span>\n\t\t\t\t\t\t\t\t\t<span class=\"ev-yr\">2023<\/span>\n\t\t\t\t\t\t\t\t\t<span class=\"ev-time\"><span class=\"ect-icon\"><i class=\"ect-icon-clock\"><\/i><\/span> 8:20 am - 8:40 am<\/span>\n\t\t\t\t\t\t\t\t\t<\/div><\/div><div class=\"ect-timeline-main-content\"><h2 class=\"content-title\"><a class=\"ect-event-url\" href=\"https:\/\/wcms.com.co\/en\/event\/ponencia-el-advenimiento-de-la-co-pilotacion-inteligente-reconfiguracion-de-la-definicion-y-funcion-humana-en-la-era-de-la-inteligencia-artificial\/\" rel=\"bookmark\">Paper: The Advent of Intelligent Co-Piloting: Reconfiguring Human Definition and Function in the Age of Artificial Intelligence.<\/a><\/h2><!-- Event Content --><div class=\"ect-event-content\"><p>ANDRES GONZALEZ, AMIR, Bogota, Colombia<\/p>\n<\/div><div class=\"timeline-view-venue\"><span class=\"ect-icon\"><i class=\"ect-icon-location\"><\/i><\/span><!-- Event Venue Info -->\n\t\t\t\t\t\t\t<span class=\"ect-venue-details ect-address\">\n\t\t\t\t\t\t\t<div>Tierra de Promisi\u00f3n Hall, Jos\u00e9 Eustasio Rivera Convention Center,<span class=\"tribe-address\">\n\n\n\t<span class=\"tribe-locality\">Neiva<\/span><span class=\"tribe-delimiter\">,<\/span>\n\n\n\t<span class=\"tribe-postal-code\">410001<\/span>\n\n\t<span class=\"tribe-country-name\">Colombia<\/span>\n\n<\/span>\n<\/div><span class=\"ect-google\"><a class=\"tribe-events-gmap\" href=\"https:\/\/maps.google.com\/maps?f=q&#038;source=s_q&#038;hl=en&#038;geocode=&#038;q=Neiva+410001+Colombia\" title=\"Click to view a Google Map\" target=\"_blank\" rel=\"noreferrer noopener\">+ Google Map<\/a><\/span><\/span><\/div><\/div><div class=\"ect-timeline-footer\">      <div class=\"ect-lslist-event-detail\">\n        <a href=\"https:\/\/wcms.com.co\/en\/event\/ponencia-el-advenimiento-de-la-co-pilotacion-inteligente-reconfiguracion-de-la-definicion-y-funcion-humana-en-la-era-de-la-inteligencia-artificial\/\" title=\"Paper: The Advent of Intelligent Co-Piloting: Reconfiguring Human Definition and Function in the Age of Artificial Intelligence.\" rel=\"bookmark\">Find out more<\/a>\n        <\/div><\/div><\/div><\/div><div id=\"post-4087\" class=\"ect-timeline-post even ect-simple-event style-2 all\"><div class=\"timeline-dots\"><\/div><div class=\"timeline-content even\"><div class=\"ect-timeline-header\"><a class=\"timeline-ev-img\" href=\"https:\/\/wcms.com.co\/en\/event\/simulacion-en-neurointervencionismo-y-neurocirugia\/\"><img src= \"https:\/\/wcms.com.co\/wp-content\/uploads\/2023\/10\/Andres-Fonnegra-Caballero-1024x478.png\"\/><\/a><div class=\"ect-date-area timeline-view-schedule\"><span class=\"ev-day\">17<\/span>\n\t\t\t\t\t\t\t\t\t<span class=\"ev-mo\">November<\/span>\n\t\t\t\t\t\t\t\t\t<span class=\"ev-yr\">2023<\/span>\n\t\t\t\t\t\t\t\t\t<span class=\"ev-time\"><span class=\"ect-icon\"><i class=\"ect-icon-clock\"><\/i><\/span> 8:40 am - 9:20 am<\/span>\n\t\t\t\t\t\t\t\t\t<\/div><\/div><div class=\"ect-timeline-main-content\"><h2 class=\"content-title\"><a class=\"ect-event-url\" href=\"https:\/\/wcms.com.co\/en\/event\/simulacion-en-neurointervencionismo-y-neurocirugia\/\" rel=\"bookmark\">Keynote: Simulation in Neurointerventionism and Neurosurgery<\/a><\/h2><!-- Event Content --><div class=\"ect-event-content\"><p>Dr. ANDR\u00c9S FONNEGRA CABALLERO, Fundaci\u00f3n Universitaria Navarra - UNINAVARRA, Neiva, Huila, ColombiaA<\/p>\n<\/div><div class=\"timeline-view-venue\"><span class=\"ect-icon\"><i class=\"ect-icon-location\"><\/i><\/span><!-- Event Venue Info -->\n\t\t\t\t\t\t\t<span class=\"ect-venue-details ect-address\">\n\t\t\t\t\t\t\t<div>Tierra de Promisi\u00f3n Hall, Jos\u00e9 Eustasio Rivera Convention Center,<span class=\"tribe-address\">\n\n\n\t<span class=\"tribe-locality\">Neiva<\/span><span class=\"tribe-delimiter\">,<\/span>\n\n\n\t<span class=\"tribe-postal-code\">410001<\/span>\n\n\t<span class=\"tribe-country-name\">Colombia<\/span>\n\n<\/span>\n<\/div><span class=\"ect-google\"><a class=\"tribe-events-gmap\" href=\"https:\/\/maps.google.com\/maps?f=q&#038;source=s_q&#038;hl=en&#038;geocode=&#038;q=Neiva+410001+Colombia\" title=\"Click to view a Google Map\" target=\"_blank\" rel=\"noreferrer noopener\">+ Google Map<\/a><\/span><\/span><\/div><\/div><div class=\"ect-timeline-footer\">      <div class=\"ect-lslist-event-detail\">\n        <a href=\"https:\/\/wcms.com.co\/en\/event\/simulacion-en-neurointervencionismo-y-neurocirugia\/\" title=\"Keynote: Simulation in Neurointerventionism and Neurosurgery\" rel=\"bookmark\">Find out more<\/a>\n        <\/div><\/div><\/div><\/div><div id=\"post-4094\" class=\"ect-timeline-post even ect-simple-event style-2 all\"><div class=\"timeline-dots\"><\/div><div class=\"timeline-content even\"><div class=\"ect-timeline-header\"><a class=\"timeline-ev-img\" href=\"https:\/\/wcms.com.co\/en\/event\/nuevos-disenos-de-stents-necesidades-por-cumplir-en-el-tratamiento-del-tronco-principal-izquerdo\/\"><img src= \"https:\/\/wcms.com.co\/wp-content\/uploads\/2023\/10\/Carlos-Esteban-Uribe-1024x478.png\"\/><\/a><div class=\"ect-date-area timeline-view-schedule\"><span class=\"ev-day\">17<\/span>\n\t\t\t\t\t\t\t\t\t<span class=\"ev-mo\">November<\/span>\n\t\t\t\t\t\t\t\t\t<span class=\"ev-yr\">2023<\/span>\n\t\t\t\t\t\t\t\t\t<span class=\"ev-time\"><span class=\"ect-icon\"><i class=\"ect-icon-clock\"><\/i><\/span> 9:20 am - 10:00 am<\/span>\n\t\t\t\t\t\t\t\t\t<\/div><\/div><div class=\"ect-timeline-main-content\"><h2 class=\"content-title\"><a class=\"ect-event-url\" href=\"https:\/\/wcms.com.co\/en\/event\/nuevos-disenos-de-stents-necesidades-por-cumplir-en-el-tratamiento-del-tronco-principal-izquerdo\/\" rel=\"bookmark\">Keynote lecture: New stent designs: Needs to be met in the treatment of the left main trunk.<\/a><\/h2><!-- Event Content --><div class=\"ect-event-content\"><p>Dr. CARLOS E. URIBE University Foundation of Navarra - UNINAVARRA<\/p>\n<\/div><div class=\"timeline-view-venue\"><span class=\"ect-icon\"><i class=\"ect-icon-location\"><\/i><\/span><!-- Event Venue Info -->\n\t\t\t\t\t\t\t<span class=\"ect-venue-details ect-address\">\n\t\t\t\t\t\t\t<div>Tierra de Promisi\u00f3n Hall, Jos\u00e9 Eustasio Rivera Convention Center,<span class=\"tribe-address\">\n\n\n\t<span class=\"tribe-locality\">Neiva<\/span><span class=\"tribe-delimiter\">,<\/span>\n\n\n\t<span class=\"tribe-postal-code\">410001<\/span>\n\n\t<span class=\"tribe-country-name\">Colombia<\/span>\n\n<\/span>\n<\/div><span class=\"ect-google\"><a class=\"tribe-events-gmap\" href=\"https:\/\/maps.google.com\/maps?f=q&#038;source=s_q&#038;hl=en&#038;geocode=&#038;q=Neiva+410001+Colombia\" title=\"Click to view a Google Map\" target=\"_blank\" rel=\"noreferrer noopener\">+ Google Map<\/a><\/span><\/span><\/div><\/div><div class=\"ect-timeline-footer\">      <div class=\"ect-lslist-event-detail\">\n        <a href=\"https:\/\/wcms.com.co\/en\/event\/nuevos-disenos-de-stents-necesidades-por-cumplir-en-el-tratamiento-del-tronco-principal-izquerdo\/\" title=\"Keynote lecture: New stent designs: Needs to be met in the treatment of the left main trunk.\" rel=\"bookmark\">Find out more<\/a>\n        <\/div><\/div><\/div><\/div><div id=\"post-4453\" class=\"ect-timeline-post even ect-simple-event style-2 all\"><div class=\"timeline-dots\"><\/div><div class=\"timeline-content even\"><div class=\"ect-timeline-header\"><a class=\"timeline-ev-img\" href=\"https:\/\/wcms.com.co\/en\/event\/receso-5\/\"><img src= \"https:\/\/wcms.com.co\/wp-content\/uploads\/2022\/10\/banner-wcms-2022-rectora--1024x256.png\"\/><\/a><div class=\"ect-date-area timeline-view-schedule\"><span class=\"ev-day\">17<\/span>\n\t\t\t\t\t\t\t\t\t<span class=\"ev-mo\">November<\/span>\n\t\t\t\t\t\t\t\t\t<span class=\"ev-yr\">2023<\/span>\n\t\t\t\t\t\t\t\t\t<span class=\"ev-time\"><span class=\"ect-icon\"><i class=\"ect-icon-clock\"><\/i><\/span> 10:00 am - 10:20 am<\/span>\n\t\t\t\t\t\t\t\t\t<\/div><\/div><div class=\"ect-timeline-main-content\"><h2 class=\"content-title\"><a class=\"ect-event-url\" href=\"https:\/\/wcms.com.co\/en\/event\/receso-5\/\" rel=\"bookmark\">Recess<\/a><\/h2><!-- Event Content --><div class=\"ect-event-content\"><p>Recess<\/p>\n<\/div><div class=\"timeline-view-venue\"><span class=\"ect-icon\"><i class=\"ect-icon-location\"><\/i><\/span><!-- Event Venue Info -->\n\t\t\t\t\t\t\t<span class=\"ect-venue-details ect-address\">\n\t\t\t\t\t\t\t<div>Tierra de Promisi\u00f3n Hall, Jos\u00e9 Eustasio Rivera Convention Center,<span class=\"tribe-address\">\n\n\n\t<span class=\"tribe-locality\">Neiva<\/span><span class=\"tribe-delimiter\">,<\/span>\n\n\n\t<span class=\"tribe-postal-code\">410001<\/span>\n\n\t<span class=\"tribe-country-name\">Colombia<\/span>\n\n<\/span>\n<\/div><span class=\"ect-google\"><a class=\"tribe-events-gmap\" href=\"https:\/\/maps.google.com\/maps?f=q&#038;source=s_q&#038;hl=en&#038;geocode=&#038;q=Neiva+410001+Colombia\" title=\"Click to view a Google Map\" target=\"_blank\" rel=\"noreferrer noopener\">+ Google Map<\/a><\/span><\/span><\/div><\/div><div class=\"ect-timeline-footer\">      <div class=\"ect-lslist-event-detail\">\n        <a href=\"https:\/\/wcms.com.co\/en\/event\/receso-5\/\" title=\"Recess\" rel=\"bookmark\">Find out more<\/a>\n        <\/div><\/div><\/div><\/div><div id=\"post-4238\" class=\"ect-timeline-post even ect-simple-event style-2 all\"><div class=\"timeline-dots\"><\/div><div class=\"timeline-content even\"><div class=\"ect-timeline-header\"><a class=\"timeline-ev-img\" href=\"https:\/\/wcms.com.co\/en\/event\/ponencia-incorporar-la-inteligencia-artificial-en-el-aula-de-clases-oportunidades-y-resistencia\/\"><img src= \"https:\/\/wcms.com.co\/wp-content\/uploads\/2022\/10\/banner-wcms-2022-rectora--1024x256.png\"\/><\/a><div class=\"ect-date-area timeline-view-schedule\"><span class=\"ev-day\">17<\/span>\n\t\t\t\t\t\t\t\t\t<span class=\"ev-mo\">November<\/span>\n\t\t\t\t\t\t\t\t\t<span class=\"ev-yr\">2023<\/span>\n\t\t\t\t\t\t\t\t\t<span class=\"ev-time\"><span class=\"ect-icon\"><i class=\"ect-icon-clock\"><\/i><\/span> 10:20 am - 11:00 am<\/span>\n\t\t\t\t\t\t\t\t\t<\/div><\/div><div class=\"ect-timeline-main-content\"><h2 class=\"content-title\"><a class=\"ect-event-url\" href=\"https:\/\/wcms.com.co\/en\/event\/ponencia-incorporar-la-inteligencia-artificial-en-el-aula-de-clases-oportunidades-y-resistencia\/\" rel=\"bookmark\">Paper: Incorporating artificial intelligence in the classroom - opportunities and resistance.<\/a><\/h2><!-- Event Content --><div class=\"ect-event-content\"><p>JULIAN RICARDO GOMEZ, Universidad de la Sabana, Bogota, Colombia<\/p>\n<\/div><div class=\"timeline-view-venue\"><span class=\"ect-icon\"><i class=\"ect-icon-location\"><\/i><\/span><!-- Event Venue Info -->\n\t\t\t\t\t\t\t<span class=\"ect-venue-details ect-address\">\n\t\t\t\t\t\t\t<div>Tierra de Promisi\u00f3n Hall, Jos\u00e9 Eustasio Rivera Convention Center,<span class=\"tribe-address\">\n\n\n\t<span class=\"tribe-locality\">Neiva<\/span><span class=\"tribe-delimiter\">,<\/span>\n\n\n\t<span class=\"tribe-postal-code\">410001<\/span>\n\n\t<span class=\"tribe-country-name\">Colombia<\/span>\n\n<\/span>\n<\/div><span class=\"ect-google\"><a class=\"tribe-events-gmap\" href=\"https:\/\/maps.google.com\/maps?f=q&#038;source=s_q&#038;hl=en&#038;geocode=&#038;q=Neiva+410001+Colombia\" title=\"Click to view a Google Map\" target=\"_blank\" rel=\"noreferrer noopener\">+ Google Map<\/a><\/span><\/span><\/div><\/div><div class=\"ect-timeline-footer\">      <div class=\"ect-lslist-event-detail\">\n        <a href=\"https:\/\/wcms.com.co\/en\/event\/ponencia-incorporar-la-inteligencia-artificial-en-el-aula-de-clases-oportunidades-y-resistencia\/\" title=\"Paper: Incorporating artificial intelligence in the classroom - opportunities and resistance.\" rel=\"bookmark\">Find out more<\/a>\n        <\/div><\/div><\/div><\/div><div id=\"post-4234\" class=\"ect-timeline-post even ect-simple-event style-2 all\"><div class=\"timeline-dots\"><\/div><div class=\"timeline-content even\"><div class=\"ect-timeline-header\"><a class=\"timeline-ev-img\" href=\"https:\/\/wcms.com.co\/en\/event\/ponencia-chatea-aprende-avanza-como-aprovechar-al-maximo-chatgpt-en-la-educacion-y-profesion\/\"><img src= \"https:\/\/wcms.com.co\/wp-content\/uploads\/2022\/10\/banner-wcms-2022-rectora--1024x256.png\"\/><\/a><div class=\"ect-date-area timeline-view-schedule\"><span class=\"ev-day\">17<\/span>\n\t\t\t\t\t\t\t\t\t<span class=\"ev-mo\">November<\/span>\n\t\t\t\t\t\t\t\t\t<span class=\"ev-yr\">2023<\/span>\n\t\t\t\t\t\t\t\t\t<span class=\"ev-time\"><span class=\"ect-icon\"><i class=\"ect-icon-clock\"><\/i><\/span> 11:00 am - 11:40 am<\/span>\n\t\t\t\t\t\t\t\t\t<\/div><\/div><div class=\"ect-timeline-main-content\"><h2 class=\"content-title\"><a class=\"ect-event-url\" href=\"https:\/\/wcms.com.co\/en\/event\/ponencia-chatea-aprende-avanza-como-aprovechar-al-maximo-chatgpt-en-la-educacion-y-profesion\/\" rel=\"bookmark\">Lecture: Chat, learn, advance: How to make the most of ChatGPT in education and profession?<\/a><\/h2><!-- Event Content --><div class=\"ect-event-content\"><p>KARLA YANETH MORA BONILLA, Fundaci\u00f3n Universitaria Navarra - UNINAVARRA, Neiva, Huila, Colombia<\/p>\n<\/div><div class=\"timeline-view-venue\"><span class=\"ect-icon\"><i class=\"ect-icon-location\"><\/i><\/span><!-- Event Venue Info -->\n\t\t\t\t\t\t\t<span class=\"ect-venue-details ect-address\">\n\t\t\t\t\t\t\t<div>Tierra de Promisi\u00f3n Hall, Jos\u00e9 Eustasio Rivera Convention Center,<span class=\"tribe-address\">\n\n\n\t<span class=\"tribe-locality\">Neiva<\/span><span class=\"tribe-delimiter\">,<\/span>\n\n\n\t<span class=\"tribe-postal-code\">410001<\/span>\n\n\t<span class=\"tribe-country-name\">Colombia<\/span>\n\n<\/span>\n<\/div><span class=\"ect-google\"><a class=\"tribe-events-gmap\" href=\"https:\/\/maps.google.com\/maps?f=q&#038;source=s_q&#038;hl=en&#038;geocode=&#038;q=Neiva+410001+Colombia\" title=\"Click to view a Google Map\" target=\"_blank\" rel=\"noreferrer noopener\">+ Google Map<\/a><\/span><\/span><\/div><\/div><div class=\"ect-timeline-footer\">      <div class=\"ect-lslist-event-detail\">\n        <a href=\"https:\/\/wcms.com.co\/en\/event\/ponencia-chatea-aprende-avanza-como-aprovechar-al-maximo-chatgpt-en-la-educacion-y-profesion\/\" title=\"Lecture: Chat, learn, advance: How to make the most of ChatGPT in education and profession?\" rel=\"bookmark\">Find out more<\/a>\n        <\/div><\/div><\/div><\/div><div id=\"post-4240\" class=\"ect-timeline-post even ect-simple-event style-2 all\"><div class=\"timeline-dots\"><\/div><div class=\"timeline-content even\"><div class=\"ect-timeline-header\"><a class=\"timeline-ev-img\" href=\"https:\/\/wcms.com.co\/en\/event\/ponencia-exploring-the-impact-of-artificial-intelligence-on-the-transformation-of-physical-educational-spaces\/\"><img src= \"https:\/\/wcms.com.co\/wp-content\/uploads\/2022\/10\/banner-wcms-2022-rectora--1024x256.png\"\/><\/a><div class=\"ect-date-area timeline-view-schedule\"><span class=\"ev-day\">17<\/span>\n\t\t\t\t\t\t\t\t\t<span class=\"ev-mo\">November<\/span>\n\t\t\t\t\t\t\t\t\t<span class=\"ev-yr\">2023<\/span>\n\t\t\t\t\t\t\t\t\t<span class=\"ev-time\"><span class=\"ect-icon\"><i class=\"ect-icon-clock\"><\/i><\/span> 11:40 am - 12:20 pm<\/span>\n\t\t\t\t\t\t\t\t\t<\/div><\/div><div class=\"ect-timeline-main-content\"><h2 class=\"content-title\"><a class=\"ect-event-url\" href=\"https:\/\/wcms.com.co\/en\/event\/ponencia-exploring-the-impact-of-artificial-intelligence-on-the-transformation-of-physical-educational-spaces\/\" rel=\"bookmark\">Lecture: Exploring the Impact of Artificial Intelligence on the Transformation of Physical Educational Spaces<\/a><\/h2><!-- Event Content --><div class=\"ect-event-content\"><p>DIEGO QUEVEDO, Universidad de la Sabana, Bogota, Colombia<\/p>\n<\/div><div class=\"timeline-view-venue\"><span class=\"ect-icon\"><i class=\"ect-icon-location\"><\/i><\/span><!-- Event Venue Info -->\n\t\t\t\t\t\t\t<span class=\"ect-venue-details ect-address\">\n\t\t\t\t\t\t\t<div>Tierra de Promisi\u00f3n Hall, Jos\u00e9 Eustasio Rivera Convention Center,<span class=\"tribe-address\">\n\n\n\t<span class=\"tribe-locality\">Neiva<\/span><span class=\"tribe-delimiter\">,<\/span>\n\n\n\t<span class=\"tribe-postal-code\">410001<\/span>\n\n\t<span class=\"tribe-country-name\">Colombia<\/span>\n\n<\/span>\n<\/div><span class=\"ect-google\"><a class=\"tribe-events-gmap\" href=\"https:\/\/maps.google.com\/maps?f=q&#038;source=s_q&#038;hl=en&#038;geocode=&#038;q=Neiva+410001+Colombia\" title=\"Click to view a Google Map\" target=\"_blank\" rel=\"noreferrer noopener\">+ Google Map<\/a><\/span><\/span><\/div><\/div><div class=\"ect-timeline-footer\">      <div class=\"ect-lslist-event-detail\">\n        <a href=\"https:\/\/wcms.com.co\/en\/event\/ponencia-exploring-the-impact-of-artificial-intelligence-on-the-transformation-of-physical-educational-spaces\/\" title=\"Lecture: Exploring the Impact of Artificial Intelligence on the Transformation of Physical Educational Spaces\" rel=\"bookmark\">Find out more<\/a>\n        <\/div><\/div><\/div><\/div><div id=\"post-4456\" class=\"ect-timeline-post even ect-simple-event style-2 all\"><div class=\"timeline-dots\"><\/div><div class=\"timeline-content even\"><div class=\"ect-timeline-header\"><a class=\"timeline-ev-img\" href=\"https:\/\/wcms.com.co\/en\/event\/almuerzo-libre-5\/\"><img src= \"https:\/\/wcms.com.co\/wp-content\/uploads\/2022\/10\/banner-wcms-2022-rectora--1024x256.png\"\/><\/a><div class=\"ect-date-area timeline-view-schedule\"><span class=\"ev-day\">17<\/span>\n\t\t\t\t\t\t\t\t\t<span class=\"ev-mo\">November<\/span>\n\t\t\t\t\t\t\t\t\t<span class=\"ev-yr\">2023<\/span>\n\t\t\t\t\t\t\t\t\t<span class=\"ev-time\"><span class=\"ect-icon\"><i class=\"ect-icon-clock\"><\/i><\/span> 12:20 pm - 2:00 pm<\/span>\n\t\t\t\t\t\t\t\t\t<\/div><\/div><div class=\"ect-timeline-main-content\"><h2 class=\"content-title\"><a class=\"ect-event-url\" href=\"https:\/\/wcms.com.co\/en\/event\/almuerzo-libre-5\/\" rel=\"bookmark\">Lunch break<\/a><\/h2><!-- Event Content --><div class=\"ect-event-content\"><p>Lunch break<\/p>\n<\/div><div class=\"timeline-view-venue\"><span class=\"ect-icon\"><i class=\"ect-icon-location\"><\/i><\/span><!-- Event Venue Info -->\n\t\t\t\t\t\t\t<span class=\"ect-venue-details ect-address\">\n\t\t\t\t\t\t\t<div>Tierra de Promisi\u00f3n Hall, Jos\u00e9 Eustasio Rivera Convention Center,<span class=\"tribe-address\">\n\n\n\t<span class=\"tribe-locality\">Neiva<\/span><span class=\"tribe-delimiter\">,<\/span>\n\n\n\t<span class=\"tribe-postal-code\">410001<\/span>\n\n\t<span class=\"tribe-country-name\">Colombia<\/span>\n\n<\/span>\n<\/div><span class=\"ect-google\"><a class=\"tribe-events-gmap\" href=\"https:\/\/maps.google.com\/maps?f=q&#038;source=s_q&#038;hl=en&#038;geocode=&#038;q=Neiva+410001+Colombia\" title=\"Click to view a Google Map\" target=\"_blank\" rel=\"noreferrer noopener\">+ Google Map<\/a><\/span><\/span><\/div><\/div><div class=\"ect-timeline-footer\">      <div class=\"ect-lslist-event-detail\">\n        <a href=\"https:\/\/wcms.com.co\/en\/event\/almuerzo-libre-5\/\" title=\"Lunch break\" rel=\"bookmark\">Find out more<\/a>\n        <\/div><\/div><\/div><\/div><div id=\"post-4242\" class=\"ect-timeline-post even ect-simple-event style-2 all\"><div class=\"timeline-dots\"><\/div><div class=\"timeline-content even\"><div class=\"ect-timeline-header\"><a class=\"timeline-ev-img\" href=\"https:\/\/wcms.com.co\/en\/event\/ponencia-alcances-y-desafios-de-la-inteligencia-artificial-en-la-educacion-superior-una-revision-usando-inteligencia-artificial\/\"><img src= \"https:\/\/wcms.com.co\/wp-content\/uploads\/2022\/10\/banner-wcms-2022-rectora--1024x256.png\"\/><\/a><div class=\"ect-date-area timeline-view-schedule\"><span class=\"ev-day\">17<\/span>\n\t\t\t\t\t\t\t\t\t<span class=\"ev-mo\">November<\/span>\n\t\t\t\t\t\t\t\t\t<span class=\"ev-yr\">2023<\/span>\n\t\t\t\t\t\t\t\t\t<span class=\"ev-time\"><span class=\"ect-icon\"><i class=\"ect-icon-clock\"><\/i><\/span> 2:00 pm - 2:40 pm<\/span>\n\t\t\t\t\t\t\t\t\t<\/div><\/div><div class=\"ect-timeline-main-content\"><h2 class=\"content-title\"><a class=\"ect-event-url\" href=\"https:\/\/wcms.com.co\/en\/event\/ponencia-alcances-y-desafios-de-la-inteligencia-artificial-en-la-educacion-superior-una-revision-usando-inteligencia-artificial\/\" rel=\"bookmark\">Lecture: Scope and challenges of artificial intelligence in higher education: a review using artificial intelligence.<\/a><\/h2><!-- Event Content --><div class=\"ect-event-content\"><p>\u00c1LVARO RUIZ, Universidad de la Sabana, Bogot\u00e1, Colombia<\/p>\n<\/div><div class=\"timeline-view-venue\"><span class=\"ect-icon\"><i class=\"ect-icon-location\"><\/i><\/span><!-- Event Venue Info -->\n\t\t\t\t\t\t\t<span class=\"ect-venue-details ect-address\">\n\t\t\t\t\t\t\t<div>Tierra de Promisi\u00f3n Hall, Jos\u00e9 Eustasio Rivera Convention Center,<span class=\"tribe-address\">\n\n\n\t<span class=\"tribe-locality\">Neiva<\/span><span class=\"tribe-delimiter\">,<\/span>\n\n\n\t<span class=\"tribe-postal-code\">410001<\/span>\n\n\t<span class=\"tribe-country-name\">Colombia<\/span>\n\n<\/span>\n<\/div><span class=\"ect-google\"><a class=\"tribe-events-gmap\" href=\"https:\/\/maps.google.com\/maps?f=q&#038;source=s_q&#038;hl=en&#038;geocode=&#038;q=Neiva+410001+Colombia\" title=\"Click to view a Google Map\" target=\"_blank\" rel=\"noreferrer noopener\">+ Google Map<\/a><\/span><\/span><\/div><\/div><div class=\"ect-timeline-footer\">      <div class=\"ect-lslist-event-detail\">\n        <a href=\"https:\/\/wcms.com.co\/en\/event\/ponencia-alcances-y-desafios-de-la-inteligencia-artificial-en-la-educacion-superior-una-revision-usando-inteligencia-artificial\/\" title=\"Lecture: Scope and challenges of artificial intelligence in higher education: a review using artificial intelligence.\" rel=\"bookmark\">Find out more<\/a>\n        <\/div><\/div><\/div><\/div><div id=\"post-4244\" class=\"ect-timeline-post even ect-simple-event style-2 all\"><div class=\"timeline-dots\"><\/div><div class=\"timeline-content even\"><div class=\"ect-timeline-header\"><a class=\"timeline-ev-img\" href=\"https:\/\/wcms.com.co\/en\/event\/dia-de-los-mejores-clausura-y-premiacion-wcmsxviciii\/\"><img src= \"https:\/\/wcms.com.co\/wp-content\/uploads\/2022\/10\/banner-wcms-2022-rectora--1024x256.png\"\/><\/a><div class=\"ect-date-area timeline-view-schedule\"><span class=\"ev-day\">17<\/span>\n\t\t\t\t\t\t\t\t\t<span class=\"ev-mo\">November<\/span>\n\t\t\t\t\t\t\t\t\t<span class=\"ev-yr\">2023<\/span>\n\t\t\t\t\t\t\t\t\t<span class=\"ev-time\"><span class=\"ect-icon\"><i class=\"ect-icon-clock\"><\/i><\/span> 2:40 pm - 6:00 pm<\/span>\n\t\t\t\t\t\t\t\t\t<\/div><\/div><div class=\"ect-timeline-main-content\"><h2 class=\"content-title\"><a class=\"ect-event-url\" href=\"https:\/\/wcms.com.co\/en\/event\/dia-de-los-mejores-clausura-y-premiacion-wcmsxviciii\/\" rel=\"bookmark\">WCMSxVICIII CLOSING AND AWARDS DAY<\/a><\/h2><!-- Event Content --><div class=\"ect-event-content\"><p>CLOSING DAY OF THE BEST AND WCMSxVICIII AWARD WCMSxVICIII Fundaci\u00f3n Universitaria Navarra - UNINAVARRA, Neiva, Huila, Colombia<\/p>\n<\/div><div class=\"timeline-view-venue\"><span class=\"ect-icon\"><i class=\"ect-icon-location\"><\/i><\/span><!-- Event Venue Info -->\n\t\t\t\t\t\t\t<span class=\"ect-venue-details ect-address\">\n\t\t\t\t\t\t\t<div>Tierra de Promisi\u00f3n Hall, Jos\u00e9 Eustasio Rivera Convention Center,<span class=\"tribe-address\">\n\n\n\t<span class=\"tribe-locality\">Neiva<\/span><span class=\"tribe-delimiter\">,<\/span>\n\n\n\t<span class=\"tribe-postal-code\">410001<\/span>\n\n\t<span class=\"tribe-country-name\">Colombia<\/span>\n\n<\/span>\n<\/div><span class=\"ect-google\"><a class=\"tribe-events-gmap\" href=\"https:\/\/maps.google.com\/maps?f=q&#038;source=s_q&#038;hl=en&#038;geocode=&#038;q=Neiva+410001+Colombia\" title=\"Click to view a Google Map\" target=\"_blank\" rel=\"noreferrer noopener\">+ Google Map<\/a><\/span><\/span><\/div><\/div><div class=\"ect-timeline-footer\">      <div class=\"ect-lslist-event-detail\">\n        <a href=\"https:\/\/wcms.com.co\/en\/event\/dia-de-los-mejores-clausura-y-premiacion-wcmsxviciii\/\" title=\"WCMSxVICIII CLOSING AND AWARDS DAY\" rel=\"bookmark\">Find out more<\/a>\n        <\/div><\/div><\/div><\/div><\/div><\/div>\r\n  <\/div>\r\n  <div class=\"subtab-content\" id=\"subtab6-content\">\r\n    <!-- Contenido de subpesta\u00f1a 6 -->\r\n    <!=========Events Timeline Template 2.6.2=========><div id=\"event-timeline-wrapper\" class=\"salon-rio style-2\"><div class=\"cool-event-timeline\"><div class=\"ect-timeline-year\">\n\t\t\t\t\t\t<div class=\"year-placeholder\"><!-- Month \/ Year Headers --><span class='month-year-box'>Nov 2023<\/span><\/div>\n\t\t\t\t\t\t<\/div><div id=\"post-4363\" class=\"ect-timeline-post even ect-simple-event style-2 all\"><div class=\"timeline-dots\"><\/div><div class=\"timeline-content even\"><div class=\"ect-timeline-header\"><a class=\"timeline-ev-img\" href=\"https:\/\/wcms.com.co\/en\/event\/ponencia-trabajo-libre-analisis-sobre-la-influencia-de-variables-ambientales-para-la-reproduccion-del-zancudo-aedes-aegypti-en-comunidades-de-la-ciudad-de-neiva-huila\/\"><img src= \"https:\/\/wcms.com.co\/wp-content\/uploads\/2022\/10\/banner-wcms-2022-rectora--1024x256.png\"\/><\/a><div class=\"ect-date-area timeline-view-schedule\"><span class=\"ev-day\">17<\/span>\n\t\t\t\t\t\t\t\t\t<span class=\"ev-mo\">November<\/span>\n\t\t\t\t\t\t\t\t\t<span class=\"ev-yr\">2023<\/span>\n\t\t\t\t\t\t\t\t\t<span class=\"ev-time\"><span class=\"ect-icon\"><i class=\"ect-icon-clock\"><\/i><\/span> 8:00 am - 8:20 am<\/span>\n\t\t\t\t\t\t\t\t\t<\/div><\/div><div class=\"ect-timeline-main-content\"><h2 class=\"content-title\"><a class=\"ect-event-url\" href=\"https:\/\/wcms.com.co\/en\/event\/ponencia-trabajo-libre-analisis-sobre-la-influencia-de-variables-ambientales-para-la-reproduccion-del-zancudo-aedes-aegypti-en-comunidades-de-la-ciudad-de-neiva-huila\/\" rel=\"bookmark\">Paper - free work: Analysis on the influence of environmental variables for the reproduction of the mosquito Aedes Aegypti in communities of the city of Neiva-Huila.<\/a><\/h2><!-- Event Content --><div class=\"ect-event-content\"><p>NANDY SAAVEDRA, ESTEBAN VARGAS, CAROLINA FIERRO Fundaci\u00f3n Universitaria Navarra, Neiva, Huila, Colombia<\/p>\n<\/div><div class=\"timeline-view-venue\"><span class=\"ect-icon\"><i class=\"ect-icon-location\"><\/i><\/span><!-- Event Venue Info -->\n\t\t\t\t\t\t\t<span class=\"ect-venue-details ect-address\">\n\t\t\t\t\t\t\t<div>R\u00edo Room, Jos\u00e9 Eustasio Rivera Convention Center,<span class=\"tribe-address\">\n\n\n\n\n\n\n<\/span>\n<\/div><\/span><\/div><\/div><div class=\"ect-timeline-footer\">      <div class=\"ect-lslist-event-detail\">\n        <a href=\"https:\/\/wcms.com.co\/en\/event\/ponencia-trabajo-libre-analisis-sobre-la-influencia-de-variables-ambientales-para-la-reproduccion-del-zancudo-aedes-aegypti-en-comunidades-de-la-ciudad-de-neiva-huila\/\" title=\"Paper - free work: Analysis on the influence of environmental variables for the reproduction of the mosquito Aedes Aegypti in communities of the city of Neiva-Huila.\" rel=\"bookmark\">Find out more<\/a>\n        <\/div><\/div><\/div><\/div><div id=\"post-4365\" class=\"ect-timeline-post even ect-simple-event style-2 all\"><div class=\"timeline-dots\"><\/div><div class=\"timeline-content even\"><div class=\"ect-timeline-header\"><a class=\"timeline-ev-img\" href=\"https:\/\/wcms.com.co\/en\/event\/workshop-2\/\"><img src= \"https:\/\/wcms.com.co\/wp-content\/uploads\/2022\/10\/banner-wcms-2022-rectora--1024x256.png\"\/><\/a><div class=\"ect-date-area timeline-view-schedule\"><span class=\"ev-day\">17<\/span>\n\t\t\t\t\t\t\t\t\t<span class=\"ev-mo\">November<\/span>\n\t\t\t\t\t\t\t\t\t<span class=\"ev-yr\">2023<\/span>\n\t\t\t\t\t\t\t\t\t<span class=\"ev-time\"><span class=\"ect-icon\"><i class=\"ect-icon-clock\"><\/i><\/span> 8:20 am - 9:00 am<\/span>\n\t\t\t\t\t\t\t\t\t<\/div><\/div><div class=\"ect-timeline-main-content\"><h2 class=\"content-title\"><a class=\"ect-event-url\" href=\"https:\/\/wcms.com.co\/en\/event\/workshop-2\/\" rel=\"bookmark\">Workshop:<\/a><\/h2><!-- Event Content --><div class=\"ect-event-content\"><p>Dr. PABLO DARIO CHARRY, University Foundation of Navarra - UNINAVARRA<\/p>\n<\/div><div class=\"timeline-view-venue\"><span class=\"ect-icon\"><i class=\"ect-icon-location\"><\/i><\/span><!-- Event Venue Info -->\n\t\t\t\t\t\t\t<span class=\"ect-venue-details ect-address\">\n\t\t\t\t\t\t\t<div>R\u00edo Room, Jos\u00e9 Eustasio Rivera Convention Center,<span class=\"tribe-address\">\n\n\n\n\n\n\n<\/span>\n<\/div><\/span><\/div><\/div><div class=\"ect-timeline-footer\">      <div class=\"ect-lslist-event-detail\">\n        <a href=\"https:\/\/wcms.com.co\/en\/event\/workshop-2\/\" title=\"Workshop:\" rel=\"bookmark\">Find out more<\/a>\n        <\/div><\/div><\/div><\/div><div id=\"post-4367\" class=\"ect-timeline-post even ect-simple-event style-2 all\"><div class=\"timeline-dots\"><\/div><div class=\"timeline-content even\"><div class=\"ect-timeline-header\"><a class=\"timeline-ev-img\" href=\"https:\/\/wcms.com.co\/en\/event\/workshop-simulacion-trombectomia-mecanica\/\"><img src= \"https:\/\/wcms.com.co\/wp-content\/uploads\/2022\/10\/banner-wcms-2022-rectora--1024x256.png\"\/><\/a><div class=\"ect-date-area timeline-view-schedule\"><span class=\"ev-day\">17<\/span>\n\t\t\t\t\t\t\t\t\t<span class=\"ev-mo\">November<\/span>\n\t\t\t\t\t\t\t\t\t<span class=\"ev-yr\">2023<\/span>\n\t\t\t\t\t\t\t\t\t<span class=\"ev-time\"><span class=\"ect-icon\"><i class=\"ect-icon-clock\"><\/i><\/span> 9:20 am - 10:00 am<\/span>\n\t\t\t\t\t\t\t\t\t<\/div><\/div><div class=\"ect-timeline-main-content\"><h2 class=\"content-title\"><a class=\"ect-event-url\" href=\"https:\/\/wcms.com.co\/en\/event\/workshop-simulacion-trombectomia-mecanica\/\" rel=\"bookmark\">Workshop: Simulation of mechanical thrombectomy<\/a><\/h2><!-- Event Content --><div class=\"ect-event-content\"><p>Dr. ANDR\u00c9S FONNEGRA CABALLERO, Fundaci\u00f3n Universitaria Navarra - UNINAVARRA<\/p>\n<\/div><div class=\"timeline-view-venue\"><span class=\"ect-icon\"><i class=\"ect-icon-location\"><\/i><\/span><!-- Event Venue Info -->\n\t\t\t\t\t\t\t<span class=\"ect-venue-details ect-address\">\n\t\t\t\t\t\t\t<div>R\u00edo Room, Jos\u00e9 Eustasio Rivera Convention Center,<span class=\"tribe-address\">\n\n\n\n\n\n\n<\/span>\n<\/div><\/span><\/div><\/div><div class=\"ect-timeline-footer\">      <div class=\"ect-lslist-event-detail\">\n        <a href=\"https:\/\/wcms.com.co\/en\/event\/workshop-simulacion-trombectomia-mecanica\/\" title=\"Workshop: Simulation of mechanical thrombectomy\" rel=\"bookmark\">Find out more<\/a>\n        <\/div><\/div><\/div><\/div><div id=\"post-4453\" class=\"ect-timeline-post even ect-simple-event style-2 all\"><div class=\"timeline-dots\"><\/div><div class=\"timeline-content even\"><div class=\"ect-timeline-header\"><a class=\"timeline-ev-img\" href=\"https:\/\/wcms.com.co\/en\/event\/receso-5\/\"><img src= \"https:\/\/wcms.com.co\/wp-content\/uploads\/2022\/10\/banner-wcms-2022-rectora--1024x256.png\"\/><\/a><div class=\"ect-date-area timeline-view-schedule\"><span class=\"ev-day\">17<\/span>\n\t\t\t\t\t\t\t\t\t<span class=\"ev-mo\">November<\/span>\n\t\t\t\t\t\t\t\t\t<span class=\"ev-yr\">2023<\/span>\n\t\t\t\t\t\t\t\t\t<span class=\"ev-time\"><span class=\"ect-icon\"><i class=\"ect-icon-clock\"><\/i><\/span> 10:00 am - 10:20 am<\/span>\n\t\t\t\t\t\t\t\t\t<\/div><\/div><div class=\"ect-timeline-main-content\"><h2 class=\"content-title\"><a class=\"ect-event-url\" href=\"https:\/\/wcms.com.co\/en\/event\/receso-5\/\" rel=\"bookmark\">Recess<\/a><\/h2><!-- Event Content --><div class=\"ect-event-content\"><p>Recess<\/p>\n<\/div><div class=\"timeline-view-venue\"><span class=\"ect-icon\"><i class=\"ect-icon-location\"><\/i><\/span><!-- Event Venue Info -->\n\t\t\t\t\t\t\t<span class=\"ect-venue-details ect-address\">\n\t\t\t\t\t\t\t<div>Tierra de Promisi\u00f3n Hall, Jos\u00e9 Eustasio Rivera Convention Center,<span class=\"tribe-address\">\n\n\n\t<span class=\"tribe-locality\">Neiva<\/span><span class=\"tribe-delimiter\">,<\/span>\n\n\n\t<span class=\"tribe-postal-code\">410001<\/span>\n\n\t<span class=\"tribe-country-name\">Colombia<\/span>\n\n<\/span>\n<\/div><span class=\"ect-google\"><a class=\"tribe-events-gmap\" href=\"https:\/\/maps.google.com\/maps?f=q&#038;source=s_q&#038;hl=en&#038;geocode=&#038;q=Neiva+410001+Colombia\" title=\"Click to view a Google Map\" target=\"_blank\" rel=\"noreferrer noopener\">+ Google Map<\/a><\/span><\/span><\/div><\/div><div class=\"ect-timeline-footer\">      <div class=\"ect-lslist-event-detail\">\n        <a href=\"https:\/\/wcms.com.co\/en\/event\/receso-5\/\" title=\"Recess\" rel=\"bookmark\">Find out more<\/a>\n        <\/div><\/div><\/div><\/div><div id=\"post-4369\" class=\"ect-timeline-post even ect-simple-event style-2 all\"><div class=\"timeline-dots\"><\/div><div class=\"timeline-content even\"><div class=\"ect-timeline-header\"><a class=\"timeline-ev-img\" href=\"https:\/\/wcms.com.co\/en\/event\/curso-accesos-vasculares\/\"><img src= \"https:\/\/wcms.com.co\/wp-content\/uploads\/2022\/10\/banner-wcms-2022-rectora--1024x256.png\"\/><\/a><div class=\"ect-date-area timeline-view-schedule\"><span class=\"ev-day\">17<\/span>\n\t\t\t\t\t\t\t\t\t<span class=\"ev-mo\">November<\/span>\n\t\t\t\t\t\t\t\t\t<span class=\"ev-yr\">2023<\/span>\n\t\t\t\t\t\t\t\t\t<span class=\"ev-time\"><span class=\"ect-icon\"><i class=\"ect-icon-clock\"><\/i><\/span> 10:20 am - 12:20 pm<\/span>\n\t\t\t\t\t\t\t\t\t<\/div><\/div><div class=\"ect-timeline-main-content\"><h2 class=\"content-title\"><a class=\"ect-event-url\" href=\"https:\/\/wcms.com.co\/en\/event\/curso-accesos-vasculares\/\" rel=\"bookmark\">Vascular access course<\/a><\/h2><!-- Event Content --><div class=\"ect-event-content\"><p>Dr. CARLOS E. URIBE, University Foundation of Navarra - UNINAVARRA<\/p>\n<\/div><div class=\"timeline-view-venue\"><span class=\"ect-icon\"><i class=\"ect-icon-location\"><\/i><\/span><!-- Event Venue Info -->\n\t\t\t\t\t\t\t<span class=\"ect-venue-details ect-address\">\n\t\t\t\t\t\t\t<div>R\u00edo Room, Jos\u00e9 Eustasio Rivera Convention Center,<span class=\"tribe-address\">\n\n\n\n\n\n\n<\/span>\n<\/div><\/span><\/div><\/div><div class=\"ect-timeline-footer\">      <div class=\"ect-lslist-event-detail\">\n        <a href=\"https:\/\/wcms.com.co\/en\/event\/curso-accesos-vasculares\/\" title=\"Vascular access course\" rel=\"bookmark\">Find out more<\/a>\n        <\/div><\/div><\/div><\/div><div id=\"post-4456\" class=\"ect-timeline-post even ect-simple-event style-2 all\"><div class=\"timeline-dots\"><\/div><div class=\"timeline-content even\"><div class=\"ect-timeline-header\"><a class=\"timeline-ev-img\" href=\"https:\/\/wcms.com.co\/en\/event\/almuerzo-libre-5\/\"><img src= \"https:\/\/wcms.com.co\/wp-content\/uploads\/2022\/10\/banner-wcms-2022-rectora--1024x256.png\"\/><\/a><div class=\"ect-date-area timeline-view-schedule\"><span class=\"ev-day\">17<\/span>\n\t\t\t\t\t\t\t\t\t<span class=\"ev-mo\">November<\/span>\n\t\t\t\t\t\t\t\t\t<span class=\"ev-yr\">2023<\/span>\n\t\t\t\t\t\t\t\t\t<span class=\"ev-time\"><span class=\"ect-icon\"><i class=\"ect-icon-clock\"><\/i><\/span> 12:20 pm - 2:00 pm<\/span>\n\t\t\t\t\t\t\t\t\t<\/div><\/div><div class=\"ect-timeline-main-content\"><h2 class=\"content-title\"><a class=\"ect-event-url\" href=\"https:\/\/wcms.com.co\/en\/event\/almuerzo-libre-5\/\" rel=\"bookmark\">Lunch break<\/a><\/h2><!-- Event Content --><div class=\"ect-event-content\"><p>Lunch break<\/p>\n<\/div><div class=\"timeline-view-venue\"><span class=\"ect-icon\"><i class=\"ect-icon-location\"><\/i><\/span><!-- Event Venue Info -->\n\t\t\t\t\t\t\t<span class=\"ect-venue-details ect-address\">\n\t\t\t\t\t\t\t<div>Tierra de Promisi\u00f3n Hall, Jos\u00e9 Eustasio Rivera Convention Center,<span class=\"tribe-address\">\n\n\n\t<span class=\"tribe-locality\">Neiva<\/span><span class=\"tribe-delimiter\">,<\/span>\n\n\n\t<span class=\"tribe-postal-code\">410001<\/span>\n\n\t<span class=\"tribe-country-name\">Colombia<\/span>\n\n<\/span>\n<\/div><span class=\"ect-google\"><a class=\"tribe-events-gmap\" href=\"https:\/\/maps.google.com\/maps?f=q&#038;source=s_q&#038;hl=en&#038;geocode=&#038;q=Neiva+410001+Colombia\" title=\"Click to view a Google Map\" target=\"_blank\" rel=\"noreferrer noopener\">+ Google Map<\/a><\/span><\/span><\/div><\/div><div class=\"ect-timeline-footer\">      <div class=\"ect-lslist-event-detail\">\n        <a href=\"https:\/\/wcms.com.co\/en\/event\/almuerzo-libre-5\/\" title=\"Lunch break\" rel=\"bookmark\">Find out more<\/a>\n        <\/div><\/div><\/div><\/div><\/div><\/div>\r\n  <\/div>\r\n<\/div>\r\n\r\n<script>\r\n  function openTab(tabId) {\r\n    const tabContents = document.querySelectorAll('.tab-content');\r\n    const tabs = document.querySelectorAll('.tab');\r\n    \r\n\r\n    for (const content of tabContents) {\r\n      content.classList.remove('active');\r\n    }\r\n    \r\n    for (const tab of tabs) {\r\n      tab.classList.remove('tab-active');\r\n    }\r\n\r\n\r\n\r\n    document.getElementById(tabId).classList.add('active');\r\n\r\n    document.getElementById(\"principal-\"+tabId).classList.add('tab-active');\r\n    \r\n    \r\n    \r\n    \/\/ Hacer clic en la primera subpesta\u00f1a cuando se cambia de pesta\u00f1a principal\r\n    const firstSubtab = document.querySelector(`#${tabId} .subtab`);\r\n    if (firstSubtab) {\r\n      firstSubtab.click();\r\n    }\r\n  }\r\n\r\n  function openSubTab(subtabId) {\r\n    const subtabContents = document.querySelectorAll('.subtab-content');\r\n    const buttons = document.querySelectorAll('.btni');\r\n    for (const content of subtabContents) {\r\n      content.classList.remove('active');\r\n    }\r\n    for (const button of buttons) {\r\n      button.classList.remove('btn-active');\r\n      \r\n    }\r\n    \/\/alert(subtabId);\r\n    document.getElementById(subtabId).classList.add('btn-active');\r\n    document.getElementById(subtabId + '-content').classList.add('active');\r\n  }\r\n\r\n  \/\/ Inicialmente, muestra la primera pesta\u00f1a y su primera subpesta\u00f1a\r\n  openTab('tab1');\r\n<\/script>\t\t\t\t<\/div>\n\t\t\t\t<\/div>\n\t\t\t\t\t<\/div>\n\t\t<\/div>\n\t\t\t\t\t<\/div>\n\t\t<\/section>\n\t\t\t\t<\/div>","protected":false},"excerpt":{"rendered":"<p>Program 2023 Programming Wednesday - November 15 Thursday - November 16 Friday - November 17 Program: Land of Promise Room Program: River Room Program: Land of Promise Room Program: River Room Program: Land of Promise Room Program:...&nbsp;<a href=\"https:\/\/wcms.com.co\/en\/event\/almuerzo-libre-5\/\" rel=\"bookmark\">Read More \"<span class=\"screen-reader-text\">Lunch break<\/span><\/a><\/p>","protected":false},"author":2,"featured_media":0,"parent":0,"menu_order":0,"comment_status":"closed","ping_status":"closed","template":"page-templates\/template-pagebuilder-full-width.php","meta":{"neve_meta_sidebar":"","neve_meta_container":"","neve_meta_enable_content_width":"","neve_meta_content_width":0,"neve_meta_title_alignment":"","neve_meta_author_avatar":"","neve_post_elements_order":"","neve_meta_disable_header":"","neve_meta_disable_footer":"","neve_meta_disable_title":"","footnotes":""},"class_list":["post-4650","page","type-page","status-publish","hentry","cat_salon-rio","cat_salon-tierra-de-promision","cat_viernes17"],"yoast_head":"<!-- This site is optimized with the Yoast SEO plugin v27.4 - https:\/\/yoast.com\/product\/yoast-seo-wordpress\/ -->\n<title>Programa 2023 - WCMS x CIII<\/title>\n<meta name=\"robots\" content=\"index, follow, max-snippet:-1, max-image-preview:large, max-video-preview:-1\" \/>\n<link rel=\"canonical\" href=\"https:\/\/wcms.com.co\/en\/programa-2023\/\" \/>\n<meta property=\"og:locale\" content=\"en_US\" \/>\n<meta property=\"og:type\" content=\"article\" \/>\n<meta property=\"og:title\" content=\"Programa 2023 - WCMS x CIII\" \/>\n<meta property=\"og:description\" content=\"Programa 2023 Programaci\u00f3n \u00a0 Mi\u00e9rcoles &#8211; Noviembre 15 Jueves &#8211; Noviembre 16 Viernes &#8211; Noviembre 17 Programa: Sal\u00f3n tierra de promisi\u00f3n Programa: Sal\u00f3n r\u00edo Programa: Sal\u00f3n tierra de promisi\u00f3n Programa:&hellip;&nbsp;Read More &raquo;Almuerzo libre\" \/>\n<meta property=\"og:url\" content=\"https:\/\/wcms.com.co\/en\/programa-2023\/\" \/>\n<meta property=\"og:site_name\" content=\"WCMS x CIII\" \/>\n<meta property=\"article:publisher\" content=\"https:\/\/www.facebook.com\/Fundacionuniveristarianavarra-UniNavarra-1917912191768659\/\" \/>\n<meta property=\"article:modified_time\" content=\"2026-04-23T14:19:14+00:00\" \/>\n<meta name=\"twitter:card\" content=\"summary_large_image\" \/>\n<meta name=\"twitter:site\" content=\"@uninavarraeduca\" \/>\n<meta name=\"twitter:label1\" content=\"Est. reading time\" \/>\n\t<meta name=\"twitter:data1\" content=\"1 minute\" \/>\n<script type=\"application\/ld+json\" class=\"yoast-schema-graph\">{\"@context\":\"https:\\\/\\\/schema.org\",\"@graph\":[{\"@type\":\"WebPage\",\"@id\":\"https:\\\/\\\/wcms.com.co\\\/programa-2023\\\/\",\"url\":\"https:\\\/\\\/wcms.com.co\\\/programa-2023\\\/\",\"name\":\"Programa 2023 - WCMS x CIII\",\"isPartOf\":{\"@id\":\"https:\\\/\\\/wcms.com.co\\\/en\\\/#website\"},\"datePublished\":\"2024-07-04T22:14:42+00:00\",\"dateModified\":\"2026-04-23T14:19:14+00:00\",\"breadcrumb\":{\"@id\":\"https:\\\/\\\/wcms.com.co\\\/programa-2023\\\/#breadcrumb\"},\"inLanguage\":\"en-US\",\"potentialAction\":[{\"@type\":\"ReadAction\",\"target\":[\"https:\\\/\\\/wcms.com.co\\\/programa-2023\\\/\"]}]},{\"@type\":\"BreadcrumbList\",\"@id\":\"https:\\\/\\\/wcms.com.co\\\/programa-2023\\\/#breadcrumb\",\"itemListElement\":[{\"@type\":\"ListItem\",\"position\":1,\"name\":\"Inicio\",\"item\":\"https:\\\/\\\/wcms.com.co\\\/\"},{\"@type\":\"ListItem\",\"position\":2,\"name\":\"Programa 2023\"}]},{\"@type\":\"WebSite\",\"@id\":\"https:\\\/\\\/wcms.com.co\\\/en\\\/#website\",\"url\":\"https:\\\/\\\/wcms.com.co\\\/en\\\/\",\"name\":\"WCMS x CIII\",\"description\":\"WCMS x CIII- World Congress of Medical Simulation x CIINA\",\"publisher\":{\"@id\":\"https:\\\/\\\/wcms.com.co\\\/en\\\/#organization\"},\"potentialAction\":[{\"@type\":\"SearchAction\",\"target\":{\"@type\":\"EntryPoint\",\"urlTemplate\":\"https:\\\/\\\/wcms.com.co\\\/en\\\/?s={search_term_string}\"},\"query-input\":{\"@type\":\"PropertyValueSpecification\",\"valueRequired\":true,\"valueName\":\"search_term_string\"}}],\"inLanguage\":\"en-US\"},{\"@type\":\"Organization\",\"@id\":\"https:\\\/\\\/wcms.com.co\\\/en\\\/#organization\",\"name\":\"WCMS x CIII\",\"url\":\"https:\\\/\\\/wcms.com.co\\\/en\\\/\",\"logo\":{\"@type\":\"ImageObject\",\"inLanguage\":\"en-US\",\"@id\":\"https:\\\/\\\/wcms.com.co\\\/en\\\/#\\\/schema\\\/logo\\\/image\\\/\",\"url\":\"https:\\\/\\\/wcms.com.co\\\/wp-content\\\/uploads\\\/2023\\\/09\\\/LOGOS-DE-PAGINA-WCMS-CONTORNO-1.png\",\"contentUrl\":\"https:\\\/\\\/wcms.com.co\\\/wp-content\\\/uploads\\\/2023\\\/09\\\/LOGOS-DE-PAGINA-WCMS-CONTORNO-1.png\",\"width\":1500,\"height\":158,\"caption\":\"WCMS x CIII\"},\"image\":{\"@id\":\"https:\\\/\\\/wcms.com.co\\\/en\\\/#\\\/schema\\\/logo\\\/image\\\/\"},\"sameAs\":[\"https:\\\/\\\/www.facebook.com\\\/Fundacionuniveristarianavarra-UniNavarra-1917912191768659\\\/\",\"https:\\\/\\\/x.com\\\/uninavarraeduca\"]}]}<\/script>\n<!-- \/ Yoast SEO plugin. -->","yoast_head_json":{"title":"Program 2023 - WCMS x CIII","robots":{"index":"index","follow":"follow","max-snippet":"max-snippet:-1","max-image-preview":"max-image-preview:large","max-video-preview":"max-video-preview:-1"},"canonical":"https:\/\/wcms.com.co\/en\/programa-2023\/","og_locale":"en_US","og_type":"article","og_title":"Programa 2023 - WCMS x CIII","og_description":"Programa 2023 Programaci\u00f3n \u00a0 Mi\u00e9rcoles &#8211; Noviembre 15 Jueves &#8211; Noviembre 16 Viernes &#8211; Noviembre 17 Programa: Sal\u00f3n tierra de promisi\u00f3n Programa: Sal\u00f3n r\u00edo Programa: Sal\u00f3n tierra de promisi\u00f3n Programa:&hellip;&nbsp;Read More &raquo;Almuerzo libre","og_url":"https:\/\/wcms.com.co\/en\/programa-2023\/","og_site_name":"WCMS x CIII","article_publisher":"https:\/\/www.facebook.com\/Fundacionuniveristarianavarra-UniNavarra-1917912191768659\/","article_modified_time":"2026-04-23T14:19:14+00:00","twitter_card":"summary_large_image","twitter_site":"@uninavarraeduca","twitter_misc":{"Est. reading time":"1 minute"},"schema":{"@context":"https:\/\/schema.org","@graph":[{"@type":"WebPage","@id":"https:\/\/wcms.com.co\/programa-2023\/","url":"https:\/\/wcms.com.co\/programa-2023\/","name":"Program 2023 - WCMS x CIII","isPartOf":{"@id":"https:\/\/wcms.com.co\/en\/#website"},"datePublished":"2024-07-04T22:14:42+00:00","dateModified":"2026-04-23T14:19:14+00:00","breadcrumb":{"@id":"https:\/\/wcms.com.co\/programa-2023\/#breadcrumb"},"inLanguage":"en-US","potentialAction":[{"@type":"ReadAction","target":["https:\/\/wcms.com.co\/programa-2023\/"]}]},{"@type":"BreadcrumbList","@id":"https:\/\/wcms.com.co\/programa-2023\/#breadcrumb","itemListElement":[{"@type":"ListItem","position":1,"name":"Inicio","item":"https:\/\/wcms.com.co\/"},{"@type":"ListItem","position":2,"name":"Programa 2023"}]},{"@type":"WebSite","@id":"https:\/\/wcms.com.co\/en\/#website","url":"https:\/\/wcms.com.co\/en\/","name":"WCMS x CIII","description":"WCMS x CIII- World Congress of Medical Simulation x CIINA","publisher":{"@id":"https:\/\/wcms.com.co\/en\/#organization"},"potentialAction":[{"@type":"SearchAction","target":{"@type":"EntryPoint","urlTemplate":"https:\/\/wcms.com.co\/en\/?s={search_term_string}"},"query-input":{"@type":"PropertyValueSpecification","valueRequired":true,"valueName":"search_term_string"}}],"inLanguage":"en-US"},{"@type":"Organization","@id":"https:\/\/wcms.com.co\/en\/#organization","name":"WCMS x CIII","url":"https:\/\/wcms.com.co\/en\/","logo":{"@type":"ImageObject","inLanguage":"en-US","@id":"https:\/\/wcms.com.co\/en\/#\/schema\/logo\/image\/","url":"https:\/\/wcms.com.co\/wp-content\/uploads\/2023\/09\/LOGOS-DE-PAGINA-WCMS-CONTORNO-1.png","contentUrl":"https:\/\/wcms.com.co\/wp-content\/uploads\/2023\/09\/LOGOS-DE-PAGINA-WCMS-CONTORNO-1.png","width":1500,"height":158,"caption":"WCMS x CIII"},"image":{"@id":"https:\/\/wcms.com.co\/en\/#\/schema\/logo\/image\/"},"sameAs":["https:\/\/www.facebook.com\/Fundacionuniveristarianavarra-UniNavarra-1917912191768659\/","https:\/\/x.com\/uninavarraeduca"]}]}},"_links":{"self":[{"href":"https:\/\/wcms.com.co\/en\/wp-json\/wp\/v2\/pages\/4650","targetHints":{"allow":["GET"]}}],"collection":[{"href":"https:\/\/wcms.com.co\/en\/wp-json\/wp\/v2\/pages"}],"about":[{"href":"https:\/\/wcms.com.co\/en\/wp-json\/wp\/v2\/types\/page"}],"author":[{"embeddable":true,"href":"https:\/\/wcms.com.co\/en\/wp-json\/wp\/v2\/users\/2"}],"replies":[{"embeddable":true,"href":"https:\/\/wcms.com.co\/en\/wp-json\/wp\/v2\/comments?post=4650"}],"version-history":[{"count":3,"href":"https:\/\/wcms.com.co\/en\/wp-json\/wp\/v2\/pages\/4650\/revisions"}],"predecessor-version":[{"id":7580,"href":"https:\/\/wcms.com.co\/en\/wp-json\/wp\/v2\/pages\/4650\/revisions\/7580"}],"wp:attachment":[{"href":"https:\/\/wcms.com.co\/en\/wp-json\/wp\/v2\/media?parent=4650"}],"curies":[{"name":"wp","href":"https:\/\/api.w.org\/{rel}","templated":true}]}}